{"id":1019,"date":"2022-01-27T10:54:39","date_gmt":"2022-01-27T09:54:39","guid":{"rendered":"https:\/\/guide-du-loueur-saisonnier.com\/?page_id=1019"},"modified":"2022-03-24T12:29:55","modified_gmt":"2022-03-24T11:29:55","slug":"la-taxe-dhabitation","status":"publish","type":"page","link":"https:\/\/www.guide-loueur.mediavacances.com\/index.php\/la-taxe-dhabitation\/","title":{"rendered":"La taxe d&rsquo;habitation"},"content":{"rendered":"\n<p>La taxe d&rsquo;habitation s&rsquo;applique aux locations de vacances sauf si elles sont lou\u00e9es en permanence et<strong> jamais \u00e0 disposition du propri\u00e9taire<\/strong> ou s&rsquo;il s&rsquo;agit de <strong>logements mobiles <\/strong>(caravanes, camping-cars et certains mobil-homes).<\/p>\n\n\n\n<section id=\"f734f7\" class=\"section-f734f7 gutentor-module gutentor-module-accordion\"><div class=\"grid-container\">\n<div id=\"4b76a7\" class=\"wp-block-gutentor-m6-item section-4b76a7 gutentor-module gutentor-module-accordion-item\"><div class=\"gutentor-module-accordion-panel g-a-panel-f734f7\"><div class=\"gm-ah-f734f7 gutentor-module-accordion-item-heading gutentor-module-icon-position-right\"><span class=\"gutentor-module-accordion-panel-handler\" role=\"button\"><span class=\"gutentor-module-accordion-panel-handler-label\">Les r\u00e9sidences secondaires <\/span><span class=\"gutentor-module-accordion-icon\"><i class=\"gm-aio-f734f7 gutentor-module-accordion-icon-open fas fa-plus\"><\/i><i class=\"gm-aic-f734f7 gutentor-module-accordion-icon-close fas fa-minus\"><\/i><\/span><\/span><\/div><div class=\"gm-ab-f734f7 gutentor-module-accordion-body\">\n<div id=\"section-g0b15f0\" class=\"wp-block-gutentor-e0 section-g0b15f0 gutentor-element gutentor-element-advanced-text\"><div class=\"gutentor-text-wrap\"><p class=\"gutentor-text\">La taxe d&rsquo;habitation doit \u00eatre pay\u00e9e par l&rsquo;occupant d&rsquo;un logement au premier janvier de l&rsquo;ann\u00e9e d&rsquo;imposition. Les r\u00e8gles diff\u00e8rent en ce qui concerne les <strong>r\u00e9sidences secondaires<\/strong> et les <strong>locations de vacances<\/strong>, qui ne sont occup\u00e9es qu&rsquo;une partie de l&rsquo;ann\u00e9e. Les tribunaux estiment en effet que au del\u00e0 de l&rsquo;occupation, <strong>c&rsquo;est la possibilit\u00e9 pour une personne <strong>\u00e0 cette date<\/strong> d&rsquo;en avoir la jouissance une partie de l&rsquo;ann\u00e9e <\/strong> qui d\u00e9termine l&rsquo;assujettissement. Ainsi le  Conseil d\u2019\u00c9tat rappelle dans une d\u00e9cision du 2 juillet 2014 que  <em>\u00ab le propri\u00e9taire d\u2019un local meubl\u00e9 est redevable de la taxe d\u2019habitation d\u00e8s lors qu\u2019il peut \u00eatre regard\u00e9, au 1er janvier de l\u2019ann\u00e9e d\u2019imposition, comme entendant s\u2019en r\u00e9server la disposition ou la jouissance une partie de l\u2019ann\u00e9e \u00bb.<\/em><\/p><\/div><\/div>\n<\/div><\/div><\/div>\n\n\n\n<div id=\"30fb33\" class=\"wp-block-gutentor-m6-item section-30fb33 gutentor-module gutentor-module-accordion-item\"><div class=\"gutentor-module-accordion-panel g-a-panel-f734f7\"><div class=\"gm-ah-f734f7 gutentor-module-accordion-item-heading gutentor-module-icon-position-right\"><span class=\"gutentor-module-accordion-panel-handler\" role=\"button\"><span class=\"gutentor-module-accordion-panel-handler-label\">Exception<\/span><span class=\"gutentor-module-accordion-icon\"><i class=\"gm-aio-f734f7 gutentor-module-accordion-icon-open fas fa-plus\"><\/i><i class=\"gm-aic-f734f7 gutentor-module-accordion-icon-close fas fa-minus\"><\/i><\/span><\/span><\/div><div class=\"gm-ab-f734f7 gutentor-module-accordion-body\">\n<div id=\"section-g441836\" class=\"wp-block-gutentor-e0 section-g441836 gutentor-element gutentor-element-advanced-text\"><div class=\"gutentor-text-wrap\"><p class=\"gutentor-text\">Les loueurs en meubl\u00e9 qui louent leur h\u00e9bergement toute l&rsquo;ann\u00e9e <strong>et ne peuvent en avoir la jouissance<\/strong> en cours d&rsquo;ann\u00e9e n&rsquo;ont donc pas \u00e0 payer la taxe d&rsquo;habitation. <\/p><\/div><\/div>\n<\/div><\/div><\/div>\n\n\n\n<div id=\"d83f84\" class=\"wp-block-gutentor-m6-item section-d83f84 gutentor-module gutentor-module-accordion-item\"><div class=\"gutentor-module-accordion-panel g-a-panel-f734f7\"><div class=\"gm-ah-f734f7 gutentor-module-accordion-item-heading gutentor-module-icon-position-right\"><span class=\"gutentor-module-accordion-panel-handler\" role=\"button\"><span class=\"gutentor-module-accordion-panel-handler-label\">R\u00e9forme de la taxe d&rsquo;habitation<\/span><span class=\"gutentor-module-accordion-icon\"><i class=\"gm-aio-f734f7 gutentor-module-accordion-icon-open fas fa-plus\"><\/i><i class=\"gm-aic-f734f7 gutentor-module-accordion-icon-close fas fa-minus\"><\/i><\/span><\/span><\/div><div class=\"gm-ab-f734f7 gutentor-module-accordion-body\">\n<div id=\"section-g017dce\" class=\"wp-block-gutentor-e0 section-g017dce gutentor-element gutentor-element-advanced-text\"><div class=\"gutentor-text-wrap\"><p class=\"gutentor-text\">La suppression de la taxe d&rsquo;habitation \u00e9tait une promesse de campagne du candidat Macron. Sa suppression effective a subi de nombreux retards et doit \u00eatre finalis\u00e9e en 2023.<br><br>Cette disposition ne concerne cependant que les r\u00e9sidence principales, les r\u00e9sidences secondaires restant soumises \u00e0 la taxe. <\/p><\/div><\/div>\n<\/div><\/div><\/div>\n\n\n\n<div id=\"9d6cc8\" class=\"wp-block-gutentor-m6-item section-9d6cc8 gutentor-module gutentor-module-accordion-item\"><div class=\"gutentor-module-accordion-panel g-a-panel-f734f7\"><div class=\"gm-ah-f734f7 gutentor-module-accordion-item-heading gutentor-module-icon-position-right\"><span class=\"gutentor-module-accordion-panel-handler\" role=\"button\"><span class=\"gutentor-module-accordion-panel-handler-label\">Caravanes, camping-cars et mobil-homes<\/span><span class=\"gutentor-module-accordion-icon\"><i class=\"gm-aio-f734f7 gutentor-module-accordion-icon-open fas fa-plus\"><\/i><i class=\"gm-aic-f734f7 gutentor-module-accordion-icon-close fas fa-minus\"><\/i><\/span><\/span><\/div><div class=\"gm-ab-f734f7 gutentor-module-accordion-body\">\n<div id=\"section-gb989ce\" class=\"wp-block-gutentor-e0 section-gb989ce gutentor-element gutentor-element-advanced-text\"><div class=\"gutentor-text-wrap\"><p class=\"gutentor-text\">Le caract\u00e8re de mobilit\u00e9 est retenu pour d\u00e9finir si une location de vacances est soumises ou non \u00e0 la taxe d&rsquo;habitation. Le Conseil d\u2019\u00c9tat confirme dans une d\u00e9cision du 13 Avril 1988 que \u00ab\u00a0<em>les caravanes et maisons mobiles qui disposent en permanence de moyens de mobilit\u00e9 leur permettant de se d\u00e9placer par elles-m\u00eames ou par simple traction, ne sont pas imposables \u00e0 la taxe d\u2019habitation, quelles que soient les conditions de leur stationnement\u00a0\u00bb<\/em>.<br><br>Un deuxi\u00e8me arr\u00eat  donne raison \u00e0 un propri\u00e9taire de mobil-home qui \u00e9tait sur des cales, mais disposait de roues. <br><br><strong>Les caravanes, mobil-homes (disposant de roues) et camping-cars sont donc exclus du champ d&rsquo;application de la taxe d&rsquo;habitation. <\/strong><\/p><\/div><\/div>\n\n\n\n<section id=\"gm8dc1974\" class=\"wp-block-gutentor-m3 section-gm8dc1974 gutentor-module gutentor-container-cover has-color-bg has-custom-bg\"><div class=\"grid-container\">\n<p class=\"has-small-font-size\"><i class=\"fas fa-balance-scale\"><\/i> <a href=\"https:\/\/www.legifrance.gouv.fr\/ceta\/id\/CETATEXT000007625136\/\">https:\/\/www.legifrance.gouv.fr\/ceta\/id\/CETATEXT000007625136\/<\/a><\/p>\n<\/div><\/section>\n\n\n\n<p><\/p>\n\n\n\n<p><\/p>\n\n\n\n<section id=\"gm6626e12\" class=\"wp-block-gutentor-m3 section-gm6626e12 gutentor-module gutentor-container-cover has-color-bg has-custom-bg\"><div class=\"grid-container\"><\/div><\/section>\n<\/div><\/div><\/div>\n\n\n\n<div id=\"ef5876\" class=\"wp-block-gutentor-m6-item section-ef5876 gutentor-module gutentor-module-accordion-item\"><div class=\"gutentor-module-accordion-panel g-a-panel-f734f7\"><div class=\"gm-ah-f734f7 gutentor-module-accordion-item-heading gutentor-module-icon-position-right\"><span class=\"gutentor-module-accordion-panel-handler\" role=\"button\"><span class=\"gutentor-module-accordion-panel-handler-label\">Calcul de la taxe d&rsquo;habitation<\/span><span class=\"gutentor-module-accordion-icon\"><i class=\"gm-aio-f734f7 gutentor-module-accordion-icon-open fas fa-plus\"><\/i><i class=\"gm-aic-f734f7 gutentor-module-accordion-icon-close fas fa-minus\"><\/i><\/span><\/span><\/div><div class=\"gm-ab-f734f7 gutentor-module-accordion-body\">\n<div id=\"section-gdabd1f\" class=\"wp-block-gutentor-e0 section-gdabd1f gutentor-element gutentor-element-advanced-text\"><div class=\"gutentor-text-wrap\"><p class=\"gutentor-text\">La taxe d&rsquo;habitation est calcul\u00e9e sur la valeur locative, \u00e0 laquelle s&rsquo;applique un taux.  <\/p><\/div><\/div>\n<\/div><\/div><\/div>\n\n\n\n<div id=\"1b2686\" class=\"wp-block-gutentor-m6-item section-1b2686 gutentor-module gutentor-module-accordion-item\"><div class=\"gutentor-module-accordion-panel g-a-panel-f734f7\"><div class=\"gm-ah-f734f7 gutentor-module-accordion-item-heading gutentor-module-icon-position-right\"><span class=\"gutentor-module-accordion-panel-handler\" role=\"button\"><span class=\"gutentor-module-accordion-panel-handler-label\">La surtaxe<\/span><span class=\"gutentor-module-accordion-icon\"><i class=\"gm-aio-f734f7 gutentor-module-accordion-icon-open fas fa-plus\"><\/i><i class=\"gm-aic-f734f7 gutentor-module-accordion-icon-close fas fa-minus\"><\/i><\/span><\/span><\/div><div class=\"gm-ab-f734f7 gutentor-module-accordion-body\">\n<div id=\"section-g001684\" class=\"wp-block-gutentor-e0 section-g001684 gutentor-element gutentor-element-advanced-text\"><div class=\"gutentor-text-wrap\"><p class=\"gutentor-text\">Les communes o\u00f9 s&rsquo;applique la taxe sur les logements vacants, peuvent voter une majoration, comprise entre 5% et 60%, de la cotisation (part communale) de la taxe d&rsquo;habitation qui leur revient pour les r\u00e9sidences secondaires.<\/p><\/div><\/div>\n\n\n\n<section id=\"gmad43dec\" class=\"wp-block-gutentor-m3 section-gmad43dec gutentor-module gutentor-container-cover has-color-bg has-custom-bg\"><div class=\"grid-container\">\n<p class=\"has-small-font-size\"><i class=\"fas fa-balance-scale\"><\/i> <strong>Exon\u00e9ration possible de la surtaxe dans des cas pr\u00e9cis <br><\/strong><\/p>\n\n\n\n<p class=\"has-small-font-size\">Une habitation principale peut \u00eatre qualifi\u00e9e de r\u00e9sidence secondaire si le propri\u00e9taire n&rsquo;y habite plus au minimum 8 mois par an. Le propri\u00e9taire peut n\u00e9anmoins demander \u00e0 \u00eatre exon\u00e9r\u00e9 de cette majoration si cette requalification est faite ind\u00e9pendamment de sa volont\u00e9 dans l&rsquo;un des 3 cas suivants :<\/p>\n\n\n\n<ul class=\"has-small-font-size\"><li>S&rsquo;il est contraint, en raison de son activit\u00e9 professionnelle, de r\u00e9sider dans un lieu diff\u00e9rent de celui de son habitation principale ;<\/li><li>S&rsquo;il est h\u00e9berg\u00e9 durablement dans un \u00e9tablissement de soins ;<\/li><li>S&rsquo;il ne peut faire usage de son habitation principale pour une cause \u00e9trang\u00e8re \u00e0 sa volont\u00e9 (par exemple logement devant faire l\u2019objet de travaux).<\/li><\/ul>\n\n\n\n<p class=\"has-small-font-size\">Cette demande devra \u00eatre effectu\u00e9e aupr\u00e8s du Service des Imp\u00f4ts du lieu de situation de votre r\u00e9sidence secondaire.<\/p>\n<\/div><\/section>\n<\/div><\/div><\/div>\n<\/div><\/section>\n\n\n\n<p><\/p>\n","protected":false},"excerpt":{"rendered":"<p>La taxe d&rsquo;habitation s&rsquo;applique aux locations de vacances sauf si elles sont lou\u00e9es en permanence et jamais \u00e0 disposition du propri\u00e9taire ou s&rsquo;il s&rsquo;agit de logements mobiles (caravanes, camping-cars et certains mobil-homes).<\/p>\n","protected":false},"author":1,"featured_media":0,"parent":0,"menu_order":0,"comment_status":"closed","ping_status":"closed","template":"","meta":{"neve_meta_sidebar":"","neve_meta_container":"","neve_meta_enable_content_width":"","neve_meta_content_width":0,"neve_meta_title_alignment":"","neve_meta_author_avatar":"","neve_post_elements_order":"","neve_meta_disable_header":"","neve_meta_disable_footer":"","neve_meta_disable_title":""},"yoast_head":"<!-- This site is optimized with the Yoast SEO plugin v18.3 - https:\/\/yoast.com\/wordpress\/plugins\/seo\/ -->\n<title>La taxe d&#039;habitation - Guide de la location de vacances<\/title>\n<meta name=\"robots\" content=\"index, follow, max-snippet:-1, max-image-preview:large, max-video-preview:-1\" \/>\n<link rel=\"canonical\" href=\"https:\/\/www.guide-loueur.mediavacances.com\/index.php\/la-taxe-dhabitation\/\" \/>\n<meta property=\"og:locale\" content=\"fr_FR\" \/>\n<meta property=\"og:type\" content=\"article\" \/>\n<meta property=\"og:title\" content=\"La taxe d&#039;habitation - Guide de la location de vacances\" \/>\n<meta property=\"og:description\" content=\"La taxe d&rsquo;habitation s&rsquo;applique aux locations de vacances sauf si elles sont lou\u00e9es en permanence et jamais \u00e0 disposition du propri\u00e9taire ou s&rsquo;il s&rsquo;agit de logements mobiles (caravanes, camping-cars et certains mobil-homes).\" \/>\n<meta property=\"og:url\" content=\"https:\/\/www.guide-loueur.mediavacances.com\/index.php\/la-taxe-dhabitation\/\" \/>\n<meta property=\"og:site_name\" content=\"Guide de la location de vacances\" \/>\n<meta property=\"article:modified_time\" content=\"2022-03-24T11:29:55+00:00\" \/>\n<meta name=\"twitter:card\" content=\"summary_large_image\" \/>\n<meta name=\"twitter:label1\" content=\"Dur\u00e9e de lecture estim\u00e9e\" \/>\n\t<meta name=\"twitter:data1\" content=\"3 minutes\" \/>\n<script type=\"application\/ld+json\" class=\"yoast-schema-graph\">{\"@context\":\"https:\/\/schema.org\",\"@graph\":[{\"@type\":\"Organization\",\"@id\":\"https:\/\/www.guide-loueur.mediavacances.com\/#organization\",\"name\":\"Guide propri\u00e9taire MediaVacances.com\",\"url\":\"https:\/\/www.guide-loueur.mediavacances.com\/\",\"sameAs\":[],\"logo\":{\"@type\":\"ImageObject\",\"@id\":\"https:\/\/www.guide-loueur.mediavacances.com\/#logo\",\"inLanguage\":\"fr-FR\",\"url\":\"https:\/\/guide-du-loueur-saisonnier.com\/wp-content\/uploads\/2022\/02\/cropped-cropped-Maison-logo_XXL.png\",\"contentUrl\":\"https:\/\/guide-du-loueur-saisonnier.com\/wp-content\/uploads\/2022\/02\/cropped-cropped-Maison-logo_XXL.png\",\"width\":512,\"height\":512,\"caption\":\"Guide propri\u00e9taire MediaVacances.com\"},\"image\":{\"@id\":\"https:\/\/www.guide-loueur.mediavacances.com\/#logo\"}},{\"@type\":\"WebSite\",\"@id\":\"https:\/\/www.guide-loueur.mediavacances.com\/#website\",\"url\":\"https:\/\/www.guide-loueur.mediavacances.com\/\",\"name\":\"Guide de la location de vacances\",\"description\":\"Guide loueur MediaVacances.com\",\"publisher\":{\"@id\":\"https:\/\/www.guide-loueur.mediavacances.com\/#organization\"},\"potentialAction\":[{\"@type\":\"SearchAction\",\"target\":{\"@type\":\"EntryPoint\",\"urlTemplate\":\"https:\/\/www.guide-loueur.mediavacances.com\/?s={search_term_string}\"},\"query-input\":\"required name=search_term_string\"}],\"inLanguage\":\"fr-FR\"},{\"@type\":\"WebPage\",\"@id\":\"https:\/\/www.guide-loueur.mediavacances.com\/index.php\/la-taxe-dhabitation\/#webpage\",\"url\":\"https:\/\/www.guide-loueur.mediavacances.com\/index.php\/la-taxe-dhabitation\/\",\"name\":\"La taxe d'habitation - Guide de la location de vacances\",\"isPartOf\":{\"@id\":\"https:\/\/www.guide-loueur.mediavacances.com\/#website\"},\"datePublished\":\"2022-01-27T09:54:39+00:00\",\"dateModified\":\"2022-03-24T11:29:55+00:00\",\"breadcrumb\":{\"@id\":\"https:\/\/www.guide-loueur.mediavacances.com\/index.php\/la-taxe-dhabitation\/#breadcrumb\"},\"inLanguage\":\"fr-FR\",\"potentialAction\":[{\"@type\":\"ReadAction\",\"target\":[\"https:\/\/www.guide-loueur.mediavacances.com\/index.php\/la-taxe-dhabitation\/\"]}]},{\"@type\":\"BreadcrumbList\",\"@id\":\"https:\/\/www.guide-loueur.mediavacances.com\/index.php\/la-taxe-dhabitation\/#breadcrumb\",\"itemListElement\":[{\"@type\":\"ListItem\",\"position\":1,\"name\":\"Accueil\",\"item\":\"https:\/\/www.guide-loueur.mediavacances.com\/\"},{\"@type\":\"ListItem\",\"position\":2,\"name\":\"La taxe d&#8217;habitation\"}]}]}<\/script>\n<!-- \/ Yoast SEO plugin. -->","yoast_head_json":{"title":"La taxe d'habitation - Guide de la location de vacances","robots":{"index":"index","follow":"follow","max-snippet":"max-snippet:-1","max-image-preview":"max-image-preview:large","max-video-preview":"max-video-preview:-1"},"canonical":"https:\/\/www.guide-loueur.mediavacances.com\/index.php\/la-taxe-dhabitation\/","og_locale":"fr_FR","og_type":"article","og_title":"La taxe d'habitation - Guide de la location de vacances","og_description":"La taxe d&rsquo;habitation s&rsquo;applique aux locations de vacances sauf si elles sont lou\u00e9es en permanence et jamais \u00e0 disposition du propri\u00e9taire ou s&rsquo;il s&rsquo;agit de logements mobiles (caravanes, camping-cars et certains mobil-homes).","og_url":"https:\/\/www.guide-loueur.mediavacances.com\/index.php\/la-taxe-dhabitation\/","og_site_name":"Guide de la location de vacances","article_modified_time":"2022-03-24T11:29:55+00:00","twitter_card":"summary_large_image","twitter_misc":{"Dur\u00e9e de lecture estim\u00e9e":"3 minutes"},"schema":{"@context":"https:\/\/schema.org","@graph":[{"@type":"Organization","@id":"https:\/\/www.guide-loueur.mediavacances.com\/#organization","name":"Guide propri\u00e9taire MediaVacances.com","url":"https:\/\/www.guide-loueur.mediavacances.com\/","sameAs":[],"logo":{"@type":"ImageObject","@id":"https:\/\/www.guide-loueur.mediavacances.com\/#logo","inLanguage":"fr-FR","url":"https:\/\/guide-du-loueur-saisonnier.com\/wp-content\/uploads\/2022\/02\/cropped-cropped-Maison-logo_XXL.png","contentUrl":"https:\/\/guide-du-loueur-saisonnier.com\/wp-content\/uploads\/2022\/02\/cropped-cropped-Maison-logo_XXL.png","width":512,"height":512,"caption":"Guide propri\u00e9taire MediaVacances.com"},"image":{"@id":"https:\/\/www.guide-loueur.mediavacances.com\/#logo"}},{"@type":"WebSite","@id":"https:\/\/www.guide-loueur.mediavacances.com\/#website","url":"https:\/\/www.guide-loueur.mediavacances.com\/","name":"Guide de la location de vacances","description":"Guide loueur MediaVacances.com","publisher":{"@id":"https:\/\/www.guide-loueur.mediavacances.com\/#organization"},"potentialAction":[{"@type":"SearchAction","target":{"@type":"EntryPoint","urlTemplate":"https:\/\/www.guide-loueur.mediavacances.com\/?s={search_term_string}"},"query-input":"required name=search_term_string"}],"inLanguage":"fr-FR"},{"@type":"WebPage","@id":"https:\/\/www.guide-loueur.mediavacances.com\/index.php\/la-taxe-dhabitation\/#webpage","url":"https:\/\/www.guide-loueur.mediavacances.com\/index.php\/la-taxe-dhabitation\/","name":"La taxe d'habitation - Guide de la location de vacances","isPartOf":{"@id":"https:\/\/www.guide-loueur.mediavacances.com\/#website"},"datePublished":"2022-01-27T09:54:39+00:00","dateModified":"2022-03-24T11:29:55+00:00","breadcrumb":{"@id":"https:\/\/www.guide-loueur.mediavacances.com\/index.php\/la-taxe-dhabitation\/#breadcrumb"},"inLanguage":"fr-FR","potentialAction":[{"@type":"ReadAction","target":["https:\/\/www.guide-loueur.mediavacances.com\/index.php\/la-taxe-dhabitation\/"]}]},{"@type":"BreadcrumbList","@id":"https:\/\/www.guide-loueur.mediavacances.com\/index.php\/la-taxe-dhabitation\/#breadcrumb","itemListElement":[{"@type":"ListItem","position":1,"name":"Accueil","item":"https:\/\/www.guide-loueur.mediavacances.com\/"},{"@type":"ListItem","position":2,"name":"La taxe d&#8217;habitation"}]}]}},"featured_image_src":null,"featured_image_src_square":null,"_links":{"self":[{"href":"https:\/\/www.guide-loueur.mediavacances.com\/index.php\/wp-json\/wp\/v2\/pages\/1019"}],"collection":[{"href":"https:\/\/www.guide-loueur.mediavacances.com\/index.php\/wp-json\/wp\/v2\/pages"}],"about":[{"href":"https:\/\/www.guide-loueur.mediavacances.com\/index.php\/wp-json\/wp\/v2\/types\/page"}],"author":[{"embeddable":true,"href":"https:\/\/www.guide-loueur.mediavacances.com\/index.php\/wp-json\/wp\/v2\/users\/1"}],"replies":[{"embeddable":true,"href":"https:\/\/www.guide-loueur.mediavacances.com\/index.php\/wp-json\/wp\/v2\/comments?post=1019"}],"version-history":[{"count":18,"href":"https:\/\/www.guide-loueur.mediavacances.com\/index.php\/wp-json\/wp\/v2\/pages\/1019\/revisions"}],"predecessor-version":[{"id":2168,"href":"https:\/\/www.guide-loueur.mediavacances.com\/index.php\/wp-json\/wp\/v2\/pages\/1019\/revisions\/2168"}],"wp:attachment":[{"href":"https:\/\/www.guide-loueur.mediavacances.com\/index.php\/wp-json\/wp\/v2\/media?parent=1019"}],"curies":[{"name":"wp","href":"https:\/\/api.w.org\/{rel}","templated":true}]}}