{"id":1654,"date":"2022-02-28T14:54:46","date_gmt":"2022-02-28T13:54:46","guid":{"rendered":"https:\/\/www.guide-loueur.mediavacances.com\/?page_id=1654"},"modified":"2022-03-22T15:17:10","modified_gmt":"2022-03-22T14:17:10","slug":"les-assurances-de-location-de-vacances-entre-particuliers","status":"publish","type":"page","link":"https:\/\/www.guide-loueur.mediavacances.com\/index.php\/les-assurances-de-location-de-vacances-entre-particuliers\/","title":{"rendered":"Les assurances de location de vacances entre particuliers"},"content":{"rendered":"\n<p><\/p>\n\n\n\n<p>Nous faisons le point sur les <strong>assurances n\u00e9cessaires dans le cadre de la location de vacances entre particuliers<\/strong>.<\/p>\n\n\n\n<section id=\"Assurances-sites-location\" class=\"section-697b0a gutentor-module gutentor-module-accordion\"><div class=\"grid-container\">\n<div id=\"f17906\" class=\"wp-block-gutentor-m6-item section-f17906 gutentor-module gutentor-module-accordion-item\"><div class=\"gutentor-module-accordion-panel g-a-panel-697b0a\"><div class=\"gm-ah-697b0a gutentor-module-accordion-item-heading gutentor-module-icon-position-right\"><span class=\"gutentor-module-accordion-panel-handler\" role=\"button\"><span class=\"gutentor-module-accordion-panel-handler-label\">Pourquoi une assurance ?<\/span><span class=\"gutentor-module-accordion-icon\"><i class=\"gm-aio-697b0a gutentor-module-accordion-icon-open fas fa-plus\"><\/i><i class=\"gm-aic-697b0a gutentor-module-accordion-icon-close fas fa-minus\"><\/i><\/span><\/span><\/div><div class=\"gm-ab-697b0a gutentor-module-accordion-body\">\n<div id=\"section-gae149c\" class=\"wp-block-gutentor-e0 section-gae149c gutentor-element gutentor-element-advanced-text\"><div class=\"gutentor-text-wrap\"><p class=\"gutentor-text\">Tout d&rsquo;abord, le logement mis en location saisonni\u00e8re est soumis <strong>\u00e0 un certain nombre de risques<\/strong> propres \u00e0 tout bien immobilier : d\u00e9g\u00e2t des eaux, temp\u00eates, d\u00e9gradations, etc. (<strong>dommages au bien<\/strong>).<br><br>Par ailleurs, les actions du locataire ou du propri\u00e9taire lors de l&rsquo;occupation de la location ou encore la gestion de la location peuvent \u00eatre \u00e0 l&rsquo;origine d&rsquo;un pr\u00e9judice caus\u00e9 \u00e0 l&rsquo;autre partie ou \u00e0 des tiers (<strong>responsabilit\u00e9 civile<\/strong>). <\/p><\/div><\/div>\n<\/div><\/div><\/div>\n\n\n\n<div id=\"1baaa0\" class=\"wp-block-gutentor-m6-item section-1baaa0 gutentor-module gutentor-module-accordion-item\"><div class=\"gutentor-module-accordion-panel g-a-panel-697b0a\"><div class=\"gm-ah-697b0a gutentor-module-accordion-item-heading gutentor-module-icon-position-right\"><span class=\"gutentor-module-accordion-panel-handler\" role=\"button\"><span class=\"gutentor-module-accordion-panel-handler-label\">L&rsquo;assurance est-elle obligatoire ? <\/span><span class=\"gutentor-module-accordion-icon\"><i class=\"gm-aio-697b0a gutentor-module-accordion-icon-open fas fa-plus\"><\/i><i class=\"gm-aic-697b0a gutentor-module-accordion-icon-close fas fa-minus\"><\/i><\/span><\/span><\/div><div class=\"gm-ab-697b0a gutentor-module-accordion-body\">\n<div id=\"section-gbbdaca\" class=\"wp-block-gutentor-e0 section-gbbdaca gutentor-element gutentor-element-advanced-text\"><div class=\"gutentor-text-wrap\"><p class=\"gutentor-text\">L&rsquo;assurance d&rsquo;une location de vacances entre particuliers <strong>n&rsquo;est pas obligatoire pour le propri\u00e9taire, sauf dans le cas o\u00f9 le bien locatif se situe dans une copropri\u00e9t\u00e9<\/strong>. Dans ce cas, les dommages \u00e9ventuellement commis aux autres copropri\u00e9taires (d\u00e9g\u00e2t des eaux ou incendie par exemple) doivent pouvoir \u00eatre couverts.<br><br><strong>Elle n&rsquo;est pas obligatoire pour le locataire dans le cadre d&rsquo;une location de vacances entre particuliers<\/strong> mais elle peut toutefois \u00eatre exig\u00e9e par le propri\u00e9taire. <br><br><strong>Elle est (tr\u00e8s) fortement conseill\u00e9e dans les deux cas. <\/strong><br><br><i class=\"fas fa-link\"><\/i> <a href=\"https:\/\/www.service-public.fr\/particuliers\/vosdroits\/F2721\" target=\"_blank\" rel=\"noreferrer noopener\">https:\/\/www.service-public.fr\/particuliers\/vosdroits\/F2721<\/a><\/p><\/div><\/div>\n<\/div><\/div><\/div>\n\n\n\n<div id=\"afde27\" class=\"wp-block-gutentor-m6-item section-afde27 gutentor-module gutentor-module-accordion-item\"><div class=\"gutentor-module-accordion-panel g-a-panel-697b0a\"><div class=\"gm-ah-697b0a gutentor-module-accordion-item-heading gutentor-module-icon-position-right\"><span class=\"gutentor-module-accordion-panel-handler\" role=\"button\"><span class=\"gutentor-module-accordion-panel-handler-label\">Le contrat Multi-Risques Habitation (MRH) <\/span><span class=\"gutentor-module-accordion-icon\"><i class=\"gm-aio-697b0a gutentor-module-accordion-icon-open fas fa-plus\"><\/i><i class=\"gm-aic-697b0a gutentor-module-accordion-icon-close fas fa-minus\"><\/i><\/span><\/span><\/div><div class=\"gm-ab-697b0a gutentor-module-accordion-body\">\n<div id=\"section-g256d80\" class=\"wp-block-gutentor-e0 section-g256d80 gutentor-element gutentor-element-advanced-text\"><div class=\"gutentor-text-wrap\"><p class=\"gutentor-text\">Le <strong>contrat Multi-Risques Habitation<\/strong> (MHR) est le contrat g\u00e9n\u00e9ralement propos\u00e9 par les assureurs aux propri\u00e9taires d&rsquo;un bien immobilier. Pour rappel, la souscription \u00e0 un contrat multirisques habitation n&rsquo;est obligatoire que s&rsquo;il s&rsquo;agit d&rsquo;une copropri\u00e9t\u00e9 (pour la partie responsabilit\u00e9 civile).<br><br>Il existe deux groupes de garanties, l&rsquo;un couvrant <strong>les dommages \u00e0 la location<\/strong> et l&rsquo;autre couvrant <strong>la responsabilit\u00e9 civile<\/strong>. <br><br><strong>1. Les dommages \u00e0 la location<\/strong><br><br>Ces garanties couvrent les risques suivants : <\/p><\/div><\/div>\n\n\n\n<section id=\"gm16e29f5\" class=\"wp-block-gutentor-m3 section-gm16e29f5 gutentor-module gutentor-container-cover\"><div class=\"grid-container\">\n<div id=\"section-g6884b3\" class=\"wp-block-gutentor-e7 section-g6884b3 gutentor-element gutentor-element-list\"><ul class=\"grid-row gutentor-grid-item-wrap list-indicator-icon\"><li class=\"gutentor-list-item grid-lg-12 grid-md-12 grid-12\"><span class=\"gutentor-single-item gutentor-single-item-0\"><span class=\"gutentor-list-item-wrap g-s-list-wrap\"><span class=\"gutentor-single-list-item-icon\"><i class=\"list-item-icon fas fa-arrow-right\"><\/i><\/span><span class=\"gutentor-list-item\"><p class=\"gutentor-single-item-title\"><strong>Risques naturels<\/strong> : catastrophes naturelles, \u00e9v\u00e8nements climatiques, temp\u00eates<\/p><\/span><\/span><\/span><\/li><li class=\"gutentor-list-item grid-lg-12 grid-md-12 grid-12\"><span class=\"gutentor-single-item gutentor-single-item-1\"><span class=\"gutentor-list-item-wrap g-s-list-wrap\"><span class=\"gutentor-single-list-item-icon\"><i class=\"list-item-icon fas fa-arrow-right\"><\/i><\/span><span class=\"gutentor-list-item\"><p class=\"gutentor-single-item-title\"><strong>D\u00e9g\u00e2t des eaux et incendie\/explosion <\/strong><\/p><\/span><\/span><\/span><\/li><li class=\"gutentor-list-item grid-lg-12 grid-md-12 grid-12\"><span class=\"gutentor-single-item gutentor-single-item-2\"><span class=\"gutentor-list-item-wrap g-s-list-wrap\"><span class=\"gutentor-single-list-item-icon\"><i class=\"list-item-icon fas fa-arrow-right\"><\/i><\/span><span class=\"gutentor-list-item\"><p class=\"gutentor-single-item-title\"><strong>Vandalisme, bris de glace, vol<\/strong><\/p><\/span><\/span><\/span><\/li><li class=\"gutentor-list-item grid-lg-12 grid-md-12 grid-12\"><span class=\"gutentor-single-item gutentor-single-item-3\"><span class=\"gutentor-list-item-wrap g-s-list-wrap\"><span class=\"gutentor-single-list-item-icon\"><i class=\"list-item-icon fas fa-arrow-right\"><\/i><\/span><span class=\"gutentor-list-item\"><p class=\"gutentor-single-item-title\"><strong>Catastrophes technologiques (accidents industriels non-nucl\u00e9aires)<\/strong><\/p><\/span><\/span><\/span><\/li><li class=\"gutentor-list-item grid-lg-12 grid-md-12 grid-12\"><span class=\"gutentor-single-item gutentor-single-item-4\"><span class=\"gutentor-list-item-wrap g-s-list-wrap\"><span class=\"gutentor-single-list-item-icon\"><i class=\"list-item-icon fas fa-arrow-right\"><\/i><\/span><span class=\"gutentor-list-item\"><p class=\"gutentor-single-item-title\"><strong>Actes de terrorisme <\/strong><\/p><\/span><\/span><\/span><\/li><li class=\"gutentor-list-item grid-lg-12 grid-md-12 grid-12\"><span class=\"gutentor-single-item gutentor-single-item-5\"><span class=\"gutentor-list-item-wrap g-s-list-wrap\"><span class=\"gutentor-single-list-item-icon\"><i class=\"list-item-icon fas fa-arrow-right\"><\/i><\/span><span class=\"gutentor-list-item\"><p class=\"gutentor-single-item-title\"><strong>\u00c9meutes et mouvements populaires <\/strong><\/p><\/span><\/span><\/span><\/li><\/ul><\/div>\n<\/div><\/section>\n\n\n\n<p><\/p>\n\n\n\n<p><\/p>\n\n\n\n<p><strong>2. La responsabilit\u00e9 civile <\/strong><\/p>\n\n\n\n<div id=\"section-g366833\" class=\"wp-block-gutentor-e7 section-g366833 gutentor-element gutentor-element-list\"><ul class=\"grid-row gutentor-grid-item-wrap list-indicator-icon\"><li class=\"gutentor-list-item grid-lg-12 grid-md-12 grid-12\"><span class=\"gutentor-single-item gutentor-single-item-0\"><span class=\"gutentor-list-item-wrap g-s-list-wrap\"><span class=\"gutentor-single-list-item-icon\"><i class=\"list-item-icon fas fa-arrow-right\"><\/i><\/span><span class=\"gutentor-list-item\"><p class=\"gutentor-single-item-title\"><strong>La responsabilit\u00e9 civile non-occupant (propri\u00e9taire)<\/strong><br><br>Un propri\u00e9taire peut \u00eatre tenu responsable des pr\u00e9judices qui peuvent \u00eatre caus\u00e9s dans le cadre de la location saisonni\u00e8re au locataire ou des tiers : d\u00e9g\u00e2ts des eaux, incendie, \u00e9lectrocution, etc.. Cette assurance n&rsquo;est obligatoire que si le bien locatif est dans une copropri\u00e9t\u00e9 mais elle est tr\u00e8s vivement recommand\u00e9e dans les autres cas.<\/p><\/span><\/span><\/span><\/li><li class=\"gutentor-list-item grid-lg-12 grid-md-12 grid-12\"><span class=\"gutentor-single-item gutentor-single-item-1\"><span class=\"gutentor-list-item-wrap g-s-list-wrap\"><span class=\"gutentor-single-list-item-icon\"><i class=\"list-item-icon fas fa-arrow-right\"><\/i><\/span><span class=\"gutentor-list-item\"><p class=\"gutentor-single-item-title\"><strong>La responsabilit\u00e9 civile occupant<\/strong>, <strong>option vill\u00e9giature<\/strong><br><br>Le propri\u00e9taire d&rsquo;une location saisonni\u00e8re peut \u00eatre locataire d&rsquo;un autre h\u00e9bergement de vacances ou d&rsquo;un bien immobilier classique. Ces garanties couvrent alors les dommages qu&rsquo;il peut faire \u00e0 l&rsquo;h\u00e9bergement ou aux tiers (voisins, etc.) en tant que locataire.  <\/p><\/span><\/span><\/span><\/li><li class=\"gutentor-list-item grid-lg-12 grid-md-12 grid-12\"><span class=\"gutentor-single-item gutentor-single-item-2\"><span class=\"gutentor-list-item-wrap g-s-list-wrap\"><span class=\"gutentor-single-list-item-icon\"><i class=\"list-item-icon fas fa-arrow-right\"><\/i><\/span><span class=\"gutentor-list-item\"><p class=\"gutentor-single-item-title\"><strong>La responsabilit\u00e9 civile priv\u00e9e<\/strong> (obligatoire)<br><br>Tous les contrats d&rsquo;assurances multirisques habitation proposent une garantie responsabilit\u00e9 civile <strong>\u00e9largie \u00e0 tous les actes de la vie priv\u00e9e<\/strong>. Si une personne assur\u00e9e cause un pr\u00e9judice \u00e0 un tiers, c&rsquo;est donc l&rsquo;assurance qui remboursera la personne l\u00e9s\u00e9e. <\/p><\/span><\/span><\/span><\/li><li class=\"gutentor-list-item grid-lg-12 grid-md-12 grid-12\"><span class=\"gutentor-single-item gutentor-single-item-3\"><span class=\"gutentor-list-item-wrap g-s-list-wrap\"><span class=\"gutentor-single-list-item-icon\"><i class=\"list-item-icon fas fa-arrow-right\"><\/i><\/span><span class=\"gutentor-list-item\"><p class=\"gutentor-single-item-title\"><strong>Assurance pour le \u00ab\u00a0compte d&rsquo;autrui\u00a0\u00bb<\/strong><br><br>Certains contrats \u00ab\u00a0pour le compte d&rsquo;autrui\u00a0\u00bb ou \u00ab\u00a0pour le compte de qui il appartiendra\u00a0\u00bb pr\u00e9voient l&rsquo;assurance du locataire. Cette formule est tr\u00e8s pratique, fortement conseill\u00e9e, car elle \u00e9vite de demander au locataire une attestation d&rsquo;assurance pour chaque location. <\/p><\/span><\/span><\/span><\/li><\/ul><\/div>\n\n\n\n<p><\/p>\n\n\n\n<p><\/p>\n\n\n\n<section id=\"gm70e2626\" class=\"wp-block-gutentor-m3 section-gm70e2626 gutentor-module gutentor-container-cover has-color-bg has-custom-bg\"><div class=\"grid-container\">\n<p class=\"has-small-font-size\"> <i class=\"fas fa-balance-scale\"><\/i> <strong>Qu&rsquo;est ce que la responsabilit\u00e9 civile ?<\/strong><br><br>Le Code Civil dispose dans son article 1240 qu&rsquo;une personne doive r\u00e9parer le pr\u00e9judice qu&rsquo;elle a caus\u00e9 \u00e0 une autre personne dans le cas o\u00f9 1) elle a commis une faute (n\u00e9gligence, etc.), un pr\u00e9judice et un lien de causalit\u00e9 entre les deux. <br><br><em><span class=\"has-inline-color has-central-palette-6-color\">\u00ab\u00a0Tout fait quelconque de l&rsquo;homme, qui cause \u00e0 autrui un dommage, oblige celui par la faute duquel il est arriv\u00e9 \u00e0 le r\u00e9parer.\u00a0\u00bb<\/span><\/em><\/p>\n<\/div><\/section>\n<\/div><\/div><\/div>\n\n\n\n<div id=\"80886a\" class=\"wp-block-gutentor-m6-item section-80886a gutentor-module gutentor-module-accordion-item\"><div class=\"gutentor-module-accordion-panel g-a-panel-697b0a\"><div class=\"gm-ah-697b0a gutentor-module-accordion-item-heading gutentor-module-icon-position-right\"><span class=\"gutentor-module-accordion-panel-handler\" role=\"button\"><span class=\"gutentor-module-accordion-panel-handler-label\">Le propri\u00e9taire peut-il imposer une assurance au locataire ? <\/span><span class=\"gutentor-module-accordion-icon\"><i class=\"gm-aio-697b0a gutentor-module-accordion-icon-open fas fa-plus\"><\/i><i class=\"gm-aic-697b0a gutentor-module-accordion-icon-close fas fa-minus\"><\/i><\/span><\/span><\/div><div class=\"gm-ab-697b0a gutentor-module-accordion-body\">\n<div id=\"section-g719bbf\" class=\"wp-block-gutentor-e0 section-g719bbf gutentor-element gutentor-element-advanced-text\"><div class=\"gutentor-text-wrap\"><p class=\"gutentor-text\">Oui, le propri\u00e9taire particulier d&rsquo;une <strong>location saisonni\u00e8re<\/strong> peut imposer une assurance couvrant contre les dommages locatifs. <br><br>S&rsquo;agissant de la couverture du locataire dans le cadre d&rsquo;une location de vacances, il existe quatre cas de figure :<\/p><\/div><\/div>\n\n\n\n<div id=\"section-g31b6db\" class=\"wp-block-gutentor-e7 section-g31b6db gutentor-element gutentor-element-list\"><ul class=\"grid-row gutentor-grid-item-wrap list-indicator-icon\"><li class=\"gutentor-list-item grid-lg-12 grid-md-12 grid-12\"><span class=\"gutentor-single-item gutentor-single-item-0\"><span class=\"gutentor-list-item-wrap g-s-list-wrap\"><span class=\"gutentor-single-list-item-icon\"><i class=\"list-item-icon fas fa-arrow-right\"><\/i><\/span><span class=\"gutentor-list-item\"><p class=\"gutentor-single-item-title\"><strong>Le locataire n&rsquo;est pas assur\u00e9<\/strong><br><strong> <\/strong><br>Dans ce cas, il est personnellement redevable du pr\u00e9judice qu&rsquo;il pourra causer en occupant la location. Concr\u00e8tement, en cas de de dommage \u00e0 la location la compensation du pr\u00e9judice subi pourra \u00eatre longue et difficile. <\/p><\/span><\/span><\/span><\/li><li class=\"gutentor-list-item grid-lg-12 grid-md-12 grid-12\"><span class=\"gutentor-single-item gutentor-single-item-1\"><span class=\"gutentor-list-item-wrap g-s-list-wrap\"><span class=\"gutentor-single-list-item-icon\"><i class=\"list-item-icon fas fa-arrow-right\"><\/i><\/span><span class=\"gutentor-list-item\"><p class=\"gutentor-single-item-title\"><strong>Le locataire a une assurance multi-risques habitation avec option vill\u00e9giature<\/strong><br><br>C&rsquo;est le cas le plus courant. Il doit alors fournir une attestation au propri\u00e9taire. <\/p><\/span><\/span><\/span><\/li><li class=\"gutentor-list-item grid-lg-12 grid-md-12 grid-12\"><span class=\"gutentor-single-item gutentor-single-item-2\"><span class=\"gutentor-list-item-wrap g-s-list-wrap\"><span class=\"gutentor-single-list-item-icon\"><i class=\"list-item-icon fas fa-arrow-right\"><\/i><\/span><span class=\"gutentor-list-item\"><p class=\"gutentor-single-item-title\"><strong>Le locataire souscrit \u00e0 une assurance location saisonni\u00e8re<br><\/strong><br>Un certain nombre de plates-formes de location de vacances entre particuliers proposent une assurance aux locataires, couvrant entre autres les risques locatifs (ADAR\/ADAR+ sur MediaVacances.com).<\/p><\/span><\/span><\/span><\/li><li class=\"gutentor-list-item grid-lg-12 grid-md-12 grid-12\"><span class=\"gutentor-single-item gutentor-single-item-3\"><span class=\"gutentor-list-item-wrap g-s-list-wrap\"><span class=\"gutentor-single-list-item-icon\"><i class=\"list-item-icon fas fa-arrow-right\"><\/i><\/span><span class=\"gutentor-list-item\"><p class=\"gutentor-single-item-title\"><strong>Le loueur a souscrit \u00e0 une assurance multi-risques habitation pour \u00ab le compte de qui il appartiendra\u00a0\u00bb ou \u00ab\u00a0pour le compte d&rsquo;autrui \u00bb<\/strong><br><br>Dans ce cas, le locataire est couvert par l&rsquo;assurance du propri\u00e9taire. C&rsquo;est la solution la plus simple et celle que nous conseillons aux propri\u00e9taires. <\/p><\/span><\/span><\/span><\/li><\/ul><\/div>\n<\/div><\/div><\/div>\n\n\n\n<div id=\"a48fbc\" class=\"wp-block-gutentor-m6-item section-a48fbc gutentor-module gutentor-module-accordion-item\"><div class=\"gutentor-module-accordion-panel g-a-panel-697b0a\"><div class=\"gm-ah-697b0a gutentor-module-accordion-item-heading gutentor-module-icon-position-right\"><span class=\"gutentor-module-accordion-panel-handler\" role=\"button\"><span class=\"gutentor-module-accordion-panel-handler-label\">Les assurances \u00ab\u00a0loueurs\u00a0\u00bb propos\u00e9e par les sites de location<\/span><span class=\"gutentor-module-accordion-icon\"><i class=\"gm-aio-697b0a gutentor-module-accordion-icon-open fas fa-plus\"><\/i><i class=\"gm-aic-697b0a gutentor-module-accordion-icon-close fas fa-minus\"><\/i><\/span><\/span><\/div><div class=\"gm-ab-697b0a gutentor-module-accordion-body\">\n<div id=\"section-g48acbe\" class=\"wp-block-gutentor-e0 section-g48acbe gutentor-element gutentor-element-advanced-text\"><div class=\"gutentor-text-wrap\"><p class=\"gutentor-text\">Certaines plates-formes de location de vacances entre particuliers proposent des assurances ou garanties gratuites \u00e0 destination des loueurs. Si le principe est louable, l&rsquo;int\u00e9r\u00eat de ces assurances peut \u00eatre variable. Il est conseill\u00e9 de se pencher sur :<br><br>1. La communication sur le site, en particulier les d\u00e9tails des risques couverts,<br>2. Les \u00ab\u00a0conditions g\u00e9n\u00e9rales\u00a0\u00bb ou la police d&rsquo;assurance lorsqu&rsquo;elles sont disponibles,<br>3. Les cas effectifs de prise en charge sur les forums de discussion d\u00e9di\u00e9s \u00e0 la location de vacances entre particuliers.<br><br>En effet, dans certains cas, ces garanties n&rsquo;offrent que des prestations r\u00e9duites par rapport aux besoins du loueur et <strong>n&rsquo;ont pas vocation \u00e0 remplacer une assurance traditionnelle.<\/strong> Par ailleurs, elles imposent parfois des conditions de prise en charge qui rendent leur application tr\u00e8s difficile. Il donc conseill\u00e9 de faire une recherche sur Internet pour trouver des t\u00e9moignages de loueurs qui ont cherch\u00e9 \u00e0 faire jouer ces assurances. <\/p><\/div><\/div>\n\n\n\n<section id=\"gm9654d42\" class=\"wp-block-gutentor-m3 section-gm9654d42 gutentor-module gutentor-container-cover has-color-bg has-custom-bg\"><div class=\"grid-container\">\n<p class=\"has-small-font-size\"><strong>Exemple d&rsquo;AirCover sur Airbnb : <\/strong><br><br>Airbnb joue franc jeu et indique sur son site : \u00ab\u00a0Bien qu&rsquo;AirCover offre une large protection pour les h\u00f4tes proposant un logement ou une exp\u00e9rience, <strong>ce programme ne peut se substituer \u00e0 votre propre assurance habitation ou responsabilit\u00e9 civile<\/strong>, qui vous couvre en permanence. Mais tous les h\u00f4tes ne se trouvent pas dans la m\u00eame situation, et certains peuvent d\u00e9sirer une protection suppl\u00e9mentaire. \u00ab\u00a0<br><br>28\/02\/2022 https:\/\/www.airbnb.fr\/help\/article\/3142\/obtenir-une-protection-avec-aircover<\/p>\n\n\n\n<div id=\"section-g224c3f\" class=\"wp-block-gutentor-e6 section-g224c3f gutentor-element gutentor-element-image\"><div class=\"gutentor-element-image-box\"><div class=\"gutentor-image-thumb\"><img class=\"normal-image\" src=\"https:\/\/www.guide-loueur.mediavacances.com\/wp-content\/uploads\/2022\/02\/Assurance-location-de-vacances-Aircover-airbnb.png\" alt=\"Assurance location de vacances aircover Airbnb\"\/><\/div><\/div><\/div>\n<\/div><\/section>\n<\/div><\/div><\/div>\n<\/div><\/section>\n","protected":false},"excerpt":{"rendered":"<p>Nous faisons le point sur les assurances n\u00e9cessaires dans le cadre de la location de vacances entre particuliers.<\/p>\n","protected":false},"author":1,"featured_media":0,"parent":0,"menu_order":0,"comment_status":"closed","ping_status":"closed","template":"","meta":{"neve_meta_sidebar":"","neve_meta_container":"","neve_meta_enable_content_width":"","neve_meta_content_width":0,"neve_meta_title_alignment":"","neve_meta_author_avatar":"","neve_post_elements_order":"","neve_meta_disable_header":"","neve_meta_disable_footer":"","neve_meta_disable_title":""},"yoast_head":"<!-- This site is optimized with the Yoast SEO plugin v18.3 - https:\/\/yoast.com\/wordpress\/plugins\/seo\/ -->\n<title>Location de vacances entre particuliers : les assurances<\/title>\n<meta name=\"description\" content=\"GUIDE LOUEUR MEDIAVACANCES : Pourquoi une assurance ? - Quels risques doivent \u00eatre couverts - Dommages aux biens &amp; responsabilit\u00e9 civile - L&#039;assurance du locataire - Les assurances loueurs gratuites propos\u00e9es par les sites de location de vacances - etc.\" \/>\n<meta name=\"robots\" content=\"index, follow, max-snippet:-1, max-image-preview:large, max-video-preview:-1\" \/>\n<link rel=\"canonical\" href=\"https:\/\/www.guide-loueur.mediavacances.com\/index.php\/les-assurances-de-location-de-vacances-entre-particuliers\/\" \/>\n<meta property=\"og:locale\" content=\"fr_FR\" \/>\n<meta property=\"og:type\" content=\"article\" \/>\n<meta property=\"og:title\" content=\"Location de vacances entre particuliers : les assurances\" \/>\n<meta property=\"og:description\" content=\"GUIDE LOUEUR MEDIAVACANCES : Pourquoi une assurance ? - Quels risques doivent \u00eatre couverts - Dommages aux biens &amp; responsabilit\u00e9 civile - L&#039;assurance du locataire - Les assurances loueurs gratuites propos\u00e9es par les sites de location de vacances - etc.\" \/>\n<meta property=\"og:url\" content=\"https:\/\/www.guide-loueur.mediavacances.com\/index.php\/les-assurances-de-location-de-vacances-entre-particuliers\/\" \/>\n<meta property=\"og:site_name\" content=\"Guide de la location de vacances\" \/>\n<meta property=\"article:modified_time\" content=\"2022-03-22T14:17:10+00:00\" \/>\n<meta property=\"og:image\" content=\"http:\/\/www.guide-loueur.mediavacances.com\/wp-content\/uploads\/2022\/02\/Assurance-location-de-vacances-Aircover-airbnb.png\" \/>\n<meta name=\"twitter:card\" content=\"summary_large_image\" \/>\n<meta name=\"twitter:label1\" content=\"Dur\u00e9e de lecture estim\u00e9e\" \/>\n\t<meta name=\"twitter:data1\" content=\"6 minutes\" \/>\n<script type=\"application\/ld+json\" class=\"yoast-schema-graph\">{\"@context\":\"https:\/\/schema.org\",\"@graph\":[{\"@type\":\"Organization\",\"@id\":\"https:\/\/www.guide-loueur.mediavacances.com\/#organization\",\"name\":\"Guide propri\u00e9taire MediaVacances.com\",\"url\":\"https:\/\/www.guide-loueur.mediavacances.com\/\",\"sameAs\":[],\"logo\":{\"@type\":\"ImageObject\",\"@id\":\"https:\/\/www.guide-loueur.mediavacances.com\/#logo\",\"inLanguage\":\"fr-FR\",\"url\":\"https:\/\/guide-du-loueur-saisonnier.com\/wp-content\/uploads\/2022\/02\/cropped-cropped-Maison-logo_XXL.png\",\"contentUrl\":\"https:\/\/guide-du-loueur-saisonnier.com\/wp-content\/uploads\/2022\/02\/cropped-cropped-Maison-logo_XXL.png\",\"width\":512,\"height\":512,\"caption\":\"Guide propri\u00e9taire MediaVacances.com\"},\"image\":{\"@id\":\"https:\/\/www.guide-loueur.mediavacances.com\/#logo\"}},{\"@type\":\"WebSite\",\"@id\":\"https:\/\/www.guide-loueur.mediavacances.com\/#website\",\"url\":\"https:\/\/www.guide-loueur.mediavacances.com\/\",\"name\":\"Guide de la location de vacances\",\"description\":\"Guide loueur MediaVacances.com\",\"publisher\":{\"@id\":\"https:\/\/www.guide-loueur.mediavacances.com\/#organization\"},\"potentialAction\":[{\"@type\":\"SearchAction\",\"target\":{\"@type\":\"EntryPoint\",\"urlTemplate\":\"https:\/\/www.guide-loueur.mediavacances.com\/?s={search_term_string}\"},\"query-input\":\"required name=search_term_string\"}],\"inLanguage\":\"fr-FR\"},{\"@type\":\"ImageObject\",\"@id\":\"https:\/\/www.guide-loueur.mediavacances.com\/index.php\/les-assurances-de-location-de-vacances-entre-particuliers\/#primaryimage\",\"inLanguage\":\"fr-FR\",\"url\":\"http:\/\/www.guide-loueur.mediavacances.com\/wp-content\/uploads\/2022\/02\/Assurance-location-de-vacances-Aircover-airbnb.png\",\"contentUrl\":\"http:\/\/www.guide-loueur.mediavacances.com\/wp-content\/uploads\/2022\/02\/Assurance-location-de-vacances-Aircover-airbnb.png\"},{\"@type\":\"WebPage\",\"@id\":\"https:\/\/www.guide-loueur.mediavacances.com\/index.php\/les-assurances-de-location-de-vacances-entre-particuliers\/#webpage\",\"url\":\"https:\/\/www.guide-loueur.mediavacances.com\/index.php\/les-assurances-de-location-de-vacances-entre-particuliers\/\",\"name\":\"Location de vacances entre particuliers : les assurances\",\"isPartOf\":{\"@id\":\"https:\/\/www.guide-loueur.mediavacances.com\/#website\"},\"primaryImageOfPage\":{\"@id\":\"https:\/\/www.guide-loueur.mediavacances.com\/index.php\/les-assurances-de-location-de-vacances-entre-particuliers\/#primaryimage\"},\"datePublished\":\"2022-02-28T13:54:46+00:00\",\"dateModified\":\"2022-03-22T14:17:10+00:00\",\"description\":\"GUIDE LOUEUR MEDIAVACANCES : Pourquoi une assurance ? - Quels risques doivent \u00eatre couverts - Dommages aux biens & responsabilit\u00e9 civile - L'assurance du locataire - Les assurances loueurs gratuites propos\u00e9es par les sites de location de vacances - etc.\",\"breadcrumb\":{\"@id\":\"https:\/\/www.guide-loueur.mediavacances.com\/index.php\/les-assurances-de-location-de-vacances-entre-particuliers\/#breadcrumb\"},\"inLanguage\":\"fr-FR\",\"potentialAction\":[{\"@type\":\"ReadAction\",\"target\":[\"https:\/\/www.guide-loueur.mediavacances.com\/index.php\/les-assurances-de-location-de-vacances-entre-particuliers\/\"]}]},{\"@type\":\"BreadcrumbList\",\"@id\":\"https:\/\/www.guide-loueur.mediavacances.com\/index.php\/les-assurances-de-location-de-vacances-entre-particuliers\/#breadcrumb\",\"itemListElement\":[{\"@type\":\"ListItem\",\"position\":1,\"name\":\"Accueil\",\"item\":\"https:\/\/www.guide-loueur.mediavacances.com\/\"},{\"@type\":\"ListItem\",\"position\":2,\"name\":\"Les assurances de location de vacances entre particuliers\"}]}]}<\/script>\n<!-- \/ Yoast SEO plugin. -->","yoast_head_json":{"title":"Location de vacances entre particuliers : les assurances","description":"GUIDE LOUEUR MEDIAVACANCES : Pourquoi une assurance ? - Quels risques doivent \u00eatre couverts - Dommages aux biens & responsabilit\u00e9 civile - L'assurance du locataire - Les assurances loueurs gratuites propos\u00e9es par les sites de location de vacances - etc.","robots":{"index":"index","follow":"follow","max-snippet":"max-snippet:-1","max-image-preview":"max-image-preview:large","max-video-preview":"max-video-preview:-1"},"canonical":"https:\/\/www.guide-loueur.mediavacances.com\/index.php\/les-assurances-de-location-de-vacances-entre-particuliers\/","og_locale":"fr_FR","og_type":"article","og_title":"Location de vacances entre particuliers : les assurances","og_description":"GUIDE LOUEUR MEDIAVACANCES : Pourquoi une assurance ? - Quels risques doivent \u00eatre couverts - Dommages aux biens & responsabilit\u00e9 civile - L'assurance du locataire - Les assurances loueurs gratuites propos\u00e9es par les sites de location de vacances - etc.","og_url":"https:\/\/www.guide-loueur.mediavacances.com\/index.php\/les-assurances-de-location-de-vacances-entre-particuliers\/","og_site_name":"Guide de la location de vacances","article_modified_time":"2022-03-22T14:17:10+00:00","og_image":[{"url":"http:\/\/www.guide-loueur.mediavacances.com\/wp-content\/uploads\/2022\/02\/Assurance-location-de-vacances-Aircover-airbnb.png"}],"twitter_card":"summary_large_image","twitter_misc":{"Dur\u00e9e de lecture estim\u00e9e":"6 minutes"},"schema":{"@context":"https:\/\/schema.org","@graph":[{"@type":"Organization","@id":"https:\/\/www.guide-loueur.mediavacances.com\/#organization","name":"Guide propri\u00e9taire MediaVacances.com","url":"https:\/\/www.guide-loueur.mediavacances.com\/","sameAs":[],"logo":{"@type":"ImageObject","@id":"https:\/\/www.guide-loueur.mediavacances.com\/#logo","inLanguage":"fr-FR","url":"https:\/\/guide-du-loueur-saisonnier.com\/wp-content\/uploads\/2022\/02\/cropped-cropped-Maison-logo_XXL.png","contentUrl":"https:\/\/guide-du-loueur-saisonnier.com\/wp-content\/uploads\/2022\/02\/cropped-cropped-Maison-logo_XXL.png","width":512,"height":512,"caption":"Guide propri\u00e9taire MediaVacances.com"},"image":{"@id":"https:\/\/www.guide-loueur.mediavacances.com\/#logo"}},{"@type":"WebSite","@id":"https:\/\/www.guide-loueur.mediavacances.com\/#website","url":"https:\/\/www.guide-loueur.mediavacances.com\/","name":"Guide de la location de vacances","description":"Guide loueur MediaVacances.com","publisher":{"@id":"https:\/\/www.guide-loueur.mediavacances.com\/#organization"},"potentialAction":[{"@type":"SearchAction","target":{"@type":"EntryPoint","urlTemplate":"https:\/\/www.guide-loueur.mediavacances.com\/?s={search_term_string}"},"query-input":"required name=search_term_string"}],"inLanguage":"fr-FR"},{"@type":"ImageObject","@id":"https:\/\/www.guide-loueur.mediavacances.com\/index.php\/les-assurances-de-location-de-vacances-entre-particuliers\/#primaryimage","inLanguage":"fr-FR","url":"http:\/\/www.guide-loueur.mediavacances.com\/wp-content\/uploads\/2022\/02\/Assurance-location-de-vacances-Aircover-airbnb.png","contentUrl":"http:\/\/www.guide-loueur.mediavacances.com\/wp-content\/uploads\/2022\/02\/Assurance-location-de-vacances-Aircover-airbnb.png"},{"@type":"WebPage","@id":"https:\/\/www.guide-loueur.mediavacances.com\/index.php\/les-assurances-de-location-de-vacances-entre-particuliers\/#webpage","url":"https:\/\/www.guide-loueur.mediavacances.com\/index.php\/les-assurances-de-location-de-vacances-entre-particuliers\/","name":"Location de vacances entre particuliers : les assurances","isPartOf":{"@id":"https:\/\/www.guide-loueur.mediavacances.com\/#website"},"primaryImageOfPage":{"@id":"https:\/\/www.guide-loueur.mediavacances.com\/index.php\/les-assurances-de-location-de-vacances-entre-particuliers\/#primaryimage"},"datePublished":"2022-02-28T13:54:46+00:00","dateModified":"2022-03-22T14:17:10+00:00","description":"GUIDE LOUEUR MEDIAVACANCES : Pourquoi une assurance ? - Quels risques doivent \u00eatre couverts - Dommages aux biens & responsabilit\u00e9 civile - L'assurance du locataire - Les assurances loueurs gratuites propos\u00e9es par les sites de location de vacances - etc.","breadcrumb":{"@id":"https:\/\/www.guide-loueur.mediavacances.com\/index.php\/les-assurances-de-location-de-vacances-entre-particuliers\/#breadcrumb"},"inLanguage":"fr-FR","potentialAction":[{"@type":"ReadAction","target":["https:\/\/www.guide-loueur.mediavacances.com\/index.php\/les-assurances-de-location-de-vacances-entre-particuliers\/"]}]},{"@type":"BreadcrumbList","@id":"https:\/\/www.guide-loueur.mediavacances.com\/index.php\/les-assurances-de-location-de-vacances-entre-particuliers\/#breadcrumb","itemListElement":[{"@type":"ListItem","position":1,"name":"Accueil","item":"https:\/\/www.guide-loueur.mediavacances.com\/"},{"@type":"ListItem","position":2,"name":"Les assurances de location de vacances entre particuliers"}]}]}},"featured_image_src":null,"featured_image_src_square":null,"_links":{"self":[{"href":"https:\/\/www.guide-loueur.mediavacances.com\/index.php\/wp-json\/wp\/v2\/pages\/1654"}],"collection":[{"href":"https:\/\/www.guide-loueur.mediavacances.com\/index.php\/wp-json\/wp\/v2\/pages"}],"about":[{"href":"https:\/\/www.guide-loueur.mediavacances.com\/index.php\/wp-json\/wp\/v2\/types\/page"}],"author":[{"embeddable":true,"href":"https:\/\/www.guide-loueur.mediavacances.com\/index.php\/wp-json\/wp\/v2\/users\/1"}],"replies":[{"embeddable":true,"href":"https:\/\/www.guide-loueur.mediavacances.com\/index.php\/wp-json\/wp\/v2\/comments?post=1654"}],"version-history":[{"count":9,"href":"https:\/\/www.guide-loueur.mediavacances.com\/index.php\/wp-json\/wp\/v2\/pages\/1654\/revisions"}],"predecessor-version":[{"id":2129,"href":"https:\/\/www.guide-loueur.mediavacances.com\/index.php\/wp-json\/wp\/v2\/pages\/1654\/revisions\/2129"}],"wp:attachment":[{"href":"https:\/\/www.guide-loueur.mediavacances.com\/index.php\/wp-json\/wp\/v2\/media?parent=1654"}],"curies":[{"name":"wp","href":"https:\/\/api.w.org\/{rel}","templated":true}]}}