{"id":25,"date":"2021-11-24T15:35:40","date_gmt":"2021-11-24T14:35:40","guid":{"rendered":"http:\/\/guide-du-loueur-saisonnier.com\/?page_id=25"},"modified":"2022-03-22T18:25:47","modified_gmt":"2022-03-22T17:25:47","slug":"le-contrat-de-location-de-vacances","status":"publish","type":"page","link":"https:\/\/www.guide-loueur.mediavacances.com\/index.php\/le-contrat-de-location-de-vacances\/","title":{"rendered":"Le contrat de location de vacances"},"content":{"rendered":"\n<h2>1. Obligation d&rsquo;une forme \u00e9crite<\/h2>\n\n\n\n<p><\/p>\n\n\n\n<p>En droit fran\u00e7ais, l&rsquo;accord entre loueur et locataire doit rev\u00eatir une forme \u00e9crite, ainsi, un simple \u00e9change d&rsquo;e-mail peut suffire \u00e0 mat\u00e9rialiser l&rsquo;accord contractuel. Toutefois, il est vivement conseill\u00e9 d&rsquo;utiliser un <strong>contrat de location saisonni\u00e8re<\/strong>. <\/p>\n\n\n\n<h2>2. Les clauses obligatoires et conseill\u00e9es du contrat de location saisonni\u00e8re <\/h2>\n\n\n\n<p><\/p>\n\n\n\n<section id=\"7db7d0\" class=\"section-7db7d0 gutentor-module gutentor-module-accordion gutentor-module-accordion-enable-toggle\"><div class=\"grid-container\">\n<div id=\"28aa19\" class=\"wp-block-gutentor-m6-item section-28aa19 gutentor-module gutentor-module-accordion-item\"><div class=\"gutentor-module-accordion-panel g-a-panel-7db7d0\"><div class=\"gm-ah-7db7d0 gutentor-module-accordion-item-heading gutentor-module-icon-position-right\"><span class=\"gutentor-module-accordion-panel-handler\" role=\"button\"><span class=\"gutentor-module-accordion-panel-handler-label\">Les donn\u00e9es du propri\u00e9taire<\/span><span class=\"gutentor-module-accordion-icon\"><i class=\"gm-aio-7db7d0 gutentor-module-accordion-icon-open fas fa-plus\"><\/i><i class=\"gm-aic-7db7d0 gutentor-module-accordion-icon-close fas fa-minus\"><\/i><\/span><\/span><\/div><div class=\"gm-ab-7db7d0 gutentor-module-accordion-body\">\n<div id=\"section-g7a7999\" class=\"wp-block-gutentor-e0 section-g7a7999 gutentor-element gutentor-element-advanced-text\"><div class=\"gutentor-text-wrap\"><p class=\"gutentor-text\">Les donn\u00e9es du loueur :<\/p><\/div><\/div>\n\n\n\n<div id=\"section-g7e6407\" class=\"wp-block-gutentor-e7 section-g7e6407 gutentor-element gutentor-element-list\"><ul class=\"grid-row gutentor-grid-item-wrap list-indicator-icon\"><li class=\"gutentor-list-item grid-lg-12 grid-md-12 grid-12\"><span class=\"gutentor-single-item gutentor-single-item-0\"><span class=\"gutentor-list-item-wrap g-s-list-wrap\"><span class=\"gutentor-single-list-item-icon\"><i class=\"list-item-icon fas fa-arrow-right\"><\/i><\/span><span class=\"gutentor-list-item\"><p class=\"gutentor-single-item-title\">Nom et pr\u00e9nom, ou nom de la soci\u00e9t\u00e9 <\/p><\/span><\/span><\/span><\/li><li class=\"gutentor-list-item grid-lg-12 grid-md-12 grid-12\"><span class=\"gutentor-single-item gutentor-single-item-1\"><span class=\"gutentor-list-item-wrap g-s-list-wrap\"><span class=\"gutentor-single-list-item-icon\"><i class=\"list-item-icon fas fa-arrow-right\"><\/i><\/span><span class=\"gutentor-list-item\"><p class=\"gutentor-single-item-title\">Adresse postale <\/p><\/span><\/span><\/span><\/li><li class=\"gutentor-list-item grid-lg-12 grid-md-12 grid-12\"><span class=\"gutentor-single-item gutentor-single-item-2\"><span class=\"gutentor-list-item-wrap g-s-list-wrap\"><span class=\"gutentor-single-list-item-icon\"><i class=\"list-item-icon fas fa-arrow-right\"><\/i><\/span><span class=\"gutentor-list-item\"><p class=\"gutentor-single-item-title\">Num\u00e9ro de t\u00e9l\u00e9phone et adresse e-mail (conseill\u00e9)<\/p><\/span><\/span><\/span><\/li><li class=\"gutentor-list-item grid-lg-12 grid-md-12 grid-12\"><span class=\"gutentor-single-item gutentor-single-item-3\"><span class=\"gutentor-list-item-wrap g-s-list-wrap\"><span class=\"gutentor-single-list-item-icon\"><i class=\"list-item-icon fas fa-arrow-right\"><\/i><\/span><span class=\"gutentor-list-item\"><p class=\"gutentor-single-item-title\">Coordonn\u00e9es du repr\u00e9sentant sur place (conseill\u00e9)<\/p><\/span><\/span><\/span><\/li><\/ul><\/div>\n<\/div><\/div><\/div>\n\n\n\n<div id=\"57b148\" class=\"wp-block-gutentor-m6-item section-57b148 gutentor-module gutentor-module-accordion-item\"><div class=\"gutentor-module-accordion-panel g-a-panel-7db7d0\"><div class=\"gm-ah-7db7d0 gutentor-module-accordion-item-heading gutentor-module-icon-position-right\"><span class=\"gutentor-module-accordion-panel-handler\" role=\"button\"><span class=\"gutentor-module-accordion-panel-handler-label\">Les donn\u00e9es du locataire <\/span><span class=\"gutentor-module-accordion-icon\"><i class=\"gm-aio-7db7d0 gutentor-module-accordion-icon-open fas fa-plus\"><\/i><i class=\"gm-aic-7db7d0 gutentor-module-accordion-icon-close fas fa-minus\"><\/i><\/span><\/span><\/div><div class=\"gm-ab-7db7d0 gutentor-module-accordion-body\">\n<div id=\"section-g6f3f4b\" class=\"wp-block-gutentor-e0 section-g6f3f4b gutentor-element gutentor-element-advanced-text\"><div class=\"gutentor-text-wrap\"><p class=\"gutentor-text\">Le contrat de location saisonni\u00e8re doit mentionner les donn\u00e9es du locataire :<\/p><\/div><\/div>\n\n\n\n<div id=\"section-gd24dc6\" class=\"wp-block-gutentor-e7 section-gd24dc6 gutentor-element gutentor-element-list\"><ul class=\"grid-row gutentor-grid-item-wrap list-indicator-icon\"><li class=\"gutentor-list-item grid-lg-12 grid-md-12 grid-12\"><span class=\"gutentor-single-item gutentor-single-item-0\"><span class=\"gutentor-list-item-wrap g-s-list-wrap\"><span class=\"gutentor-single-list-item-icon\"><i class=\"list-item-icon fas fa-arrow-right\"><\/i><\/span><span class=\"gutentor-list-item\"><p class=\"gutentor-single-item-title\">Nom et pr\u00e9nom<\/p><\/span><\/span><\/span><\/li><li class=\"gutentor-list-item grid-lg-12 grid-md-12 grid-12\"><span class=\"gutentor-single-item gutentor-single-item-1\"><span class=\"gutentor-list-item-wrap g-s-list-wrap\"><span class=\"gutentor-single-list-item-icon\"><i class=\"list-item-icon fas fa-arrow-right\"><\/i><\/span><span class=\"gutentor-list-item\"><p class=\"gutentor-single-item-title\">Adresse postale<\/p><\/span><\/span><\/span><\/li><li class=\"gutentor-list-item grid-lg-12 grid-md-12 grid-12\"><span class=\"gutentor-single-item gutentor-single-item-2\"><span class=\"gutentor-list-item-wrap g-s-list-wrap\"><span class=\"gutentor-single-list-item-icon\"><i class=\"list-item-icon fas fa-arrow-right\"><\/i><\/span><span class=\"gutentor-list-item\"><p class=\"gutentor-single-item-title\">Num\u00e9ro de t\u00e9l\u00e9phone<\/p><\/span><\/span><\/span><\/li><li class=\"gutentor-list-item grid-lg-12 grid-md-12 grid-12\"><span class=\"gutentor-single-item gutentor-single-item-3\"><span class=\"gutentor-list-item-wrap g-s-list-wrap\"><span class=\"gutentor-single-list-item-icon\"><i class=\"list-item-icon fas fa-arrow-right\"><\/i><\/span><span class=\"gutentor-list-item\"><p class=\"gutentor-single-item-title\">Adresse e-mail <\/p><\/span><\/span><\/span><\/li><\/ul><\/div>\n<\/div><\/div><\/div>\n\n\n\n<div id=\"4b6bc1\" class=\"wp-block-gutentor-m6-item section-4b6bc1 gutentor-module gutentor-module-accordion-item\"><div class=\"gutentor-module-accordion-panel g-a-panel-7db7d0\"><div class=\"gm-ah-7db7d0 gutentor-module-accordion-item-heading gutentor-module-icon-position-right\"><span class=\"gutentor-module-accordion-panel-handler\" role=\"button\"><span class=\"gutentor-module-accordion-panel-handler-label\">Le descriptif du bien lou\u00e9 <\/span><span class=\"gutentor-module-accordion-icon\"><i class=\"gm-aio-7db7d0 gutentor-module-accordion-icon-open fas fa-plus\"><\/i><i class=\"gm-aic-7db7d0 gutentor-module-accordion-icon-close fas fa-minus\"><\/i><\/span><\/span><\/div><div class=\"gm-ab-7db7d0 gutentor-module-accordion-body\">\n<div id=\"section-g8d3bb6\" class=\"wp-block-gutentor-e0 section-g8d3bb6 gutentor-element gutentor-element-advanced-text\"><div class=\"gutentor-text-wrap\"><p class=\"gutentor-text\">On indiquera ici : <\/p><\/div><\/div>\n\n\n\n<div id=\"section-gab084d\" class=\"wp-block-gutentor-e7 section-gab084d gutentor-element gutentor-element-list\"><ul class=\"grid-row gutentor-grid-item-wrap list-indicator-icon\"><li class=\"gutentor-list-item grid-lg-12 grid-md-12 grid-12\"><span class=\"gutentor-single-item gutentor-single-item-0\"><span class=\"gutentor-list-item-wrap g-s-list-wrap\"><span class=\"gutentor-single-list-item-icon\"><i class=\"list-item-icon fas fa-arrow-right\"><\/i><\/span><span class=\"gutentor-list-item\"><p class=\"gutentor-single-item-title\">Le descriptif de la location<\/p><\/span><\/span><\/span><\/li><li class=\"gutentor-list-item grid-lg-12 grid-md-12 grid-12\"><span class=\"gutentor-single-item gutentor-single-item-1\"><span class=\"gutentor-list-item-wrap g-s-list-wrap\"><span class=\"gutentor-single-list-item-icon\"><i class=\"list-item-icon fas fa-arrow-right\"><\/i><\/span><span class=\"gutentor-list-item\"><p class=\"gutentor-single-item-title\">La surface habitable <\/p><\/span><\/span><\/span><\/li><li class=\"gutentor-list-item grid-lg-12 grid-md-12 grid-12\"><span class=\"gutentor-single-item gutentor-single-item-2\"><span class=\"gutentor-list-item-wrap g-s-list-wrap\"><span class=\"gutentor-single-list-item-icon\"><i class=\"list-item-icon fas fa-arrow-right\"><\/i><\/span><span class=\"gutentor-list-item\"><p class=\"gutentor-single-item-title\">Les d\u00e9pendances : jardin, piscine, etc. <\/p><\/span><\/span><\/span><\/li><li class=\"gutentor-list-item grid-lg-12 grid-md-12 grid-12\"><span class=\"gutentor-single-item gutentor-single-item-3\"><span class=\"gutentor-list-item-wrap g-s-list-wrap\"><span class=\"gutentor-single-list-item-icon\"><i class=\"list-item-icon fas fa-arrow-right\"><\/i><\/span><span class=\"gutentor-list-item\"><p class=\"gutentor-single-item-title\">La r\u00e9f\u00e9rence de l&rsquo;annonce si elle est publi\u00e9e sur un site de location de vacances<\/p><\/span><\/span><\/span><\/li><\/ul><\/div>\n<\/div><\/div><\/div>\n\n\n\n<div id=\"ed8894\" class=\"wp-block-gutentor-m6-item section-ed8894 gutentor-module gutentor-module-accordion-item\"><div class=\"gutentor-module-accordion-panel g-a-panel-7db7d0\"><div class=\"gm-ah-7db7d0 gutentor-module-accordion-item-heading gutentor-module-icon-position-right\"><span class=\"gutentor-module-accordion-panel-handler\" role=\"button\"><span class=\"gutentor-module-accordion-panel-handler-label\">La p\u00e9riode de location  <\/span><span class=\"gutentor-module-accordion-icon\"><i class=\"gm-aio-7db7d0 gutentor-module-accordion-icon-open fas fa-plus\"><\/i><i class=\"gm-aic-7db7d0 gutentor-module-accordion-icon-close fas fa-minus\"><\/i><\/span><\/span><\/div><div class=\"gm-ab-7db7d0 gutentor-module-accordion-body\">\n<div id=\"section-gadf4e5\" class=\"wp-block-gutentor-e0 section-gadf4e5 gutentor-element gutentor-element-advanced-text\"><div class=\"gutentor-text-wrap\"><p class=\"gutentor-text\">On indiquera  dans le contrat de location saisonni\u00e8re :<\/p><\/div><\/div>\n\n\n\n<div id=\"section-g6074d6\" class=\"wp-block-gutentor-e7 section-g6074d6 gutentor-element gutentor-element-list\"><ul class=\"grid-row gutentor-grid-item-wrap list-indicator-icon\"><li class=\"gutentor-list-item grid-lg-12 grid-md-12 grid-12\"><span class=\"gutentor-single-item gutentor-single-item-0\"><span class=\"gutentor-list-item-wrap g-s-list-wrap\"><span class=\"gutentor-single-list-item-icon\"><i class=\"list-item-icon fas fa-arrow-right\"><\/i><\/span><span class=\"gutentor-list-item\"><p class=\"gutentor-single-item-title\">Dates de s\u00e9jour<\/p><\/span><\/span><\/span><\/li><li class=\"gutentor-list-item grid-lg-12 grid-md-12 grid-12\"><span class=\"gutentor-single-item gutentor-single-item-1\"><span class=\"gutentor-list-item-wrap g-s-list-wrap\"><span class=\"gutentor-single-list-item-icon\"><i class=\"list-item-icon fas fa-arrow-right\"><\/i><\/span><span class=\"gutentor-list-item\"><p class=\"gutentor-single-item-title\">Heures d&rsquo;arriv\u00e9e et de d\u00e9part<\/p><\/span><\/span><\/span><\/li><\/ul><\/div>\n<\/div><\/div><\/div>\n\n\n\n<div id=\"db9567\" class=\"wp-block-gutentor-m6-item section-db9567 gutentor-module gutentor-module-accordion-item\"><div class=\"gutentor-module-accordion-panel g-a-panel-7db7d0\"><div class=\"gm-ah-7db7d0 gutentor-module-accordion-item-heading gutentor-module-icon-position-right\"><span class=\"gutentor-module-accordion-panel-handler\" role=\"button\"><span class=\"gutentor-module-accordion-panel-handler-label\">Les \u00e9ventuelles restrictions concernant l&rsquo;usage de la location <\/span><span class=\"gutentor-module-accordion-icon\"><i class=\"gm-aio-7db7d0 gutentor-module-accordion-icon-open fas fa-plus\"><\/i><i class=\"gm-aic-7db7d0 gutentor-module-accordion-icon-close fas fa-minus\"><\/i><\/span><\/span><\/div><div class=\"gm-ab-7db7d0 gutentor-module-accordion-body\">\n<div id=\"section-gb30f89\" class=\"wp-block-gutentor-e0 section-gb30f89 gutentor-element gutentor-element-advanced-text\"><div class=\"gutentor-text-wrap\"><p class=\"gutentor-text\">Le locataire doit utiliser le logement en bon p\u00e8re de famille, le respecter et respecter le voisinage. Il peut n\u00e9anmoins \u00eatre utile de rajouter des clauses portant sur l&rsquo;utilisation de certains bien d&rsquo;\u00e9quipement ou des r\u00e8gles de copropri\u00e9t\u00e9.<\/p><\/div><\/div>\n<\/div><\/div><\/div>\n\n\n\n<div id=\"296eb1\" class=\"wp-block-gutentor-m6-item section-296eb1 gutentor-module gutentor-module-accordion-item\"><div class=\"gutentor-module-accordion-panel g-a-panel-7db7d0\"><div class=\"gm-ah-7db7d0 gutentor-module-accordion-item-heading gutentor-module-icon-position-right\"><span class=\"gutentor-module-accordion-panel-handler\" role=\"button\"><span class=\"gutentor-module-accordion-panel-handler-label\">Le loyer <\/span><span class=\"gutentor-module-accordion-icon\"><i class=\"gm-aio-7db7d0 gutentor-module-accordion-icon-open fas fa-plus\"><\/i><i class=\"gm-aic-7db7d0 gutentor-module-accordion-icon-close fas fa-minus\"><\/i><\/span><\/span><\/div><div class=\"gm-ab-7db7d0 gutentor-module-accordion-body\">\n<div id=\"section-g16fd3e\" class=\"wp-block-gutentor-e0 section-g16fd3e gutentor-element gutentor-element-advanced-text\"><div class=\"gutentor-text-wrap\"><p class=\"gutentor-text\">Le contrat doit mentionner le loyer total et les charges incluses ainsi que celles \u00e9ventuellement en sus. Il est aussi n\u00e9cessaire de mentionner le mode de paiement du loyer. <\/p><\/div><\/div>\n<\/div><\/div><\/div>\n\n\n\n<div id=\"b1f6db\" class=\"wp-block-gutentor-m6-item section-b1f6db gutentor-module gutentor-module-accordion-item\"><div class=\"gutentor-module-accordion-panel g-a-panel-7db7d0\"><div class=\"gm-ah-7db7d0 gutentor-module-accordion-item-heading gutentor-module-icon-position-right\"><span class=\"gutentor-module-accordion-panel-handler\" role=\"button\"><span class=\"gutentor-module-accordion-panel-handler-label\">Estimation de la taxe de s\u00e9jour<\/span><span class=\"gutentor-module-accordion-icon\"><i class=\"gm-aio-7db7d0 gutentor-module-accordion-icon-open fas fa-plus\"><\/i><i class=\"gm-aic-7db7d0 gutentor-module-accordion-icon-close fas fa-minus\"><\/i><\/span><\/span><\/div><div class=\"gm-ab-7db7d0 gutentor-module-accordion-body\">\n<div id=\"section-g79fd3f\" class=\"wp-block-gutentor-e0 section-g79fd3f gutentor-element gutentor-element-advanced-text\"><div class=\"gutentor-text-wrap\"><p class=\"gutentor-text\">Le contrat de location saisonni\u00e8re doit comprendre une estimation de la taxe de s\u00e9jour, si elle doit \u00eatre r\u00e9gl\u00e9e en plus du loyer.<\/p><\/div><\/div>\n<\/div><\/div><\/div>\n\n\n\n<div id=\"a8c4fe\" class=\"wp-block-gutentor-m6-item section-a8c4fe gutentor-module gutentor-module-accordion-item\"><div class=\"gutentor-module-accordion-panel g-a-panel-7db7d0\"><div class=\"gm-ah-7db7d0 gutentor-module-accordion-item-heading gutentor-module-icon-position-right\"><span class=\"gutentor-module-accordion-panel-handler\" role=\"button\"><span class=\"gutentor-module-accordion-panel-handler-label\">Conditions d&rsquo;annulation <\/span><span class=\"gutentor-module-accordion-icon\"><i class=\"gm-aio-7db7d0 gutentor-module-accordion-icon-open fas fa-plus\"><\/i><i class=\"gm-aic-7db7d0 gutentor-module-accordion-icon-close fas fa-minus\"><\/i><\/span><\/span><\/div><div class=\"gm-ab-7db7d0 gutentor-module-accordion-body\">\n<div id=\"section-g7337d4\" class=\"wp-block-gutentor-e0 section-g7337d4 gutentor-element gutentor-element-advanced-text\"><div class=\"gutentor-text-wrap\"><p class=\"gutentor-text\">Le contrat doit d\u00e9finir les sommes qui doivent \u00eatre abandonn\u00e9es par le locataire en cas d&rsquo;annulation par rapport \u00e0 la date de d\u00e9but du s\u00e9jour. L&rsquo;accord doit aussi pr\u00e9ciser quelles sont les obligations du propri\u00e9taire s&rsquo;il annule lui-m\u00eame la r\u00e9servation. <\/p><\/div><\/div>\n<\/div><\/div><\/div>\n\n\n\n<div id=\"29fabf\" class=\"wp-block-gutentor-m6-item section-29fabf gutentor-module gutentor-module-accordion-item\"><div class=\"gutentor-module-accordion-panel g-a-panel-7db7d0\"><div class=\"gm-ah-7db7d0 gutentor-module-accordion-item-heading gutentor-module-icon-position-right\"><span class=\"gutentor-module-accordion-panel-handler\" role=\"button\"><span class=\"gutentor-module-accordion-panel-handler-label\">D\u00e9p\u00f4t de garantie <\/span><span class=\"gutentor-module-accordion-icon\"><i class=\"gm-aio-7db7d0 gutentor-module-accordion-icon-open fas fa-plus\"><\/i><i class=\"gm-aic-7db7d0 gutentor-module-accordion-icon-close fas fa-minus\"><\/i><\/span><\/span><\/div><div class=\"gm-ab-7db7d0 gutentor-module-accordion-body\">\n<div id=\"section-g402bcd\" class=\"wp-block-gutentor-e0 section-g402bcd gutentor-element gutentor-element-advanced-text\"><div class=\"gutentor-text-wrap\"><p class=\"gutentor-text\">Le contrat doit mentionner le montant du d\u00e9p\u00f4t de garantie (caution), ainsi que les modalit\u00e9s de versement et de reversement par le propri\u00e9taire. <\/p><\/div><\/div>\n<\/div><\/div><\/div>\n<\/div><\/section>\n\n\n\n<h2>3. Les clauses abusives <\/h2>\n\n\n\n<p>M\u00eame si le principe de la<strong> libert\u00e9 contractuelle<\/strong> pr\u00e9vaut en mati\u00e8re de<strong> contrat de location de vacances entre particuliers<\/strong>, il faut faire attention \u00e0 ne tomber dans le pi\u00e8ge des clauses abusives. <strong>Le contrat doit respecter un \u00e9quilibre des droits et obligations des parties. <\/strong><\/p>\n\n\n\n<section id=\"56b3e2\" class=\"section-56b3e2 gutentor-module gutentor-module-accordion gutentor-module-accordion-enable-toggle\"><div class=\"grid-container\">\n<div id=\"c1f991\" class=\"wp-block-gutentor-m6-item section-c1f991 gutentor-module gutentor-module-accordion-item\"><div class=\"gutentor-module-accordion-panel g-a-panel-56b3e2\"><div class=\"gm-ah-56b3e2 gutentor-module-accordion-item-heading gutentor-module-icon-position-right\"><span class=\"gutentor-module-accordion-panel-handler\" role=\"button\"><span class=\"gutentor-module-accordion-panel-handler-label\">D\u00e9finitions de la clause abusive <\/span><span class=\"gutentor-module-accordion-icon\"><i class=\"gm-aio-56b3e2 gutentor-module-accordion-icon-open fas fa-plus\"><\/i><i class=\"gm-aic-56b3e2 gutentor-module-accordion-icon-close fas fa-minus\"><\/i><\/span><\/span><\/div><div class=\"gm-ab-56b3e2 gutentor-module-accordion-body\">\n<div id=\"section-g2c88ff\" class=\"wp-block-gutentor-e0 section-g2c88ff gutentor-element gutentor-element-advanced-text\"><div class=\"gutentor-text-wrap\"><p class=\"gutentor-text\"><strong>Une clause contractuelle est abusive lorsqu&rsquo;elle l\u00e8se de fa\u00e7on significative la partie qui est la moins bien inform\u00e9e et cr\u00e9e un d\u00e9s\u00e9quilibre entre les droits et obligations des parties au contrat.<\/strong><br><br>On voit ici que le principe de la libert\u00e9 contractuelle est imit\u00e9 par un besoin d&rsquo;\u00e9quit\u00e9 entre les parties contractantes. <br><br>Si le d\u00e9s\u00e9quilibre est particuli\u00e8rement important lorsqu&rsquo;il s&rsquo;agit d&rsquo;h\u00e9bergements lou\u00e9s par des professionnels, ce d\u00e9s\u00e9quilibre existe aussi dans la location saisonni\u00e8re entre particuliers. La plupart du temps les tribunaux estimeront que le loueur est la partie la mieux inform\u00e9e et chercheront souvent \u00e0 d\u00e9fendre les int\u00e9r\u00eats du locataire, s&rsquo;il a \u00e9t\u00e9 l\u00e9s\u00e9. <\/p><\/div><\/div>\n<\/div><\/div><\/div>\n\n\n\n<div id=\"fe139e\" class=\"wp-block-gutentor-m6-item section-fe139e gutentor-module gutentor-module-accordion-item\"><div class=\"gutentor-module-accordion-panel g-a-panel-56b3e2\"><div class=\"gm-ah-56b3e2 gutentor-module-accordion-item-heading gutentor-module-icon-position-right\"><span class=\"gutentor-module-accordion-panel-handler\" role=\"button\"><span class=\"gutentor-module-accordion-panel-handler-label\">Exemple de clauses potentiellement abusives <\/span><span class=\"gutentor-module-accordion-icon\"><i class=\"gm-aio-56b3e2 gutentor-module-accordion-icon-open fas fa-plus\"><\/i><i class=\"gm-aic-56b3e2 gutentor-module-accordion-icon-close fas fa-minus\"><\/i><\/span><\/span><\/div><div class=\"gm-ab-56b3e2 gutentor-module-accordion-body\">\n<div id=\"section-gfae852\" class=\"wp-block-gutentor-e0 section-gfae852 gutentor-element gutentor-element-advanced-text\"><div class=\"gutentor-text-wrap\"><p class=\"gutentor-text\">C&rsquo;est la <strong>location de vacances  de professionnel \u00e0 particulier <\/strong>qui d\u00e9finit souvent le cadre juridique dans le domaine des clauses contractuelles abusives. <br><br>Les clauses list\u00e9es ci-dessous ont pour la plupart \u00e9t\u00e9 consid\u00e9r\u00e9es comme \u00ab\u00a0nulles et non avenues\u00a0\u00bb par les tribunaux dans le cadre d&rsquo;une location entre un professionnel et un particulier. Les principes juridiques sous-jacents \u00e9tant les m\u00eames, il est probable que ces clauses le soient aussi dans le cadre d&rsquo;un<strong> contrat de location de vacances entre particuliers. <\/strong><\/p><\/div><\/div>\n\n\n\n<div id=\"section-gd2fce0\" class=\"wp-block-gutentor-e7 section-gd2fce0 gutentor-element gutentor-element-list\"><ul class=\"grid-row gutentor-grid-item-wrap list-indicator-icon\"><li class=\"gutentor-list-item grid-lg-12 grid-md-12 grid-12\"><span class=\"gutentor-single-item gutentor-single-item-0\"><span class=\"gutentor-list-item-wrap g-s-list-wrap\"><span class=\"gutentor-single-list-item-icon\"><i class=\"list-item-icon fas fa-arrow-right\"><\/i><\/span><span class=\"gutentor-list-item\"><p class=\"gutentor-single-item-title\"><strong>Les clauses cr\u00e9ant une obligation dissym\u00e9trique <\/strong><br><br>&#8211; Clause imposant des p\u00e9nalit\u00e9s si le locataire arrive en retard, sans imposer de contraintes au loueur s&rsquo;il est lui-m\u00eame en retard.<\/p><\/span><\/span><\/span><\/li><li class=\"gutentor-list-item grid-lg-12 grid-md-12 grid-12\"><span class=\"gutentor-single-item gutentor-single-item-1\"><span class=\"gutentor-list-item-wrap g-s-list-wrap\"><span class=\"gutentor-single-list-item-icon\"><i class=\"list-item-icon fas fa-arrow-right\"><\/i><\/span><span class=\"gutentor-list-item\"><p class=\"gutentor-single-item-title\"><strong>Les clauses exon\u00e9rant le loueur de ses responsabilit\u00e9s<\/strong><br><br>&#8211; Clause exigeant la prise en charge par le locataire de r\u00e9parations normalement prises en charge par le propri\u00e9taire <br>&#8211; Clause exon\u00e9rant le propri\u00e9taire de responsabilit\u00e9 en cas de coupure de gaz ou d&rsquo;\u00e9lectricit\u00e9<\/p><\/span><\/span><\/span><\/li><li class=\"gutentor-list-item grid-lg-12 grid-md-12 grid-12\"><span class=\"gutentor-single-item gutentor-single-item-2\"><span class=\"gutentor-list-item-wrap g-s-list-wrap\"><span class=\"gutentor-single-list-item-icon\"><i class=\"list-item-icon fas fa-arrow-right\"><\/i><\/span><span class=\"gutentor-list-item\"><p class=\"gutentor-single-item-title\"><strong>Les clauses imposant au locataire une charge financi\u00e8re non justifi\u00e9e<\/strong><br><br>&#8211; Clause imposant par exemple au locataire de prendre en charge les frais de remplacement d&rsquo;une serrure en cas de perte de cl\u00e9 alors qu&rsquo;une simple copie de cl\u00e9 suffirait (la cr\u00e9ation d&rsquo;un double \u00e9tant de la responsabilit\u00e9 du loueur). <\/p><\/span><\/span><\/span><\/li><li class=\"gutentor-list-item grid-lg-12 grid-md-12 grid-12\"><span class=\"gutentor-single-item gutentor-single-item-3\"><span class=\"gutentor-list-item-wrap g-s-list-wrap\"><span class=\"gutentor-single-list-item-icon\"><i class=\"list-item-icon fas fa-arrow-right\"><\/i><\/span><span class=\"gutentor-list-item\"><p class=\"gutentor-single-item-title\"><strong>Les clauses dont le respect par le locataire est rendu difficile par le contexte<\/strong><br><br>&#8211; Clause demandant au locataire de respecter le r\u00e8glement int\u00e9rieur de l&rsquo;immeuble sans copie en annexe du contrat,<br>&#8211; Clause imposant au locataire de rapporter d&rsquo;\u00e9ventuels anomalies sous un d\u00e9lai de 24h. Ce d\u00e9lai peut \u00eatre jug\u00e9 trop court si l&rsquo;agence locative est ferm\u00e9e le lendemain de l&rsquo;entr\u00e9e dans les lieux par exemple. <\/p><\/span><\/span><\/span><\/li><li class=\"gutentor-list-item grid-lg-12 grid-md-12 grid-12\"><span class=\"gutentor-single-item gutentor-single-item-4\"><span class=\"gutentor-list-item-wrap g-s-list-wrap\"><span class=\"gutentor-single-list-item-icon\"><i class=\"list-item-icon fas fa-arrow-right\"><\/i><\/span><span class=\"gutentor-list-item\"><p class=\"gutentor-single-item-title\"><strong>Les clauses contrevenant aux principes g\u00e9n\u00e9raux de libert\u00e9 et d&rsquo;\u00e9galit\u00e9<\/strong><br><br>&#8211; Clause limitant le nombre d&rsquo;occupants, <br>&#8211; Clause discriminatoire envers les jeunes, les personnes \u00e2g\u00e9es, de couleur.<\/p><\/span><\/span><\/span><\/li><li class=\"gutentor-list-item grid-lg-12 grid-md-12 grid-12\"><span class=\"gutentor-single-item gutentor-single-item-5\"><span class=\"gutentor-list-item-wrap g-s-list-wrap\"><span class=\"gutentor-single-list-item-icon\"><i class=\"list-item-icon fas fa-arrow-right\"><\/i><\/span><span class=\"gutentor-list-item\"><p class=\"gutentor-single-item-title\"><strong>Les clauses contrevenant \u00e0 la loi ou aux r\u00e8glements <\/strong><br><br>&#8211; Clause exon\u00e9rant le loueur de l&rsquo;obligation de rembourser le double des arrhes en cas d&rsquo;annulation de sa part, m\u00eame pour cause d&rsquo;\u00e9v\u00e8nement ind\u00e9pendant de sa volont\u00e9.<\/p><\/span><\/span><\/span><\/li><li class=\"gutentor-list-item grid-lg-12 grid-md-12 grid-12\"><span class=\"gutentor-single-item gutentor-single-item-6\"><span class=\"gutentor-list-item-wrap g-s-list-wrap\"><span class=\"gutentor-single-list-item-icon\"><i class=\"list-item-icon fas fa-arrow-right\"><\/i><\/span><span class=\"gutentor-list-item\"><p class=\"gutentor-single-item-title\"><strong>Les clauses pr\u00e9sumant un \u00e9tat de propret\u00e9<\/strong><br><br>&#8211; Clause indiquant que le locataire \u00ab\u00a0<em>doit rendre l&rsquo;appartement propre et rang\u00e9 comme il l&rsquo;a trouv\u00e9<\/em>\u00ab\u00a0.<\/p><\/span><\/span><\/span><\/li><li class=\"gutentor-list-item grid-lg-12 grid-md-12 grid-12\"><span class=\"gutentor-single-item gutentor-single-item-7\"><span class=\"gutentor-list-item-wrap g-s-list-wrap\"><span class=\"gutentor-single-list-item-icon\"><i class=\"list-item-icon fas fa-arrow-right\"><\/i><\/span><span class=\"gutentor-list-item\"><p class=\"gutentor-single-item-title\"><strong>Les clauses p\u00e9nalisant la jouissance de la location, sans contrepartie<\/strong><br><br>&#8211; Clause permettant au loueur de r\u00e9aliser des travaux non urgents dans la location saisonni\u00e8re pendant le s\u00e9jour,<br>&#8211; Clause pr\u00e9voyant la prise des lieux le lendemain en cas de retard apr\u00e8s 18h30.<\/p><\/span><\/span><\/span><\/li><li class=\"gutentor-list-item grid-lg-12 grid-md-12 grid-12\"><span class=\"gutentor-single-item gutentor-single-item-8\"><span class=\"gutentor-list-item-wrap g-s-list-wrap\"><span class=\"gutentor-single-list-item-icon\"><i class=\"list-item-icon fas fa-arrow-right\"><\/i><\/span><span class=\"gutentor-list-item\"><p class=\"gutentor-single-item-title\"><strong>Les clauses donnant un pouvoir discr\u00e9tionnaire au loueur sans contrepartie pour le locataire <\/strong><br><br>&#8211; Clause permettant au loueur de modifier les conditions locatives ou d&rsquo;h\u00e9berger le locataire dans un autre appartement \u00ab\u00a0similaire\u00a0\u00bb.<br><br><\/p><\/span><\/span><\/span><\/li><li class=\"gutentor-list-item grid-lg-12 grid-md-12 grid-12\"><span class=\"gutentor-single-item gutentor-single-item-9\"><span class=\"gutentor-list-item-wrap g-s-list-wrap\"><span class=\"gutentor-single-list-item-icon\"><i class=\"list-item-icon fas fa-arrow-right\"><\/i><\/span><span class=\"gutentor-list-item\"><p class=\"gutentor-single-item-title\"><strong>Clause p\u00e9nalisant le locataire, non justifi\u00e9e par le contexte <\/strong><br><br>&#8211; Clause permettant au propri\u00e9taire de rendre le d\u00e9p\u00f4t de garantie sous un d\u00e9lai de deux mois, m\u00eame en l&rsquo;absence de d\u00e9gradation de l&rsquo;appartement. <br><\/p><\/span><\/span><\/span><\/li><\/ul><\/div>\n\n\n\n<p><br><\/p>\n\n\n\n<section id=\"gme3e1ede\" class=\"wp-block-gutentor-m3 section-gme3e1ede gutentor-module gutentor-container-cover has-color-bg has-custom-bg\"><div class=\"grid-container\">\n<p class=\"has-small-font-size\"><i class=\"fas fa-balance-scale\"><\/i> <strong>La commission des clauses abusives <\/strong><br><br>La commission des clauses abusives \u00e9met un avis sur les clauses qui sont habituellement propos\u00e9es par les professionnels aux particuliers. Cet avis ne s&rsquo;impose pas aux juges qui s&rsquo;en inspirent. Sans avoir une valeur l\u00e9gale, ces avis fixent donc un cadre. <br><br>Ces avis portent souvent sur des principes fondamentaux ou des \u00e9l\u00e9ments de droits qui s&rsquo;appliquent aussi dans le cadre des relations contractuelles entre particuliers. <br><br><i class=\"fas fa-link\"><\/i> <a href=\"http:\/\/www.clauses-abusives.fr\/?s=saisonni%C3%A8re\">http:\/\/www.clauses-abusives.fr<\/a><\/p>\n<\/div><\/section>\n<\/div><\/div><\/div>\n<\/div><\/section>\n\n\n\n<h2>4. Les contrats \u00ab\u00a0automatiques\u00a0\u00bb dans les syst\u00e8mes de paiement en ligne <\/h2>\n\n\n\n<p><\/p>\n\n\n\n<p>Quelques plates-formes de location de vacances g\u00e8rent des <strong>contrats \u00e9dit\u00e9s automatiquement <\/strong>dans le cadre du paiement en ligne. Ces contrats sont tr\u00e8s pratiques car \u00e9dit\u00e9s automatiquement \u00e0 la r\u00e9servation puis envoy\u00e9s aux deux parties. La proc\u00e9dure est imm\u00e9diate : plus besoin de recevoir contrat ou ch\u00e8que par courrier postal pour enregistrer la r\u00e9servation. <\/p>\n\n\n\n<p><\/p>\n\n\n\n<section id=\"section-9f81a15d-e91d-4d02-9756-0a361a49e366\" class=\"wp-block-gutentor-icon-box gutentor-section gutentor-icon-wrapper icon-template1 has-color-bg has-custom-bg\"><div class=\"grid-container\"><div class=\"grid-row gutentor-grid-item-wrap\"><div class=\"gutentor-grid-column grid-lg-12 grid-md-4 grid-12\"><div class=\"gutentor-single-item gutentor-icon gutentor-single-item-0\"><div class=\"gutentor-single-item-wrap\"><div class=\"gutentor-single-item-icon-box\"><i class=\"fas fa-info-circle\"><\/i><\/div><div class=\"gutentor-single-item-content\"><h4 class=\"gutentor-single-item-title\"> <strong>Les contrats associ\u00e9s au \u00ab\u00a0Paiement S\u00e9curis\u00e9\u00a0\u00bb sur MediaVacances.com <\/strong><\/h4><p class=\"gutentor-single-item-desc\">Le service \u00ab\u00a0Paiement S\u00e9curis\u00e9\u00a0\u00bb (paiement en ligne des loyers) de MediaVacances.com \u00e9dite un v\u00e9ritable contrat <strong>sign\u00e9<\/strong> par les deux parties et <strong>traduit dans la langue du locataire<\/strong>. Il est envoy\u00e9 en PDF aux deux parties d\u00e8s que le locataire a proc\u00e9d\u00e9 au r\u00e8glement des arrhes.<br><br><a href=\"https:\/\/www.guide-loueur.mediavacances.com\/wp-content\/uploads\/2022\/03\/exemple-contrat-Paiement-Se\u0301curise\u0301.pdf\" target=\"_blank\" rel=\"noreferrer noopener\">Exemple de contrat \u00ab\u00a0Paiement S\u00e9curis\u00e9<\/a>\u00a0\u00bb (propri\u00e9taire fran\u00e7ais, locataire allemand) <\/p><\/div><\/div><\/div><\/div><\/div><\/div><\/section>\n","protected":false},"excerpt":{"rendered":"<p>1. Obligation d&rsquo;une forme \u00e9crite En droit fran\u00e7ais, l&rsquo;accord entre loueur et locataire doit rev\u00eatir une forme \u00e9crite, ainsi, un simple \u00e9change d&rsquo;e-mail peut suffire \u00e0 mat\u00e9rialiser l&rsquo;accord contractuel. Toutefois, il est vivement conseill\u00e9 d&rsquo;utiliser un contrat de location saisonni\u00e8re. 2. Les clauses obligatoires et conseill\u00e9es du contrat de location saisonni\u00e8re 3. Les clauses abusives&hellip;&nbsp;<a href=\"https:\/\/www.guide-loueur.mediavacances.com\/index.php\/le-contrat-de-location-de-vacances\/\" class=\"\" rel=\"bookmark\">Lire la suite &raquo;<span class=\"screen-reader-text\">Le contrat de location de vacances<\/span><\/a><\/p>\n","protected":false},"author":1,"featured_media":0,"parent":0,"menu_order":0,"comment_status":"closed","ping_status":"closed","template":"","meta":{"neve_meta_sidebar":"","neve_meta_container":"","neve_meta_enable_content_width":"","neve_meta_content_width":0,"neve_meta_title_alignment":"","neve_meta_author_avatar":"","neve_post_elements_order":"","neve_meta_disable_header":"","neve_meta_disable_footer":"","neve_meta_disable_title":""},"yoast_head":"<!-- This site is optimized with the Yoast SEO plugin v18.3 - https:\/\/yoast.com\/wordpress\/plugins\/seo\/ -->\n<title>Le contrat de location de vacances - Guide Loueur MediaVacances<\/title>\n<meta name=\"description\" content=\"GUIDE LOUEUR MEDIAVACANCES : Le contrat de location de vacances - clauses obligatoires - clauses conseill\u00e9es - Clauses abusives - Les contrats des plates-formes de paiement\" \/>\n<meta name=\"robots\" content=\"index, follow, max-snippet:-1, max-image-preview:large, max-video-preview:-1\" \/>\n<link rel=\"canonical\" href=\"https:\/\/www.guide-loueur.mediavacances.com\/index.php\/le-contrat-de-location-de-vacances\/\" \/>\n<meta property=\"og:locale\" content=\"fr_FR\" \/>\n<meta property=\"og:type\" content=\"article\" \/>\n<meta property=\"og:title\" content=\"Le contrat de location de vacances - Guide Loueur MediaVacances\" \/>\n<meta property=\"og:description\" content=\"GUIDE LOUEUR MEDIAVACANCES : Le contrat de location de vacances - clauses obligatoires - clauses conseill\u00e9es - Clauses abusives - Les contrats des plates-formes de paiement\" \/>\n<meta property=\"og:url\" content=\"https:\/\/www.guide-loueur.mediavacances.com\/index.php\/le-contrat-de-location-de-vacances\/\" \/>\n<meta property=\"og:site_name\" content=\"Guide de la location de vacances\" \/>\n<meta property=\"article:modified_time\" content=\"2022-03-22T17:25:47+00:00\" \/>\n<meta name=\"twitter:card\" content=\"summary_large_image\" \/>\n<meta name=\"twitter:label1\" content=\"Dur\u00e9e de lecture estim\u00e9e\" \/>\n\t<meta name=\"twitter:data1\" content=\"6 minutes\" \/>\n<script type=\"application\/ld+json\" class=\"yoast-schema-graph\">{\"@context\":\"https:\/\/schema.org\",\"@graph\":[{\"@type\":\"Organization\",\"@id\":\"https:\/\/www.guide-loueur.mediavacances.com\/#organization\",\"name\":\"Guide propri\u00e9taire MediaVacances.com\",\"url\":\"https:\/\/www.guide-loueur.mediavacances.com\/\",\"sameAs\":[],\"logo\":{\"@type\":\"ImageObject\",\"@id\":\"https:\/\/www.guide-loueur.mediavacances.com\/#logo\",\"inLanguage\":\"fr-FR\",\"url\":\"https:\/\/guide-du-loueur-saisonnier.com\/wp-content\/uploads\/2022\/02\/cropped-cropped-Maison-logo_XXL.png\",\"contentUrl\":\"https:\/\/guide-du-loueur-saisonnier.com\/wp-content\/uploads\/2022\/02\/cropped-cropped-Maison-logo_XXL.png\",\"width\":512,\"height\":512,\"caption\":\"Guide propri\u00e9taire MediaVacances.com\"},\"image\":{\"@id\":\"https:\/\/www.guide-loueur.mediavacances.com\/#logo\"}},{\"@type\":\"WebSite\",\"@id\":\"https:\/\/www.guide-loueur.mediavacances.com\/#website\",\"url\":\"https:\/\/www.guide-loueur.mediavacances.com\/\",\"name\":\"Guide de la location de vacances\",\"description\":\"Guide loueur MediaVacances.com\",\"publisher\":{\"@id\":\"https:\/\/www.guide-loueur.mediavacances.com\/#organization\"},\"potentialAction\":[{\"@type\":\"SearchAction\",\"target\":{\"@type\":\"EntryPoint\",\"urlTemplate\":\"https:\/\/www.guide-loueur.mediavacances.com\/?s={search_term_string}\"},\"query-input\":\"required name=search_term_string\"}],\"inLanguage\":\"fr-FR\"},{\"@type\":\"WebPage\",\"@id\":\"https:\/\/www.guide-loueur.mediavacances.com\/index.php\/le-contrat-de-location-de-vacances\/#webpage\",\"url\":\"https:\/\/www.guide-loueur.mediavacances.com\/index.php\/le-contrat-de-location-de-vacances\/\",\"name\":\"Le contrat de location de vacances - Guide Loueur MediaVacances\",\"isPartOf\":{\"@id\":\"https:\/\/www.guide-loueur.mediavacances.com\/#website\"},\"datePublished\":\"2021-11-24T14:35:40+00:00\",\"dateModified\":\"2022-03-22T17:25:47+00:00\",\"description\":\"GUIDE LOUEUR MEDIAVACANCES : Le contrat de location de vacances - clauses obligatoires - clauses conseill\u00e9es - Clauses abusives - Les contrats des plates-formes de paiement\",\"breadcrumb\":{\"@id\":\"https:\/\/www.guide-loueur.mediavacances.com\/index.php\/le-contrat-de-location-de-vacances\/#breadcrumb\"},\"inLanguage\":\"fr-FR\",\"potentialAction\":[{\"@type\":\"ReadAction\",\"target\":[\"https:\/\/www.guide-loueur.mediavacances.com\/index.php\/le-contrat-de-location-de-vacances\/\"]}]},{\"@type\":\"BreadcrumbList\",\"@id\":\"https:\/\/www.guide-loueur.mediavacances.com\/index.php\/le-contrat-de-location-de-vacances\/#breadcrumb\",\"itemListElement\":[{\"@type\":\"ListItem\",\"position\":1,\"name\":\"Accueil\",\"item\":\"https:\/\/www.guide-loueur.mediavacances.com\/\"},{\"@type\":\"ListItem\",\"position\":2,\"name\":\"Le contrat de location de vacances\"}]}]}<\/script>\n<!-- \/ Yoast SEO plugin. -->","yoast_head_json":{"title":"Le contrat de location de vacances - Guide Loueur MediaVacances","description":"GUIDE LOUEUR MEDIAVACANCES : Le contrat de location de vacances - clauses obligatoires - clauses conseill\u00e9es - Clauses abusives - Les contrats des plates-formes de paiement","robots":{"index":"index","follow":"follow","max-snippet":"max-snippet:-1","max-image-preview":"max-image-preview:large","max-video-preview":"max-video-preview:-1"},"canonical":"https:\/\/www.guide-loueur.mediavacances.com\/index.php\/le-contrat-de-location-de-vacances\/","og_locale":"fr_FR","og_type":"article","og_title":"Le contrat de location de vacances - Guide Loueur MediaVacances","og_description":"GUIDE LOUEUR MEDIAVACANCES : Le contrat de location de vacances - clauses obligatoires - clauses conseill\u00e9es - Clauses abusives - Les contrats des plates-formes de paiement","og_url":"https:\/\/www.guide-loueur.mediavacances.com\/index.php\/le-contrat-de-location-de-vacances\/","og_site_name":"Guide de la location de vacances","article_modified_time":"2022-03-22T17:25:47+00:00","twitter_card":"summary_large_image","twitter_misc":{"Dur\u00e9e de lecture estim\u00e9e":"6 minutes"},"schema":{"@context":"https:\/\/schema.org","@graph":[{"@type":"Organization","@id":"https:\/\/www.guide-loueur.mediavacances.com\/#organization","name":"Guide propri\u00e9taire MediaVacances.com","url":"https:\/\/www.guide-loueur.mediavacances.com\/","sameAs":[],"logo":{"@type":"ImageObject","@id":"https:\/\/www.guide-loueur.mediavacances.com\/#logo","inLanguage":"fr-FR","url":"https:\/\/guide-du-loueur-saisonnier.com\/wp-content\/uploads\/2022\/02\/cropped-cropped-Maison-logo_XXL.png","contentUrl":"https:\/\/guide-du-loueur-saisonnier.com\/wp-content\/uploads\/2022\/02\/cropped-cropped-Maison-logo_XXL.png","width":512,"height":512,"caption":"Guide propri\u00e9taire MediaVacances.com"},"image":{"@id":"https:\/\/www.guide-loueur.mediavacances.com\/#logo"}},{"@type":"WebSite","@id":"https:\/\/www.guide-loueur.mediavacances.com\/#website","url":"https:\/\/www.guide-loueur.mediavacances.com\/","name":"Guide de la location de vacances","description":"Guide loueur MediaVacances.com","publisher":{"@id":"https:\/\/www.guide-loueur.mediavacances.com\/#organization"},"potentialAction":[{"@type":"SearchAction","target":{"@type":"EntryPoint","urlTemplate":"https:\/\/www.guide-loueur.mediavacances.com\/?s={search_term_string}"},"query-input":"required name=search_term_string"}],"inLanguage":"fr-FR"},{"@type":"WebPage","@id":"https:\/\/www.guide-loueur.mediavacances.com\/index.php\/le-contrat-de-location-de-vacances\/#webpage","url":"https:\/\/www.guide-loueur.mediavacances.com\/index.php\/le-contrat-de-location-de-vacances\/","name":"Le contrat de location de vacances - Guide Loueur MediaVacances","isPartOf":{"@id":"https:\/\/www.guide-loueur.mediavacances.com\/#website"},"datePublished":"2021-11-24T14:35:40+00:00","dateModified":"2022-03-22T17:25:47+00:00","description":"GUIDE LOUEUR MEDIAVACANCES : Le contrat de location de vacances - clauses obligatoires - clauses conseill\u00e9es - Clauses abusives - Les contrats des plates-formes de paiement","breadcrumb":{"@id":"https:\/\/www.guide-loueur.mediavacances.com\/index.php\/le-contrat-de-location-de-vacances\/#breadcrumb"},"inLanguage":"fr-FR","potentialAction":[{"@type":"ReadAction","target":["https:\/\/www.guide-loueur.mediavacances.com\/index.php\/le-contrat-de-location-de-vacances\/"]}]},{"@type":"BreadcrumbList","@id":"https:\/\/www.guide-loueur.mediavacances.com\/index.php\/le-contrat-de-location-de-vacances\/#breadcrumb","itemListElement":[{"@type":"ListItem","position":1,"name":"Accueil","item":"https:\/\/www.guide-loueur.mediavacances.com\/"},{"@type":"ListItem","position":2,"name":"Le contrat de location de vacances"}]}]}},"featured_image_src":null,"featured_image_src_square":null,"_links":{"self":[{"href":"https:\/\/www.guide-loueur.mediavacances.com\/index.php\/wp-json\/wp\/v2\/pages\/25"}],"collection":[{"href":"https:\/\/www.guide-loueur.mediavacances.com\/index.php\/wp-json\/wp\/v2\/pages"}],"about":[{"href":"https:\/\/www.guide-loueur.mediavacances.com\/index.php\/wp-json\/wp\/v2\/types\/page"}],"author":[{"embeddable":true,"href":"https:\/\/www.guide-loueur.mediavacances.com\/index.php\/wp-json\/wp\/v2\/users\/1"}],"replies":[{"embeddable":true,"href":"https:\/\/www.guide-loueur.mediavacances.com\/index.php\/wp-json\/wp\/v2\/comments?post=25"}],"version-history":[{"count":63,"href":"https:\/\/www.guide-loueur.mediavacances.com\/index.php\/wp-json\/wp\/v2\/pages\/25\/revisions"}],"predecessor-version":[{"id":2157,"href":"https:\/\/www.guide-loueur.mediavacances.com\/index.php\/wp-json\/wp\/v2\/pages\/25\/revisions\/2157"}],"wp:attachment":[{"href":"https:\/\/www.guide-loueur.mediavacances.com\/index.php\/wp-json\/wp\/v2\/media?parent=25"}],"curies":[{"name":"wp","href":"https:\/\/api.w.org\/{rel}","templated":true}]}}