{"id":36,"date":"2021-11-24T17:02:14","date_gmt":"2021-11-24T16:02:14","guid":{"rendered":"https:\/\/guide-du-loueur-saisonnier.com\/?page_id=36"},"modified":"2022-03-22T18:24:31","modified_gmt":"2022-03-22T17:24:31","slug":"la-strategie-commerciale","status":"publish","type":"page","link":"https:\/\/www.guide-loueur.mediavacances.com\/index.php\/la-strategie-commerciale\/","title":{"rendered":"La strat\u00e9gie commerciale"},"content":{"rendered":"\n<h2><\/h2>\n\n\n\n<p>Pour <strong>optimiser son revenu locatif<\/strong>, il faut mettre en place une <strong>strat\u00e9gie commerciale adapt\u00e9e<\/strong> et <strong>r\u00e9duire les co\u00fbts de publicit\u00e9\/r\u00e9servation<\/strong>. <br><br><\/p>\n\n\n\n<section id=\"c588cf\" class=\"section-c588cf gutentor-module gutentor-module-accordion gutentor-module-accordion-enable-toggle\"><div class=\"grid-container\">\n<div id=\"dcdab4\" class=\"wp-block-gutentor-m6-item section-dcdab4 gutentor-module gutentor-module-accordion-item\"><div class=\"gutentor-module-accordion-panel g-a-panel-c588cf\"><div class=\"gm-ah-c588cf gutentor-module-accordion-item-heading gutentor-module-icon-position-right\"><span class=\"gutentor-module-accordion-panel-handler\" role=\"button\"><span class=\"gutentor-module-accordion-panel-handler-label\">Identifier sa client\u00e8le potentielle<\/span><span class=\"gutentor-module-accordion-icon\"><i class=\"gm-aio-c588cf gutentor-module-accordion-icon-open fas fa-plus\"><\/i><i class=\"gm-aic-c588cf gutentor-module-accordion-icon-close fas fa-minus\"><\/i><\/span><\/span><\/div><div class=\"gm-ab-c588cf gutentor-module-accordion-body\">\n<div id=\"section-gc673b9\" class=\"wp-block-gutentor-e0 section-gc673b9 gutentor-element gutentor-element-advanced-text\"><div class=\"gutentor-text-wrap\"><p class=\"gutentor-text\">Qui sont les futurs locataires de l&rsquo;h\u00e9bergement : familles, jeunes couples, bandes d&rsquo;amis ?   Identifier la client\u00e8le potentielle d&rsquo;une location saisonni\u00e8re permet de l&rsquo;<a href=\"https:\/\/www.guide-loueur.mediavacances.com\/index.php\/preparer-son-bien-pour-la-location\/\">\u00e9quiper en cons\u00e9quence<\/a> et de s\u00e9lectionner le <a href=\"https:\/\/www.guide-loueur.mediavacances.com\/index.php\/les-plates-formes\/\">site de location de vacances entre particuliers<\/a> le plus adapt\u00e9. <\/p><\/div><\/div>\n<\/div><\/div><\/div>\n\n\n\n<div id=\"c6fe29\" class=\"wp-block-gutentor-m6-item section-c6fe29 gutentor-module gutentor-module-accordion-item\"><div class=\"gutentor-module-accordion-panel g-a-panel-c588cf\"><div class=\"gm-ah-c588cf gutentor-module-accordion-item-heading gutentor-module-icon-position-right\"><span class=\"gutentor-module-accordion-panel-handler\" role=\"button\"><span class=\"gutentor-module-accordion-panel-handler-label\">Cibler les march\u00e9s \u00e9trangers<\/span><span class=\"gutentor-module-accordion-icon\"><i class=\"gm-aio-c588cf gutentor-module-accordion-icon-open fas fa-plus\"><\/i><i class=\"gm-aic-c588cf gutentor-module-accordion-icon-close fas fa-minus\"><\/i><\/span><\/span><\/div><div class=\"gm-ab-c588cf gutentor-module-accordion-body\">\n<div id=\"section-g0b7d9e\" class=\"wp-block-gutentor-e0 section-g0b7d9e gutentor-element gutentor-element-advanced-text\"><div class=\"gutentor-text-wrap\"><p class=\"gutentor-text\">Cibler les locataires \u00e9trangers permet de louer plus facilement en dehors des p\u00e9riodes de vacances scolaires fran\u00e7aises et ainsi d&rsquo;optimiser le remplissage de votre calendrier. Il faut donc identifier les nationalit\u00e9s potentiellement int\u00e9ress\u00e9es par la location et traduire l&rsquo;annonce en cons\u00e9quence. Dans certains cas, il faudra adapter l&rsquo;\u00e9quipement de la location \u00e0 la client\u00e8le.<\/p><\/div><\/div>\n<\/div><\/div><\/div>\n\n\n\n<div id=\"581f61\" class=\"wp-block-gutentor-m6-item section-581f61 gutentor-module gutentor-module-accordion-item\"><div class=\"gutentor-module-accordion-panel g-a-panel-c588cf\"><div class=\"gm-ah-c588cf gutentor-module-accordion-item-heading gutentor-module-icon-position-right\"><span class=\"gutentor-module-accordion-panel-handler\" role=\"button\"><span class=\"gutentor-module-accordion-panel-handler-label\">Choisir sa ou ses plates-formes de location de vacances<\/span><span class=\"gutentor-module-accordion-icon\"><i class=\"gm-aio-c588cf gutentor-module-accordion-icon-open fas fa-plus\"><\/i><i class=\"gm-aic-c588cf gutentor-module-accordion-icon-close fas fa-minus\"><\/i><\/span><\/span><\/div><div class=\"gm-ab-c588cf gutentor-module-accordion-body\">\n<div id=\"section-g143d7d\" class=\"wp-block-gutentor-e0 section-g143d7d gutentor-element gutentor-element-advanced-text\"><div class=\"gutentor-text-wrap\"><p class=\"gutentor-text\">En fonction de la client\u00e8le vis\u00e9e, des diff\u00e9rents services propos\u00e9s et des co\u00fbts il faudra faire le choix d&rsquo;une ou plusieurs plates-formes de location de vacances. <br><br>Pour plus d&rsquo;informations consultez les rubriques d\u00e9di\u00e9es aux <a href=\"https:\/\/www.guide-loueur.mediavacances.com\/index.php\/les-deux-modeles-en-concurrence\/\">plates-formes de location de vacances<\/a> entre particuliers et aux <a href=\"https:\/\/www.guide-loueur.mediavacances.com\/index.php\/les-plates-formes-de-paiement\/\">services de paiement en ligne<\/a>. <br><\/p><\/div><\/div>\n\n\n\n<section id=\"gm18ba032\" class=\"wp-block-gutentor-m3 section-gm18ba032 gutentor-module gutentor-container-cover has-color-bg has-custom-bg\"><div class=\"grid-container\">\n<p class=\"has-small-font-size\"><i class=\"fas fa-lightbulb\"><\/i> <strong>Strat\u00e9gie progressive  : du moins cher au plus cher<\/strong><br><br>Certains loueurs privil\u00e9gient les plates-formes les moins ch\u00e8res en d\u00e9but de saison et compl\u00e8tent le cas \u00e9ch\u00e9ant leur offre avec celles qui prennent les commissions les plus \u00e9lev\u00e9es lorsque la saison avance. <\/p>\n<\/div><\/section>\n<\/div><\/div><\/div>\n\n\n\n<div id=\"e169c5\" class=\"wp-block-gutentor-m6-item section-e169c5 gutentor-module gutentor-module-accordion-item\"><div class=\"gutentor-module-accordion-panel g-a-panel-c588cf\"><div class=\"gm-ah-c588cf gutentor-module-accordion-item-heading gutentor-module-icon-position-right\"><span class=\"gutentor-module-accordion-panel-handler\" role=\"button\"><span class=\"gutentor-module-accordion-panel-handler-label\">Savoir piloter l&rsquo;offre commerciale<\/span><span class=\"gutentor-module-accordion-icon\"><i class=\"gm-aio-c588cf gutentor-module-accordion-icon-open fas fa-plus\"><\/i><i class=\"gm-aic-c588cf gutentor-module-accordion-icon-close fas fa-minus\"><\/i><\/span><\/span><\/div><div class=\"gm-ab-c588cf gutentor-module-accordion-body\">\n<div id=\"section-g12153d\" class=\"wp-block-gutentor-e0 section-g12153d gutentor-element gutentor-element-advanced-text\"><div class=\"gutentor-text-wrap\"><p class=\"gutentor-text\"><strong>Pour obtenir un taux de remplissage de 100%,<\/strong> le loueur devra parfois recourir aux <a href=\"https:\/\/www.guide-loueur.mediavacances.com\/index.php\/les-plates-formes\/\">diff\u00e9rentes options<\/a> de visibilit\u00e9  propos\u00e9es par les sites de location de vacances. Elles peuvent \u00eatre particuli\u00e8rement utiles pour remplir une p\u00e9riode en fin de saison, <a href=\"https:\/\/www.guide-loueur.mediavacances.com\/index.php\/gerer-les-annulations\/\">g\u00e9rer une annulation<\/a>, etc.<\/p><\/div><\/div>\n<\/div><\/div><\/div>\n\n\n\n<div id=\"3657b9\" class=\"wp-block-gutentor-m6-item section-3657b9 gutentor-module gutentor-module-accordion-item\"><div class=\"gutentor-module-accordion-panel g-a-panel-c588cf\"><div class=\"gm-ah-c588cf gutentor-module-accordion-item-heading gutentor-module-icon-position-right\"><span class=\"gutentor-module-accordion-panel-handler\" role=\"button\"><span class=\"gutentor-module-accordion-panel-handler-label\">Gestion humaine des locataires <\/span><span class=\"gutentor-module-accordion-icon\"><i class=\"gm-aio-c588cf gutentor-module-accordion-icon-open fas fa-plus\"><\/i><i class=\"gm-aic-c588cf gutentor-module-accordion-icon-close fas fa-minus\"><\/i><\/span><\/span><\/div><div class=\"gm-ab-c588cf gutentor-module-accordion-body\">\n<div id=\"section-g71196a\" class=\"wp-block-gutentor-e0 section-g71196a gutentor-element gutentor-element-advanced-text\"><div class=\"gutentor-text-wrap\"><p class=\"gutentor-text\">L&rsquo;un des int\u00e9r\u00eats de la <strong>location de vacances entre particuliers<\/strong> est la richesse de la relation humaine entre propri\u00e9taire et locataire. Elle est aussi essentielle pour fid\u00e9liser sa client\u00e8le, obtenir des avis positifs et ainsi optimiser son taux d&rsquo;occupation. <br><br>Quelques points \u00e0 consid\u00e9rer pour \u00e9tablir une bonne relation avec les locataires   : <\/p><\/div><\/div>\n\n\n\n<div id=\"section-gff40fc\" class=\"wp-block-gutentor-e7 section-gff40fc gutentor-element gutentor-element-list\"><ul class=\"grid-row gutentor-grid-item-wrap list-indicator-icon\"><li class=\"gutentor-list-item grid-lg-12 grid-md-12 grid-12\"><span class=\"gutentor-single-item gutentor-single-item-0\"><span class=\"gutentor-list-item-wrap g-s-list-wrap\"><span class=\"gutentor-single-list-item-icon\"><i class=\"list-item-icon fas fa-arrow-right\"><\/i><\/span><span class=\"gutentor-list-item\"><p class=\"gutentor-single-item-title\"><strong>La transparence<\/strong><br><br>La transparence sera toujours appr\u00e9ci\u00e9e par les locataires. Il est indispensable de d\u00e9crire fiablement la location sur l&rsquo;annonce, d&rsquo;\u00e9voquer les inconv\u00e9nients \u00e9ventuels de la location ou de son environnement etc. <\/p><\/span><\/span><\/span><\/li><li class=\"gutentor-list-item grid-lg-12 grid-md-12 grid-12\"><span class=\"gutentor-single-item gutentor-single-item-1\"><span class=\"gutentor-list-item-wrap g-s-list-wrap\"><span class=\"gutentor-single-list-item-icon\"><i class=\"list-item-icon fas fa-arrow-right\"><\/i><\/span><span class=\"gutentor-list-item\"><p class=\"gutentor-single-item-title\"><strong>Un juste rapport qualit\u00e9\/prix<\/strong><br><br>Les vacanciers s&rsquo;attendent \u00e0 louer moins cher lorsqu&rsquo;ils louent de particulier \u00e0 particulier. Dans un objectif d&rsquo;optimisation de la rentabilit\u00e9 Il est souvent plus profitable de chercher \u00e0 optimiser le taux de remplissage et donc la satisfaction du locataire que d&rsquo;augmenter les prix de la location. <\/p><\/span><\/span><\/span><\/li><li class=\"gutentor-list-item grid-lg-12 grid-md-12 grid-12\"><span class=\"gutentor-single-item gutentor-single-item-2\"><span class=\"gutentor-list-item-wrap g-s-list-wrap\"><span class=\"gutentor-single-list-item-icon\"><i class=\"list-item-icon fas fa-arrow-right\"><\/i><\/span><span class=\"gutentor-list-item\"><p class=\"gutentor-single-item-title\"><strong>Une gestion soign\u00e9e du bien <\/strong><br><br>Le propri\u00e9taire doit assurer un contact commercial efficace avec le locataire. Il assure la remise des cl\u00e9s selon les dispositions convenues et doit pouvoir intervenir directement ou indirectement en cas de probl\u00e8me dans la location. <\/p><\/span><\/span><\/span><\/li><\/ul><\/div>\n\n\n\n<p>Il est important d&rsquo;\u00eatre attentif \u00e0 la satisfaction du locataire. Quelques petites astuces faciles \u00e0 mettre en place peuvent permettre de mettre la relation avec les locataires sur de bons rails. En r\u00e9sulteront fid\u00e9lisation et avis positifs ! <\/p>\n\n\n\n<div id=\"section-gf871fc\" class=\"wp-block-gutentor-e7 section-gf871fc gutentor-element gutentor-element-list\"><ul class=\"grid-row gutentor-grid-item-wrap list-indicator-icon\"><li class=\"gutentor-list-item grid-lg-12 grid-md-12 grid-12\"><span class=\"gutentor-single-item gutentor-single-item-0\"><span class=\"gutentor-list-item-wrap g-s-list-wrap\"><span class=\"gutentor-single-list-item-icon\"><i class=\"list-item-icon fas fa-arrow-right\"><\/i><\/span><span class=\"gutentor-list-item\"><p class=\"gutentor-single-item-title\">Pr\u00e9voyez un petit cadeau \u00e0 l&rsquo;arriv\u00e9e : une bouteille de vin, une sp\u00e9cialit\u00e9 locale, etc. Ce sera toujours appr\u00e9ci\u00e9 apr\u00e8s quelques heures de trajet. <\/p><\/span><\/span><\/span><\/li><li class=\"gutentor-list-item grid-lg-12 grid-md-12 grid-12\"><span class=\"gutentor-single-item gutentor-single-item-1\"><span class=\"gutentor-list-item-wrap g-s-list-wrap\"><span class=\"gutentor-single-list-item-icon\"><i class=\"list-item-icon fas fa-arrow-right\"><\/i><\/span><span class=\"gutentor-list-item\"><p class=\"gutentor-single-item-title\">Pr\u00e9voyez quelques produits de premi\u00e8res n\u00e9cessit\u00e9 : sel, poivre, huile, papier toilette etc.<\/p><\/span><\/span><\/span><\/li><li class=\"gutentor-list-item grid-lg-12 grid-md-12 grid-12\"><span class=\"gutentor-single-item gutentor-single-item-2\"><span class=\"gutentor-list-item-wrap g-s-list-wrap\"><span class=\"gutentor-single-list-item-icon\"><i class=\"list-item-icon fas fa-arrow-right\"><\/i><\/span><span class=\"gutentor-list-item\"><p class=\"gutentor-single-item-title\">Envoyez un petit message au locataire quelques jours apr\u00e8s son arriv\u00e9e pour lui demander si tout se passe bien. <\/p><\/span><\/span><\/span><\/li><li class=\"gutentor-list-item grid-lg-12 grid-md-12 grid-12\"><span class=\"gutentor-single-item gutentor-single-item-3\"><span class=\"gutentor-list-item-wrap g-s-list-wrap\"><span class=\"gutentor-single-list-item-icon\"><i class=\"list-item-icon fas fa-arrow-right\"><\/i><\/span><span class=\"gutentor-list-item\"><p class=\"gutentor-single-item-title\">Fournissez le petit \u00e9quipement qui permettra aux locataires de passer de bonnes vacances : accessoires de plage, de montagne, etc.<\/p><\/span><\/span><\/span><\/li><li class=\"gutentor-list-item grid-lg-12 grid-md-12 grid-12\"><span class=\"gutentor-single-item gutentor-single-item-4\"><span class=\"gutentor-list-item-wrap g-s-list-wrap\"><span class=\"gutentor-single-list-item-icon\"><i class=\"list-item-icon fas fa-arrow-right\"><\/i><\/span><span class=\"gutentor-list-item\"><p class=\"gutentor-single-item-title\">Cr\u00e9ez un petit guide de la location rassemblant vos bons conseils : restaurants, plages, attractions touristiques. Voir la rubrique <a href=\"https:\/\/www.guide-loueur.mediavacances.com\/index.php\/preparer-son-bien-pour-la-location\/\">Pr\u00e9parer son bien pour la location<\/a>. <\/p><\/span><\/span><\/span><\/li><\/ul><\/div>\n<\/div><\/div><\/div>\n\n\n\n<div id=\"6baee8\" class=\"wp-block-gutentor-m6-item section-6baee8 gutentor-module gutentor-module-accordion-item\"><div class=\"gutentor-module-accordion-panel g-a-panel-c588cf\"><div class=\"gm-ah-c588cf gutentor-module-accordion-item-heading gutentor-module-icon-position-right\"><span class=\"gutentor-module-accordion-panel-handler\" role=\"button\"><span class=\"gutentor-module-accordion-panel-handler-label\">Sollicitation des avis locataires<\/span><span class=\"gutentor-module-accordion-icon\"><i class=\"gm-aio-c588cf gutentor-module-accordion-icon-open fas fa-plus\"><\/i><i class=\"gm-aic-c588cf gutentor-module-accordion-icon-close fas fa-minus\"><\/i><\/span><\/span><\/div><div class=\"gm-ab-c588cf gutentor-module-accordion-body\">\n<div id=\"section-g99312a\" class=\"wp-block-gutentor-e0 section-g99312a gutentor-element gutentor-element-advanced-text\"><div class=\"gutentor-text-wrap\"><p class=\"gutentor-text\">Bien souvent, le nombre d&rsquo;avis positifs sur une location de vacances ne d\u00e9pend pas de la qualit\u00e9 de la location mais du caract\u00e8re \u00ab\u00a0proactif du propri\u00e9taire\u00a0\u00bb. <strong>Il ne faut pas h\u00e9siter \u00e0 solliciter les locataires pour leur demander de r\u00e9diger une recommendation sur la location<\/strong>, voir la page d\u00e9di\u00e9e \u00e0 la <a href=\"https:\/\/www.guide-loueur.mediavacances.com\/index.php\/les-avis-des-locataires\/\">gestion des avis locataires<\/a>. <\/p><\/div><\/div>\n<\/div><\/div><\/div>\n\n\n\n<div id=\"323ae0\" class=\"wp-block-gutentor-m6-item section-323ae0 gutentor-module gutentor-module-accordion-item\"><div class=\"gutentor-module-accordion-panel g-a-panel-c588cf\"><div class=\"gm-ah-c588cf gutentor-module-accordion-item-heading gutentor-module-icon-position-right\"><span class=\"gutentor-module-accordion-panel-handler\" role=\"button\"><span class=\"gutentor-module-accordion-panel-handler-label\">Optimiser son annonce <\/span><span class=\"gutentor-module-accordion-icon\"><i class=\"gm-aio-c588cf gutentor-module-accordion-icon-open fas fa-plus\"><\/i><i class=\"gm-aic-c588cf gutentor-module-accordion-icon-close fas fa-minus\"><\/i><\/span><\/span><\/div><div class=\"gm-ab-c588cf gutentor-module-accordion-body\">\n<div id=\"section-g93dd26\" class=\"wp-block-gutentor-e0 section-g93dd26 gutentor-element gutentor-element-advanced-text\"><div class=\"gutentor-text-wrap\"><p class=\"gutentor-text\">C&rsquo;est bien entendu un point tr\u00e8s important, notamment s&rsquo;agissant des <strong>photos, qui repr\u00e9sentent 90% du potentiel commercial de l&rsquo;annonce<\/strong>. Une page du blog est <a href=\"https:\/\/www.guide-loueur.mediavacances.com\/index.php\/les-photos\/\">d\u00e9di\u00e9e<\/a> \u00e0 ce sujet. <br><br>Les caract\u00e9ristiques touristiques de la location doivent \u00eatre mise en avant. Il ne faut pas h\u00e9siter \u00e0 d\u00e9crire les bons moments que le vacancier pourra passer dans l&rsquo;environnement proche de la location (le mieux \u00e9tant de les illustrer avec une photo), par ex. :<\/p><\/div><\/div>\n\n\n\n<div id=\"section-g66f5c4\" class=\"wp-block-gutentor-e7 section-g66f5c4 gutentor-element gutentor-element-list\"><ul class=\"grid-row gutentor-grid-item-wrap list-indicator-icon\"><li class=\"gutentor-list-item grid-lg-12 grid-md-12 grid-12\"><span class=\"gutentor-single-item gutentor-single-item-0\"><span class=\"gutentor-list-item-wrap g-s-list-wrap\"><span class=\"gutentor-single-list-item-icon\"><i class=\"list-item-icon fas fa-arrow-right\"><\/i><\/span><span class=\"gutentor-list-item\"><p class=\"gutentor-single-item-title\">Terrasse expos\u00e9e ouest o\u00f9 l&rsquo;on pourra regarder le soleil se coucher sur les montagnes<\/p><\/span><\/span><\/span><\/li><li class=\"gutentor-list-item grid-lg-12 grid-md-12 grid-12\"><span class=\"gutentor-single-item gutentor-single-item-1\"><span class=\"gutentor-list-item-wrap g-s-list-wrap\"><span class=\"gutentor-single-list-item-icon\"><i class=\"list-item-icon fas fa-arrow-right\"><\/i><\/span><span class=\"gutentor-list-item\"><p class=\"gutentor-single-item-title\">Jardin ensoleill\u00e9 o\u00f9 l&rsquo;on pourra prendre son petit d\u00e9jeuner au chant des oiseaux<\/p><\/span><\/span><\/span><\/li><li class=\"gutentor-list-item grid-lg-12 grid-md-12 grid-12\"><span class=\"gutentor-single-item gutentor-single-item-2\"><span class=\"gutentor-list-item-wrap g-s-list-wrap\"><span class=\"gutentor-single-list-item-icon\"><i class=\"list-item-icon fas fa-arrow-right\"><\/i><\/span><span class=\"gutentor-list-item\"><p class=\"gutentor-single-item-title\">D\u00e9part du GR du Tour du Mont Blanc \u00e0 100m<\/p><\/span><\/span><\/span><\/li><\/ul><\/div>\n<\/div><\/div><\/div>\n\n\n\n<div id=\"5336a5\" class=\"wp-block-gutentor-m6-item section-5336a5 gutentor-module gutentor-module-accordion-item\"><div class=\"gutentor-module-accordion-panel g-a-panel-c588cf\"><div class=\"gm-ah-c588cf gutentor-module-accordion-item-heading gutentor-module-icon-position-right\"><span class=\"gutentor-module-accordion-panel-handler\" role=\"button\"><span class=\"gutentor-module-accordion-panel-handler-label\">Strat\u00e9gie tarifaire <\/span><span class=\"gutentor-module-accordion-icon\"><i class=\"gm-aio-c588cf gutentor-module-accordion-icon-open fas fa-plus\"><\/i><i class=\"gm-aic-c588cf gutentor-module-accordion-icon-close fas fa-minus\"><\/i><\/span><\/span><\/div><div class=\"gm-ab-c588cf gutentor-module-accordion-body\">\n<div id=\"section-g7f0579\" class=\"wp-block-gutentor-e0 section-g7f0579 gutentor-element gutentor-element-advanced-text\"><div class=\"gutentor-text-wrap\"><p class=\"gutentor-text\">Pour optimiser le revenu d&rsquo;une location de vacances, il faut bien entendu avoir une strat\u00e9gie tarifaire pertinente. Il faut en particulier tenir compte des facteurs suivants  : <\/p><\/div><\/div>\n\n\n\n<div id=\"section-g3df0c9\" class=\"wp-block-gutentor-e7 section-g3df0c9 gutentor-element gutentor-element-list\"><ul class=\"grid-row gutentor-grid-item-wrap list-indicator-icon\"><li class=\"gutentor-list-item grid-lg-12 grid-md-12 grid-12\"><span class=\"gutentor-single-item gutentor-single-item-0\"><span class=\"gutentor-list-item-wrap g-s-list-wrap\"><span class=\"gutentor-single-list-item-icon\"><i class=\"list-item-icon fas fa-arrow-right\"><\/i><\/span><span class=\"gutentor-list-item\"><p class=\"gutentor-single-item-title\"><strong>La saisonnalit\u00e9<\/strong><br><br>Beaucoup de propri\u00e9taires proposent des tarifs avec une saisonnalit\u00e9 trop peu marqu\u00e9e. Les loyers en haute saison sont trop bas et ceux de la basse saison sont trop \u00e9lev\u00e9s.<\/p><\/span><\/span><\/span><\/li><li class=\"gutentor-list-item grid-lg-12 grid-md-12 grid-12\"><span class=\"gutentor-single-item gutentor-single-item-1\"><span class=\"gutentor-list-item-wrap g-s-list-wrap\"><span class=\"gutentor-single-list-item-icon\"><i class=\"list-item-icon fas fa-arrow-right\"><\/i><\/span><span class=\"gutentor-list-item\"><p class=\"gutentor-single-item-title\"><strong>Les \u00e9v\u00e8nements locaux<\/strong><br><br>Les foires, salon, festivals peuvent avoir une influence sur le prix des locations saisonni\u00e8res. <\/p><\/span><\/span><\/span><\/li><li class=\"gutentor-list-item grid-lg-12 grid-md-12 grid-12\"><span class=\"gutentor-single-item gutentor-single-item-2\"><span class=\"gutentor-list-item-wrap g-s-list-wrap\"><span class=\"gutentor-single-list-item-icon\"><i class=\"list-item-icon fas fa-arrow-right\"><\/i><\/span><span class=\"gutentor-list-item\"><p class=\"gutentor-single-item-title\"><strong>La concurrence <\/strong><br><br>Il faut bien entendu tenir compte de la concurrence et des loyers demand\u00e9s pour les logements similaires \u00e0 proximit\u00e9.<\/p><\/span><\/span><\/span><\/li><li class=\"gutentor-list-item grid-lg-12 grid-md-12 grid-12\"><span class=\"gutentor-single-item gutentor-single-item-3\"><span class=\"gutentor-list-item-wrap g-s-list-wrap\"><span class=\"gutentor-single-list-item-icon\"><i class=\"list-item-icon fas fa-arrow-right\"><\/i><\/span><span class=\"gutentor-list-item\"><p class=\"gutentor-single-item-title\"><strong>La location de particulier \u00e0 particulier <\/strong><br><br>Les vacanciers s&rsquo;attendent \u00e0 louer moins cher un h\u00e9bergement de vacances de particulier \u00e0 particulier. Le tarif d&rsquo;une location diffus\u00e9e sur une plate-forme peu ch\u00e8re  devrait \u00eatre inf\u00e9rieur \u00e0 celui appliqu\u00e9 par une agence immobili\u00e8re ou de voyage :<br><br>&#8211; de 30% sur une plate-forme qui prend un abonnement ou une commission r\u00e9duite, <br>&#8211; de 10 \u00e0 20% sur une plate-forme qui prend une commission \u00e9lev\u00e9e.<\/p><\/span><\/span><\/span><\/li><\/ul><\/div>\n<\/div><\/div><\/div>\n<\/div><\/section>\n\n\n\n<h2><br><br><br><br><\/h2>\n\n\n\n<p><br><br><br><\/p>\n\n\n\n<p><br><br><br><\/p>\n","protected":false},"excerpt":{"rendered":"<p>Pour optimiser son revenu locatif, il faut mettre en place une strat\u00e9gie commerciale adapt\u00e9e et r\u00e9duire les co\u00fbts de publicit\u00e9\/r\u00e9servation.<\/p>\n","protected":false},"author":1,"featured_media":0,"parent":0,"menu_order":0,"comment_status":"closed","ping_status":"closed","template":"","meta":{"neve_meta_sidebar":"","neve_meta_container":"","neve_meta_enable_content_width":"","neve_meta_content_width":0,"neve_meta_title_alignment":"","neve_meta_author_avatar":"","neve_post_elements_order":"","neve_meta_disable_header":"","neve_meta_disable_footer":"","neve_meta_disable_title":""},"yoast_head":"<!-- This site is optimized with the Yoast SEO plugin v18.3 - https:\/\/yoast.com\/wordpress\/plugins\/seo\/ -->\n<title>Location de vacances : strat\u00e9gie commerciale et optimisation des revenus locatifs<\/title>\n<meta name=\"description\" content=\"GUIDE LOUEUR MEDIAVACANCES: Comment optimiser les revenus locatifs et sa rentabilit\u00e9 d&#039;une location de vacances entre particuliers : client\u00e8le, march\u00e9s \u00e9trangers, politique tarifaire, gestion des avis, annulations, etc.\" \/>\n<meta name=\"robots\" content=\"index, follow, max-snippet:-1, max-image-preview:large, max-video-preview:-1\" \/>\n<link rel=\"canonical\" href=\"https:\/\/www.guide-loueur.mediavacances.com\/index.php\/la-strategie-commerciale\/\" \/>\n<meta property=\"og:locale\" content=\"fr_FR\" \/>\n<meta property=\"og:type\" content=\"article\" \/>\n<meta property=\"og:title\" content=\"Location de vacances : strat\u00e9gie commerciale et optimisation des revenus locatifs\" \/>\n<meta property=\"og:description\" content=\"GUIDE LOUEUR MEDIAVACANCES: Comment optimiser les revenus locatifs et sa rentabilit\u00e9 d&#039;une location de vacances entre particuliers : client\u00e8le, march\u00e9s \u00e9trangers, politique tarifaire, gestion des avis, annulations, etc.\" \/>\n<meta property=\"og:url\" content=\"https:\/\/www.guide-loueur.mediavacances.com\/index.php\/la-strategie-commerciale\/\" \/>\n<meta property=\"og:site_name\" content=\"Guide de la location de vacances\" \/>\n<meta property=\"article:modified_time\" content=\"2022-03-22T17:24:31+00:00\" \/>\n<meta name=\"twitter:card\" content=\"summary_large_image\" \/>\n<meta name=\"twitter:label1\" content=\"Dur\u00e9e de lecture estim\u00e9e\" \/>\n\t<meta name=\"twitter:data1\" content=\"5 minutes\" \/>\n<script type=\"application\/ld+json\" class=\"yoast-schema-graph\">{\"@context\":\"https:\/\/schema.org\",\"@graph\":[{\"@type\":\"Organization\",\"@id\":\"https:\/\/www.guide-loueur.mediavacances.com\/#organization\",\"name\":\"Guide propri\u00e9taire MediaVacances.com\",\"url\":\"https:\/\/www.guide-loueur.mediavacances.com\/\",\"sameAs\":[],\"logo\":{\"@type\":\"ImageObject\",\"@id\":\"https:\/\/www.guide-loueur.mediavacances.com\/#logo\",\"inLanguage\":\"fr-FR\",\"url\":\"https:\/\/guide-du-loueur-saisonnier.com\/wp-content\/uploads\/2022\/02\/cropped-cropped-Maison-logo_XXL.png\",\"contentUrl\":\"https:\/\/guide-du-loueur-saisonnier.com\/wp-content\/uploads\/2022\/02\/cropped-cropped-Maison-logo_XXL.png\",\"width\":512,\"height\":512,\"caption\":\"Guide propri\u00e9taire MediaVacances.com\"},\"image\":{\"@id\":\"https:\/\/www.guide-loueur.mediavacances.com\/#logo\"}},{\"@type\":\"WebSite\",\"@id\":\"https:\/\/www.guide-loueur.mediavacances.com\/#website\",\"url\":\"https:\/\/www.guide-loueur.mediavacances.com\/\",\"name\":\"Guide de la location de vacances\",\"description\":\"Guide loueur MediaVacances.com\",\"publisher\":{\"@id\":\"https:\/\/www.guide-loueur.mediavacances.com\/#organization\"},\"potentialAction\":[{\"@type\":\"SearchAction\",\"target\":{\"@type\":\"EntryPoint\",\"urlTemplate\":\"https:\/\/www.guide-loueur.mediavacances.com\/?s={search_term_string}\"},\"query-input\":\"required name=search_term_string\"}],\"inLanguage\":\"fr-FR\"},{\"@type\":\"WebPage\",\"@id\":\"https:\/\/www.guide-loueur.mediavacances.com\/index.php\/la-strategie-commerciale\/#webpage\",\"url\":\"https:\/\/www.guide-loueur.mediavacances.com\/index.php\/la-strategie-commerciale\/\",\"name\":\"Location de vacances : strat\u00e9gie commerciale et optimisation des revenus locatifs\",\"isPartOf\":{\"@id\":\"https:\/\/www.guide-loueur.mediavacances.com\/#website\"},\"datePublished\":\"2021-11-24T16:02:14+00:00\",\"dateModified\":\"2022-03-22T17:24:31+00:00\",\"description\":\"GUIDE LOUEUR MEDIAVACANCES: Comment optimiser les revenus locatifs et sa rentabilit\u00e9 d'une location de vacances entre particuliers : client\u00e8le, march\u00e9s \u00e9trangers, politique tarifaire, gestion des avis, annulations, etc.\",\"breadcrumb\":{\"@id\":\"https:\/\/www.guide-loueur.mediavacances.com\/index.php\/la-strategie-commerciale\/#breadcrumb\"},\"inLanguage\":\"fr-FR\",\"potentialAction\":[{\"@type\":\"ReadAction\",\"target\":[\"https:\/\/www.guide-loueur.mediavacances.com\/index.php\/la-strategie-commerciale\/\"]}]},{\"@type\":\"BreadcrumbList\",\"@id\":\"https:\/\/www.guide-loueur.mediavacances.com\/index.php\/la-strategie-commerciale\/#breadcrumb\",\"itemListElement\":[{\"@type\":\"ListItem\",\"position\":1,\"name\":\"Accueil\",\"item\":\"https:\/\/www.guide-loueur.mediavacances.com\/\"},{\"@type\":\"ListItem\",\"position\":2,\"name\":\"La strat\u00e9gie commerciale\"}]}]}<\/script>\n<!-- \/ Yoast SEO plugin. -->","yoast_head_json":{"title":"Location de vacances : strat\u00e9gie commerciale et optimisation des revenus locatifs","description":"GUIDE LOUEUR MEDIAVACANCES: Comment optimiser les revenus locatifs et sa rentabilit\u00e9 d'une location de vacances entre particuliers : client\u00e8le, march\u00e9s \u00e9trangers, politique tarifaire, gestion des avis, annulations, etc.","robots":{"index":"index","follow":"follow","max-snippet":"max-snippet:-1","max-image-preview":"max-image-preview:large","max-video-preview":"max-video-preview:-1"},"canonical":"https:\/\/www.guide-loueur.mediavacances.com\/index.php\/la-strategie-commerciale\/","og_locale":"fr_FR","og_type":"article","og_title":"Location de vacances : strat\u00e9gie commerciale et optimisation des revenus locatifs","og_description":"GUIDE LOUEUR MEDIAVACANCES: Comment optimiser les revenus locatifs et sa rentabilit\u00e9 d'une location de vacances entre particuliers : client\u00e8le, march\u00e9s \u00e9trangers, politique tarifaire, gestion des avis, annulations, etc.","og_url":"https:\/\/www.guide-loueur.mediavacances.com\/index.php\/la-strategie-commerciale\/","og_site_name":"Guide de la location de vacances","article_modified_time":"2022-03-22T17:24:31+00:00","twitter_card":"summary_large_image","twitter_misc":{"Dur\u00e9e de lecture estim\u00e9e":"5 minutes"},"schema":{"@context":"https:\/\/schema.org","@graph":[{"@type":"Organization","@id":"https:\/\/www.guide-loueur.mediavacances.com\/#organization","name":"Guide propri\u00e9taire MediaVacances.com","url":"https:\/\/www.guide-loueur.mediavacances.com\/","sameAs":[],"logo":{"@type":"ImageObject","@id":"https:\/\/www.guide-loueur.mediavacances.com\/#logo","inLanguage":"fr-FR","url":"https:\/\/guide-du-loueur-saisonnier.com\/wp-content\/uploads\/2022\/02\/cropped-cropped-Maison-logo_XXL.png","contentUrl":"https:\/\/guide-du-loueur-saisonnier.com\/wp-content\/uploads\/2022\/02\/cropped-cropped-Maison-logo_XXL.png","width":512,"height":512,"caption":"Guide propri\u00e9taire MediaVacances.com"},"image":{"@id":"https:\/\/www.guide-loueur.mediavacances.com\/#logo"}},{"@type":"WebSite","@id":"https:\/\/www.guide-loueur.mediavacances.com\/#website","url":"https:\/\/www.guide-loueur.mediavacances.com\/","name":"Guide de la location de vacances","description":"Guide loueur MediaVacances.com","publisher":{"@id":"https:\/\/www.guide-loueur.mediavacances.com\/#organization"},"potentialAction":[{"@type":"SearchAction","target":{"@type":"EntryPoint","urlTemplate":"https:\/\/www.guide-loueur.mediavacances.com\/?s={search_term_string}"},"query-input":"required name=search_term_string"}],"inLanguage":"fr-FR"},{"@type":"WebPage","@id":"https:\/\/www.guide-loueur.mediavacances.com\/index.php\/la-strategie-commerciale\/#webpage","url":"https:\/\/www.guide-loueur.mediavacances.com\/index.php\/la-strategie-commerciale\/","name":"Location de vacances : strat\u00e9gie commerciale et optimisation des revenus locatifs","isPartOf":{"@id":"https:\/\/www.guide-loueur.mediavacances.com\/#website"},"datePublished":"2021-11-24T16:02:14+00:00","dateModified":"2022-03-22T17:24:31+00:00","description":"GUIDE LOUEUR MEDIAVACANCES: Comment optimiser les revenus locatifs et sa rentabilit\u00e9 d'une location de vacances entre particuliers : client\u00e8le, march\u00e9s \u00e9trangers, politique tarifaire, gestion des avis, annulations, etc.","breadcrumb":{"@id":"https:\/\/www.guide-loueur.mediavacances.com\/index.php\/la-strategie-commerciale\/#breadcrumb"},"inLanguage":"fr-FR","potentialAction":[{"@type":"ReadAction","target":["https:\/\/www.guide-loueur.mediavacances.com\/index.php\/la-strategie-commerciale\/"]}]},{"@type":"BreadcrumbList","@id":"https:\/\/www.guide-loueur.mediavacances.com\/index.php\/la-strategie-commerciale\/#breadcrumb","itemListElement":[{"@type":"ListItem","position":1,"name":"Accueil","item":"https:\/\/www.guide-loueur.mediavacances.com\/"},{"@type":"ListItem","position":2,"name":"La strat\u00e9gie commerciale"}]}]}},"featured_image_src":null,"featured_image_src_square":null,"_links":{"self":[{"href":"https:\/\/www.guide-loueur.mediavacances.com\/index.php\/wp-json\/wp\/v2\/pages\/36"}],"collection":[{"href":"https:\/\/www.guide-loueur.mediavacances.com\/index.php\/wp-json\/wp\/v2\/pages"}],"about":[{"href":"https:\/\/www.guide-loueur.mediavacances.com\/index.php\/wp-json\/wp\/v2\/types\/page"}],"author":[{"embeddable":true,"href":"https:\/\/www.guide-loueur.mediavacances.com\/index.php\/wp-json\/wp\/v2\/users\/1"}],"replies":[{"embeddable":true,"href":"https:\/\/www.guide-loueur.mediavacances.com\/index.php\/wp-json\/wp\/v2\/comments?post=36"}],"version-history":[{"count":24,"href":"https:\/\/www.guide-loueur.mediavacances.com\/index.php\/wp-json\/wp\/v2\/pages\/36\/revisions"}],"predecessor-version":[{"id":2158,"href":"https:\/\/www.guide-loueur.mediavacances.com\/index.php\/wp-json\/wp\/v2\/pages\/36\/revisions\/2158"}],"wp:attachment":[{"href":"https:\/\/www.guide-loueur.mediavacances.com\/index.php\/wp-json\/wp\/v2\/media?parent=36"}],"curies":[{"name":"wp","href":"https:\/\/api.w.org\/{rel}","templated":true}]}}