{"id":57,"date":"2021-11-25T15:32:37","date_gmt":"2021-11-25T14:32:37","guid":{"rendered":"https:\/\/guide-du-loueur-saisonnier.com\/?page_id=57"},"modified":"2022-03-30T09:47:02","modified_gmt":"2022-03-30T07:47:02","slug":"les-avis-des-locataires","status":"publish","type":"page","link":"https:\/\/www.guide-loueur.mediavacances.com\/index.php\/les-avis-des-locataires\/","title":{"rendered":"G\u00e9rer les avis des locataires"},"content":{"rendered":"\n<p>Les avis des locataires ont pris beaucoup d&rsquo;importance ces derni\u00e8res ann\u00e9es dans le domaine de la <strong>location de vacances entre particuliers<\/strong>. C&rsquo;est un point \u00e0 ne pas n\u00e9gliger si l&rsquo;on souhaite optimiser son activit\u00e9 locative. <\/p>\n\n\n\n<h2>Optimiser le nombre d&rsquo;avis positifs <\/h2>\n\n\n\n<p>Les avis positifs des locataires valorisent l&rsquo;annonce. Il est important d&rsquo;en avoir plusieurs. <\/p>\n\n\n\n<section id=\"77e8cb\" class=\"section-77e8cb gutentor-module gutentor-module-accordion gutentor-module-accordion-enable-toggle\"><div class=\"grid-container\">\n<div id=\"bf51a2\" class=\"wp-block-gutentor-m6-item section-bf51a2 gutentor-module gutentor-module-accordion-item\"><div class=\"gutentor-module-accordion-panel g-a-panel-77e8cb\"><div class=\"gm-ah-77e8cb gutentor-module-accordion-item-heading gutentor-module-icon-position-right\"><span class=\"gutentor-module-accordion-panel-handler\" role=\"button\"><span class=\"gutentor-module-accordion-panel-handler-label\">Identifier la politique du site<\/span><span class=\"gutentor-module-accordion-icon\"><i class=\"gm-aio-77e8cb gutentor-module-accordion-icon-open fas fa-plus\"><\/i><i class=\"gm-aic-77e8cb gutentor-module-accordion-icon-close fas fa-minus\"><\/i><\/span><\/span><\/div><div class=\"gm-ab-77e8cb gutentor-module-accordion-body\">\n<div id=\"section-g0d47a9\" class=\"wp-block-gutentor-e0 section-g0d47a9 gutentor-element gutentor-element-advanced-text\"><div class=\"gutentor-text-wrap\"><p class=\"gutentor-text\">La plupart des sites de location de vacances invitent les locataires \u00e0 cr\u00e9er un avis par le biais d&rsquo;un e-mail. Il est souhaitable de savoir \u00e0 quelle date est envoy\u00e9e l&rsquo;invitation afin de pouvoir \u00e9ventuellement relancer le locataire quelques jours plus tard. <\/p><\/div><\/div>\n<\/div><\/div><\/div>\n\n\n\n<div id=\"ca29f0\" class=\"wp-block-gutentor-m6-item section-ca29f0 gutentor-module gutentor-module-accordion-item\"><div class=\"gutentor-module-accordion-panel g-a-panel-77e8cb\"><div class=\"gm-ah-77e8cb gutentor-module-accordion-item-heading gutentor-module-icon-position-right\"><span class=\"gutentor-module-accordion-panel-handler\" role=\"button\"><span class=\"gutentor-module-accordion-panel-handler-label\">Sollicitez les locataires !<\/span><span class=\"gutentor-module-accordion-icon\"><i class=\"gm-aio-77e8cb gutentor-module-accordion-icon-open fas fa-plus\"><\/i><i class=\"gm-aic-77e8cb gutentor-module-accordion-icon-close fas fa-minus\"><\/i><\/span><\/span><\/div><div class=\"gm-ab-77e8cb gutentor-module-accordion-body\">\n<div id=\"section-g5e8070\" class=\"wp-block-gutentor-e0 section-g5e8070 gutentor-element gutentor-element-advanced-text\"><div class=\"gutentor-text-wrap\"><p class=\"gutentor-text\">Les locataires ne pensent pas toujours \u00e0 laisser un avis sur la location, et ce  m\u00eame si la plate-forme le propose. La fin de leur s\u00e9jour arriv\u00e9e, ils retournent \u00e0 leurs pr\u00e9occupations quotidiennes et oublient rapidement les bons moments qu&rsquo;ils ont pu passer en vacances. <strong>Il ne faut pas h\u00e9siter \u00e0 les solliciter. <\/strong><br><br>Certaines plates-formes permettent d&rsquo;envoyer vous-m\u00eame des invitations \u00e0 laisser un commentaire, en particulier lorsque le locataire a pris contact par t\u00e9l\u00e9phone. N&rsquo;h\u00e9sitez pas \u00e0 utiliser ces outils !<\/p><\/div><\/div>\n<\/div><\/div><\/div>\n<\/div><\/section>\n\n\n\n<h2>Se pr\u00e9munir contre les avis n\u00e9gatifs <\/h2>\n\n\n\n<p>Les avis n\u00e9gatifs sont tr\u00e8s rares si la location de vacances est bien g\u00e9r\u00e9e. Nous vous rappelons quelques conseils pour les \u00e9viter. <\/p>\n\n\n\n<section id=\"65abf5\" class=\"section-65abf5 gutentor-module gutentor-module-accordion gutentor-module-accordion-enable-toggle\"><div class=\"grid-container\">\n<div id=\"0e5380\" class=\"wp-block-gutentor-m6-item section-0e5380 gutentor-module gutentor-module-accordion-item\"><div class=\"gutentor-module-accordion-panel g-a-panel-65abf5\"><div class=\"gm-ah-65abf5 gutentor-module-accordion-item-heading gutentor-module-icon-position-right\"><span class=\"gutentor-module-accordion-panel-handler\" role=\"button\"><span class=\"gutentor-module-accordion-panel-handler-label\">Cr\u00e9ez un descriptif fid\u00e8le sur votre annonce <\/span><span class=\"gutentor-module-accordion-icon\"><i class=\"gm-aio-65abf5 gutentor-module-accordion-icon-open fas fa-plus\"><\/i><i class=\"gm-aic-65abf5 gutentor-module-accordion-icon-close fas fa-minus\"><\/i><\/span><\/span><\/div><div class=\"gm-ab-65abf5 gutentor-module-accordion-body\">\n<div id=\"section-g48f3ba\" class=\"wp-block-gutentor-e0 section-g48f3ba gutentor-element gutentor-element-advanced-text\"><div class=\"gutentor-text-wrap\"><p class=\"gutentor-text\">Les avis n\u00e9gatifs sont souvent g\u00e9n\u00e9r\u00e9s par des locataires d\u00e9\u00e7us du d\u00e9calage entre la location et ce qu&rsquo;ils avaient vu dans l&rsquo;annonce. N&rsquo;abusez pas des logiciels de transformation de photos et ne gonflez pas votre descriptif. <strong>La transparence et l\u2019honn\u00eatet\u00e9 sont indispensables. <\/strong><\/p><\/div><\/div>\n<\/div><\/div><\/div>\n\n\n\n<div id=\"686201\" class=\"wp-block-gutentor-m6-item section-686201 gutentor-module gutentor-module-accordion-item\"><div class=\"gutentor-module-accordion-panel g-a-panel-65abf5\"><div class=\"gm-ah-65abf5 gutentor-module-accordion-item-heading gutentor-module-icon-position-right\"><span class=\"gutentor-module-accordion-panel-handler\" role=\"button\"><span class=\"gutentor-module-accordion-panel-handler-label\">Soigner la gestion du bien <\/span><span class=\"gutentor-module-accordion-icon\"><i class=\"gm-aio-65abf5 gutentor-module-accordion-icon-open fas fa-plus\"><\/i><i class=\"gm-aic-65abf5 gutentor-module-accordion-icon-close fas fa-minus\"><\/i><\/span><\/span><\/div><div class=\"gm-ab-65abf5 gutentor-module-accordion-body\">\n<div id=\"section-gf29714\" class=\"wp-block-gutentor-e0 section-gf29714 gutentor-element gutentor-element-advanced-text\"><div class=\"gutentor-text-wrap\"><p class=\"gutentor-text\">Avoir un bien locatif bien entretenu et bien g\u00e9r\u00e9 est indispensable pour se pr\u00e9munir des avis n\u00e9gatifs des locataires. <\/p><\/div><\/div>\n<\/div><\/div><\/div>\n\n\n\n<div id=\"8ac804\" class=\"wp-block-gutentor-m6-item section-8ac804 gutentor-module gutentor-module-accordion-item\"><div class=\"gutentor-module-accordion-panel g-a-panel-65abf5\"><div class=\"gm-ah-65abf5 gutentor-module-accordion-item-heading gutentor-module-icon-position-right\"><span class=\"gutentor-module-accordion-panel-handler\" role=\"button\"><span class=\"gutentor-module-accordion-panel-handler-label\">Montrer aux locataires que l&rsquo;on se soucie de leur satisfaction <\/span><span class=\"gutentor-module-accordion-icon\"><i class=\"gm-aio-65abf5 gutentor-module-accordion-icon-open fas fa-plus\"><\/i><i class=\"gm-aic-65abf5 gutentor-module-accordion-icon-close fas fa-minus\"><\/i><\/span><\/span><\/div><div class=\"gm-ab-65abf5 gutentor-module-accordion-body\">\n<div id=\"section-g9a0ba1\" class=\"wp-block-gutentor-e0 section-g9a0ba1 gutentor-element gutentor-element-advanced-text\"><div class=\"gutentor-text-wrap\"><p class=\"gutentor-text\">Ce point est abord\u00e9 dans la page <a href=\"https:\/\/www.guide-loueur.mediavacances.com\/index.php\/la-strategie-commerciale\/\">strat\u00e9gie commerciale<\/a>. <\/p><\/div><\/div>\n<\/div><\/div><\/div>\n\n\n\n<div id=\"03d8d2\" class=\"wp-block-gutentor-m6-item section-03d8d2 gutentor-module gutentor-module-accordion-item\"><div class=\"gutentor-module-accordion-panel g-a-panel-65abf5\"><div class=\"gm-ah-65abf5 gutentor-module-accordion-item-heading gutentor-module-icon-position-right\"><span class=\"gutentor-module-accordion-panel-handler\" role=\"button\"><span class=\"gutentor-module-accordion-panel-handler-label\">Utilisez une plate-forme qui g\u00e8re les avis n\u00e9gatifs <\/span><span class=\"gutentor-module-accordion-icon\"><i class=\"gm-aio-65abf5 gutentor-module-accordion-icon-open fas fa-plus\"><\/i><i class=\"gm-aic-65abf5 gutentor-module-accordion-icon-close fas fa-minus\"><\/i><\/span><\/span><\/div><div class=\"gm-ab-65abf5 gutentor-module-accordion-body\">\n<div id=\"section-g7646c9\" class=\"wp-block-gutentor-e0 section-g7646c9 gutentor-element gutentor-element-advanced-text\"><div class=\"gutentor-text-wrap\"><p class=\"gutentor-text\">La plupart des  plates-formes affichent les avis n\u00e9gatifs 1) <strong>sans \u00e9valuer la pertinence ou la r\u00e9alit\u00e9 de l&rsquo;avis<\/strong>, 2) <strong>sans r\u00e9soudre les probl\u00e8mes \u00e9ventuels<\/strong>.<br><br>Or, les avis n\u00e9gatifs en mati\u00e8re de location de vacances ne sont pas toujours objectifs. Il peut arriver que le locataire porte un jugement n\u00e9gatif sur une location parce qu&rsquo;il a eu une relation conflictuelle avec le propri\u00e9taire par exemple ou tout simplement parce qu&rsquo;il  a pass\u00e9 de mauvaises vacances. Il faut donc faire une analyse objective de la situation et du risque de d\u00e9ception pour les futurs locataires. <br><br>D&rsquo;autre part, si le risque est av\u00e9r\u00e9, il faut trouver des solutions pour garantir la satisfaction des locataires, dans l&rsquo;int\u00e9r\u00eat de toutes les parties. <br><br>MediaVacances.com propose une d\u00e9marche originale mettant en \u0153uvre une proc\u00e9dure de contr\u00f4le qualit\u00e9 \u00e0 chaque avis n\u00e9gatif. Cette d\u00e9marche, en place depuis de nombreuses ann\u00e9es, vise \u00e0 v\u00e9rifier les reproches faits \u00e0 la location, \u00e0 analyser le probl\u00e8me et \u00e0 trouver le cas \u00e9ch\u00e9ant des solutions pour garantir la qualit\u00e9 du parc locatif propos\u00e9 sur le site. <br><\/p><\/div><\/div>\n\n\n\n<section id=\"gm1513815\" class=\"wp-block-gutentor-m3 section-gm1513815 gutentor-module gutentor-container-cover has-color-bg has-custom-bg\"><div class=\"grid-container\">\n<p class=\"has-text-align-center\">La proc\u00e9dure de contr\u00f4le Qualit\u00e9 sur MediaVacances.com<\/p>\n\n\n\n<p><br>Cette proc\u00e9dure est mise en \u0153uvre pour tout commentaire avec une note inf\u00e9rieure \u00e0 4\/5 ou commentaire externe re\u00e7u par e-mail, courrier ou t\u00e9l\u00e9phone. <strong>Elle vise \u00e0 prot\u00e9ger les propri\u00e9taires des avis abusifs<\/strong> et \u00e0 <strong>am\u00e9liorer la satisfaction des futurs locataires<\/strong>. <br><br>1. V\u00e9rification des reproches faits \u00e0 la location aupr\u00e8s du locataire, du propri\u00e9taire et des anciens locataires,<br>2. \u00c9valuation du risque qualit\u00e9 pour les futurs locataires, <br>3. Si le risque de d\u00e9ception pour les futurs locataires est av\u00e9r\u00e9, le propri\u00e9taire est invit\u00e9 \u00e0 modifier l&rsquo;annonce et\/ou \u00e0 porter des modifications sur la location ou sa gestion,<br>4. Les r\u00e9sultats de la proc\u00e9dure sont affich\u00e9s sur l&rsquo;annonce en lieu et place du commentaire n\u00e9gatif. <\/p>\n<\/div><\/section>\n<\/div><\/div><\/div>\n<\/div><\/section>\n\n\n\n<h2>G\u00e9rer les avis n\u00e9gatifs <\/h2>\n\n\n\n<p>Mis \u00e0 part MediaVacances.com qui traite les avis n\u00e9gatifs par le biais d&rsquo;une proc\u00e9dure d&rsquo;enqu\u00eate qualit\u00e9, les plates-formes de location de vacances diffusent les avis n\u00e9gatifs, sans forc\u00e9ment g\u00e9rer la pertinence de l&rsquo;avis. C&rsquo;est donc au propri\u00e9taire ou \u00e0 l&rsquo;annonceur de prendre les choses en main. Heureusement, il n&rsquo;est pas compl\u00e8tement d\u00e9muni. Nous donnons quelques conseils ci-dessous. <br><\/p>\n\n\n\n<section id=\"28f2f4\" class=\"section-28f2f4 gutentor-module gutentor-module-accordion gutentor-module-accordion-enable-toggle\"><div class=\"grid-container\">\n<div id=\"15be47\" class=\"wp-block-gutentor-m6-item section-15be47 gutentor-module gutentor-module-accordion-item\"><div class=\"gutentor-module-accordion-panel g-a-panel-28f2f4\"><div class=\"gm-ah-28f2f4 gutentor-module-accordion-item-heading gutentor-module-icon-position-right\"><span class=\"gutentor-module-accordion-panel-handler\" role=\"button\"><span class=\"gutentor-module-accordion-panel-handler-label\">Ne pas dramatiser !<\/span><span class=\"gutentor-module-accordion-icon\"><i class=\"gm-aio-28f2f4 gutentor-module-accordion-icon-open fas fa-plus\"><\/i><i class=\"gm-aic-28f2f4 gutentor-module-accordion-icon-close fas fa-minus\"><\/i><\/span><\/span><\/div><div class=\"gm-ab-28f2f4 gutentor-module-accordion-body\">\n<div id=\"section-g462df0\" class=\"wp-block-gutentor-e0 section-g462df0 gutentor-element gutentor-element-advanced-text\"><div class=\"gutentor-text-wrap\"><p class=\"gutentor-text\">Le d\u00e9p\u00f4t d&rsquo;un avis n\u00e9gatif sur une annonce de location de vacances est parfois  mal v\u00e9cu par le propri\u00e9taire.<br><br>Il faut avant tout relativiser et \u00e9viter de dramatiser une situation qui est parfaitement normale. <br><br> Il faut comprendre qu&rsquo;\u00e0 une \u00e9poque o\u00f9 les avis consommateurs ont pris beaucoup de place sur internet, <strong>les futurs vacanciers sont tout \u00e0 fait pr\u00eats \u00e0 accepter qu&rsquo;une location saisonni\u00e8re ait un ou quelques avis n\u00e9gatifs, comme tout service ou produits qu&rsquo;il peuvent acheter sur le web<\/strong>. Ils sont conscients du fait que des accidents de gestion ponctuels peuvent arriver (m\u00e9nage mal fait, retard de la remise des cl\u00e9s, etc.). Ce qui les int\u00e9resse avant tout <strong>c&rsquo;est la fa\u00e7on dont ces probl\u00e8mes \u00e9ventuels ont \u00e9t\u00e9 g\u00e9r\u00e9s par le propri\u00e9taire. <\/strong><br><br>La plupart des locataires sont aussi conscients du fait qu&rsquo;une <strong>location de vacances<\/strong>, comme n&rsquo;importe quel produit, peut ne pas plaire \u00e0 tout le monde. Ce n&rsquo;est pas parce qu&rsquo;une location a re\u00e7u un grand nombre de commentaires positifs, que d&rsquo;autres locataires ne peuvent \u00e9mettre un avis diff\u00e9rent. Les vacanciers ont des attentes diff\u00e9rentes, c&rsquo;est tout \u00e0 fait normal.<br><br>Les avis n\u00e9gatifs peuvent aussi inciter le propri\u00e9taire \u00e0 porter des am\u00e9liorations sur sa location saisonni\u00e8re et donc am\u00e9liorer le niveau de satisfaction de sa client\u00e8le. Ils peuvent donc avoir un effet positif. <br><br>Avoir quelques rares avis n\u00e9gatifs ou mitig\u00e9s, m\u00eame si on a l&rsquo;impression de bien g\u00e9rer sa location, n&rsquo;est donc pas une situation qui doit poser probl\u00e8me tant que :<\/p><\/div><\/div>\n\n\n\n<div id=\"section-g37e762\" class=\"wp-block-gutentor-e7 section-g37e762 gutentor-element gutentor-element-list\"><ul class=\"grid-row gutentor-grid-item-wrap list-indicator-icon\"><li class=\"gutentor-list-item grid-lg-12 grid-md-12 grid-12\"><span class=\"gutentor-single-item gutentor-single-item-0\"><span class=\"gutentor-list-item-wrap g-s-list-wrap\"><span class=\"gutentor-single-list-item-icon\"><i class=\"list-item-icon fas fa-arrow-right\"><\/i><\/span><span class=\"gutentor-list-item\"><p class=\"gutentor-single-item-title\">ils ne remettent pas en question de fa\u00e7on r\u00e9p\u00e9t\u00e9e et convergente la gestion de la location ou son confort,<\/p><\/span><\/span><\/span><\/li><li class=\"gutentor-list-item grid-lg-12 grid-md-12 grid-12\"><span class=\"gutentor-single-item gutentor-single-item-1\"><span class=\"gutentor-list-item-wrap g-s-list-wrap\"><span class=\"gutentor-single-list-item-icon\"><i class=\"list-item-icon fas fa-arrow-right\"><\/i><\/span><span class=\"gutentor-list-item\"><p class=\"gutentor-single-item-title\">ils sont compens\u00e9s par un nombre beaucoup plus important d&rsquo;avis positifs. <\/p><\/span><\/span><\/span><\/li><\/ul><\/div>\n<\/div><\/div><\/div>\n\n\n\n<div id=\"e60a79\" class=\"wp-block-gutentor-m6-item section-e60a79 gutentor-module gutentor-module-accordion-item\"><div class=\"gutentor-module-accordion-panel g-a-panel-28f2f4\"><div class=\"gm-ah-28f2f4 gutentor-module-accordion-item-heading gutentor-module-icon-position-right\"><span class=\"gutentor-module-accordion-panel-handler\" role=\"button\"><span class=\"gutentor-module-accordion-panel-handler-label\">Demander la suppression des avis non-conformes<\/span><span class=\"gutentor-module-accordion-icon\"><i class=\"gm-aio-28f2f4 gutentor-module-accordion-icon-open fas fa-plus\"><\/i><i class=\"gm-aic-28f2f4 gutentor-module-accordion-icon-close fas fa-minus\"><\/i><\/span><\/span><\/div><div class=\"gm-ab-28f2f4 gutentor-module-accordion-body\">\n<div id=\"section-gac403a\" class=\"wp-block-gutentor-e0 section-gac403a gutentor-element gutentor-element-advanced-text\"><div class=\"gutentor-text-wrap\"><p class=\"gutentor-text\">L&rsquo;avis du locataire doit porter sur la <strong>location<\/strong> (confort, \u00e9quipement) ou sa <strong>gestion<\/strong> (propret\u00e9, entretien, remise des cl\u00e9s, etc.). Il doit \u00eatre factuel. Le commentaire ne doit pas \u00eatre injurieux, d\u00e9plac\u00e9 ou porter sur des aspects personnels. <strong>Si c&rsquo;est le cas, le loueur est en droit de r\u00e9clamer sa suppression aupr\u00e8s du site de location de vacances. <\/strong><br><\/p><\/div><\/div>\n<\/div><\/div><\/div>\n\n\n\n<div id=\"93d5b5\" class=\"wp-block-gutentor-m6-item section-93d5b5 gutentor-module gutentor-module-accordion-item\"><div class=\"gutentor-module-accordion-panel g-a-panel-28f2f4\"><div class=\"gm-ah-28f2f4 gutentor-module-accordion-item-heading gutentor-module-icon-position-right\"><span class=\"gutentor-module-accordion-panel-handler\" role=\"button\"><span class=\"gutentor-module-accordion-panel-handler-label\">Informer la plate-forme de sa position<\/span><span class=\"gutentor-module-accordion-icon\"><i class=\"gm-aio-28f2f4 gutentor-module-accordion-icon-open fas fa-plus\"><\/i><i class=\"gm-aic-28f2f4 gutentor-module-accordion-icon-close fas fa-minus\"><\/i><\/span><\/span><\/div><div class=\"gm-ab-28f2f4 gutentor-module-accordion-body\">\n<div id=\"section-g5471e8\" class=\"wp-block-gutentor-e0 section-g5471e8 gutentor-element gutentor-element-advanced-text\"><div class=\"gutentor-text-wrap\"><p class=\"gutentor-text\">Dans le cadre des enqu\u00eates qualit\u00e9 d\u00e9clench\u00e9es par des avis n\u00e9gatifs MediaVacances.com contacte syst\u00e9matiquement le propri\u00e9taire pour connaitre son point de vue sur la r\u00e9alit\u00e9 des reproches faits \u00e0 la location. Sur les autres sites de location de vacances, il est conseill\u00e9 d&rsquo;envoyer un message ou e-mail pour faire conna\u00eetre sa position, \u00e0 titre de r\u00e9f\u00e9rence future. <\/p><\/div><\/div>\n<\/div><\/div><\/div>\n\n\n\n<div id=\"513f17\" class=\"wp-block-gutentor-m6-item section-513f17 gutentor-module gutentor-module-accordion-item\"><div class=\"gutentor-module-accordion-panel g-a-panel-28f2f4\"><div class=\"gm-ah-28f2f4 gutentor-module-accordion-item-heading gutentor-module-icon-position-right\"><span class=\"gutentor-module-accordion-panel-handler\" role=\"button\"><span class=\"gutentor-module-accordion-panel-handler-label\">Exploiter le droit de r\u00e9ponse <\/span><span class=\"gutentor-module-accordion-icon\"><i class=\"gm-aio-28f2f4 gutentor-module-accordion-icon-open fas fa-plus\"><\/i><i class=\"gm-aic-28f2f4 gutentor-module-accordion-icon-close fas fa-minus\"><\/i><\/span><\/span><\/div><div class=\"gm-ab-28f2f4 gutentor-module-accordion-body\">\n<div id=\"section-g0fa6ca\" class=\"wp-block-gutentor-e0 section-g0fa6ca gutentor-element gutentor-element-advanced-text\"><div class=\"gutentor-text-wrap\"><p class=\"gutentor-text\">Il est, de notre point de vue, tr\u00e8s important d&rsquo;utiliser un <a href=\"https:\/\/www.guide-loueur.mediavacances.com\/index.php\/les-plates-formes\/\">site de locations de vacances<\/a> qui donne un <strong>droit de r\u00e9ponse<\/strong> au propri\u00e9taire (heureusement la plupart le font). Il permet de clarifier la situation <strong>mais surtout de montrer la qualit\u00e9 de la gestion de la location<\/strong>. <br><br><strong>Dans beaucoup de cas, l&rsquo;avis n\u00e9gatif auquel on aura donn\u00e9 une r\u00e9ponse ad\u00e9quate laissera une impression positive au futur locataire.  <\/strong><br><br>Il suffit pour cela de respecter quelques r\u00e8gles :<\/p><\/div><\/div>\n\n\n\n<div id=\"section-ga09a75\" class=\"wp-block-gutentor-e7 section-ga09a75 gutentor-element gutentor-element-list\"><ul class=\"grid-row gutentor-grid-item-wrap list-indicator-icon\"><li class=\"gutentor-list-item grid-lg-12 grid-md-12 grid-12\"><span class=\"gutentor-single-item gutentor-single-item-0\"><span class=\"gutentor-list-item-wrap g-s-list-wrap\"><span class=\"gutentor-single-list-item-icon\"><i class=\"list-item-icon fas fa-arrow-right\"><\/i><\/span><span class=\"gutentor-list-item\"><p class=\"gutentor-single-item-title\">Rester <strong>courtois et positif<\/strong><\/p><\/span><\/span><\/span><\/li><li class=\"gutentor-list-item grid-lg-12 grid-md-12 grid-12\"><span class=\"gutentor-single-item gutentor-single-item-1\"><span class=\"gutentor-list-item-wrap g-s-list-wrap\"><span class=\"gutentor-single-list-item-icon\"><i class=\"list-item-icon fas fa-arrow-right\"><\/i><\/span><span class=\"gutentor-list-item\"><p class=\"gutentor-single-item-title\">Montrer que <strong> la remarque du locatair<\/strong>e a \u00e9t\u00e9 prise en compte et le probl\u00e8me <strong>va \u00eatre g\u00e9r\u00e9 de fa\u00e7on professionnelle<\/strong> : \u00e9tude\/v\u00e9rification et solution envisag\u00e9e. <\/p><\/span><\/span><\/span><\/li><li class=\"gutentor-list-item grid-lg-12 grid-md-12 grid-12\"><span class=\"gutentor-single-item gutentor-single-item-2\"><span class=\"gutentor-list-item-wrap g-s-list-wrap\"><span class=\"gutentor-single-list-item-icon\"><i class=\"list-item-icon fas fa-arrow-right\"><\/i><\/span><span class=\"gutentor-list-item\"><p class=\"gutentor-single-item-title\">Expliquer \u00e9ventuellement les raisons du probl\u00e8me <strong>en restant factuel <\/strong><\/p><\/span><\/span><\/span><\/li><li class=\"gutentor-list-item grid-lg-12 grid-md-12 grid-12\"><span class=\"gutentor-single-item gutentor-single-item-3\"><span class=\"gutentor-list-item-wrap g-s-list-wrap\"><span class=\"gutentor-single-list-item-icon\"><i class=\"list-item-icon fas fa-arrow-right\"><\/i><\/span><span class=\"gutentor-list-item\"><p class=\"gutentor-single-item-title\"><strong>D\u00e9limiter le cas \u00e9ch\u00e9ant la port\u00e9e du probl\u00e8me<\/strong> (probl\u00e8me temporaire, portant sur une petite partie de l&rsquo;h\u00e9bergement).  Il s&rsquo;agit de montrer factuellement que le probl\u00e8me est limit\u00e9 dans son ampleur. <\/p><\/span><\/span><\/span><\/li><li class=\"gutentor-list-item grid-lg-12 grid-md-12 grid-12\"><span class=\"gutentor-single-item gutentor-single-item-4\"><span class=\"gutentor-list-item-wrap g-s-list-wrap\"><span class=\"gutentor-single-list-item-icon\"><i class=\"list-item-icon fas fa-arrow-right\"><\/i><\/span><span class=\"gutentor-list-item\"><p class=\"gutentor-single-item-title\">Rappeler le cas \u00e9ch\u00e9ant que certaines caract\u00e9ristiques de l&rsquo;h\u00e9bergement faisant l&rsquo;objet de reproches <strong>peuvent \u00eatre appr\u00e9ci\u00e9es par d&rsquo;autres locataires<\/strong>.<\/p><\/span><\/span><\/span><\/li><li class=\"gutentor-list-item grid-lg-12 grid-md-12 grid-12\"><span class=\"gutentor-single-item gutentor-single-item-5\"><span class=\"gutentor-list-item-wrap g-s-list-wrap\"><span class=\"gutentor-single-list-item-icon\"><i class=\"list-item-icon fas fa-arrow-right\"><\/i><\/span><span class=\"gutentor-list-item\"><p class=\"gutentor-single-item-title\">En profiter pour rebondir sur les <strong>points qui montrent que la location est bien g\u00e9r\u00e9e <\/strong>: literie chang\u00e9e, peinture refaite, etc&#8230; <\/p><\/span><\/span><\/span><\/li><\/ul><\/div>\n\n\n\n<p><\/p>\n\n\n\n<p>Il ne faut jamais laisser un commentaire n\u00e9gatif sans r\u00e9ponse. <\/p>\n\n\n\n<p>Quelques exemples ci-dessous : <\/p>\n\n\n\n<section id=\"gm2ca1f1e\" class=\"wp-block-gutentor-m3 section-gm2ca1f1e gutentor-module gutentor-container-cover has-color-bg has-custom-bg\"><div class=\"grid-container\">\n<p>EXEMPLES : <br><br><strong>Exemple 1 : Probl\u00e8mes d&rsquo;humidit\u00e9 <\/strong><br><br><em>\u00ab\u00a0Merci pour votre remont\u00e9e d&rsquo;information. Vous \u00eates le <strong>premier locataire<\/strong> \u00e0 nous faire part d&rsquo;un probl\u00e8me d&rsquo;humidit\u00e9 <strong>dans la chambre du bas. <\/strong>Peut-\u00eatre \u00e9tait-ce du aux pluies du mois de septembre ? Quoi qu&rsquo;il en soit <strong>nous allons mesurer l&rsquo;humidit\u00e9 dans cette pi\u00e8ce<\/strong> et <strong>installer une a\u00e9ration suppl\u00e9mentaire le cas \u00e9ch\u00e9ant\u00a0\u00bb.<\/strong><\/em><br><br><br><strong>Exemple 2 : Literie peu confortable<\/strong><br><br><em>\u00ab\u00a0<strong>Merci beaucoup pour votre avis<\/strong>. Ils nous servent \u00e0 am\u00e9liorer notre location pour les futurs locataires. <strong>Nous prenons note du fait que le matelas de la chambre du bas est peu confortable<\/strong>. Nous allons <strong>demander leur avis aux anciens locataires<\/strong> et envisager le cas \u00e9ch\u00e9ant l&rsquo;achat d&rsquo;une nouvelle literie\u00a0\u00bb<\/em>.<br><br><br><strong>Exemple 3 : Literie peu confortable<\/strong><br><br><em>\u00ab\u00a0<strong>Je vous remercie pour votre retour.<\/strong> J&rsquo;esp\u00e8re n\u00e9anmoins que vous avez pass\u00e9 un bon s\u00e9jour. Il est vrai que la literie de la maison a \u00e9t\u00e9 enti\u00e8rement chang\u00e9e <strong>\u00e0 l&rsquo;exception de celle de la chambre donnant sur le jardin<\/strong>, car elle \u00e9tait plus r\u00e9cente. Nous souhaitons que nos locataires passent le meilleur s\u00e9jour possible et nous allons donc la changer\u00a0\u00bb.<\/em><br><br><br><strong>Exemple 4 : Retard de la remise des cl\u00e9s + quartier bruyant<\/strong><br><br><em>\u00ab\u00a0Je suis d\u00e9sol\u00e9e que vous n&rsquo;ayez pas \u00e9t\u00e9 satisfaits de votre s\u00e9jour. Nous faisons notre possible pour satisfaire nos locataires. <\/em><br><br><em>Votre remise des cl\u00e9s a \u00e9t\u00e9 retard\u00e9e en effet, en raison d&rsquo;un retard d&rsquo;un autre locataire. <\/em><br><br><em>Il est vrai que le quartier est anim\u00e9, mais beaucoup de nos locataires appr\u00e9cient l&rsquo;appartement pour sa situation en plein centre. Nous modifions l&rsquo;annonce en cons\u00e9quence pour am\u00e9liorer l&rsquo;information des futurs locataires\u00a0\u00bb.<\/em><\/p>\n<\/div><\/section>\n\n\n\n<p><\/p>\n\n\n\n<section id=\"gmb114ab3\" class=\"wp-block-gutentor-m3 section-gmb114ab3 gutentor-module gutentor-container-cover has-color-bg has-custom-bg\"><div class=\"grid-container\">\n<p class=\"has-text-align-center has-small-font-size\"><span class=\"has-inline-color has-central-palette-7-color\">Exemple de droit de r\u00e9ponse sur MediaVacances.com <\/span><\/p>\n\n\n\n<p><\/p>\n\n\n\n<div id=\"section-g6d8431\" class=\"wp-block-gutentor-e6 section-g6d8431 gutentor-element gutentor-element-image\"><div class=\"gutentor-element-image-box\"><div class=\"gutentor-image-thumb\"><img class=\"normal-image\" src=\"https:\/\/www.guide-loueur.mediavacances.com\/wp-content\/uploads\/2022\/02\/exemple-re\u0301ponse-locataire.jpg\" alt=\"Droit de r\u00e9ponse avis locataire\"\/><\/div><\/div><\/div>\n<\/div><\/section>\n\n\n\n<p><span style=\"color:#474747\" class=\"has-inline-color\"><\/span><\/p>\n\n\n\n<p><br><br><\/p>\n\n\n\n<p><em><span class=\"has-inline-color has-central-palette-6-color\"><\/span><\/em><\/p>\n\n\n\n<p><\/p>\n<\/div><\/div><\/div>\n<\/div><\/section>\n","protected":false},"excerpt":{"rendered":"<p>Les avis des locataires ont pris beaucoup d&rsquo;importance ces derni\u00e8res ann\u00e9es dans le domaine de la location de vacances entre particuliers. C&rsquo;est un point \u00e0 ne pas n\u00e9gliger si l&rsquo;on souhaite optimiser son activit\u00e9 locative. Optimiser le nombre d&rsquo;avis positifs Les avis positifs des locataires valorisent l&rsquo;annonce. Il est important d&rsquo;en avoir plusieurs. Se pr\u00e9munir&hellip;&nbsp;<a href=\"https:\/\/www.guide-loueur.mediavacances.com\/index.php\/les-avis-des-locataires\/\" class=\"\" rel=\"bookmark\">Lire la suite &raquo;<span class=\"screen-reader-text\">G\u00e9rer les avis des locataires<\/span><\/a><\/p>\n","protected":false},"author":1,"featured_media":0,"parent":0,"menu_order":0,"comment_status":"closed","ping_status":"closed","template":"","meta":{"neve_meta_sidebar":"","neve_meta_container":"","neve_meta_enable_content_width":"","neve_meta_content_width":0,"neve_meta_title_alignment":"","neve_meta_author_avatar":"","neve_post_elements_order":"","neve_meta_disable_header":"","neve_meta_disable_footer":"","neve_meta_disable_title":""},"yoast_head":"<!-- This site is optimized with the Yoast SEO plugin v18.3 - https:\/\/yoast.com\/wordpress\/plugins\/seo\/ -->\n<title>Location de vacances : g\u00e9rer les avis locataires - Guide Loueur MediaVacances.com<\/title>\n<meta name=\"description\" content=\"GUIDE LOUEUR MEDIAVACANCES : Comment g\u00e9rer les avis locataires - Les avis n\u00e9gatifs peuvent vous aider !\" \/>\n<meta name=\"robots\" content=\"index, follow, max-snippet:-1, max-image-preview:large, max-video-preview:-1\" \/>\n<link rel=\"canonical\" href=\"https:\/\/www.guide-loueur.mediavacances.com\/index.php\/les-avis-des-locataires\/\" \/>\n<meta property=\"og:locale\" content=\"fr_FR\" \/>\n<meta property=\"og:type\" content=\"article\" \/>\n<meta property=\"og:title\" content=\"Location de vacances : g\u00e9rer les avis locataires - Guide Loueur MediaVacances.com\" \/>\n<meta property=\"og:description\" content=\"GUIDE LOUEUR MEDIAVACANCES : Comment g\u00e9rer les avis locataires - Les avis n\u00e9gatifs peuvent vous aider !\" \/>\n<meta property=\"og:url\" content=\"https:\/\/www.guide-loueur.mediavacances.com\/index.php\/les-avis-des-locataires\/\" \/>\n<meta property=\"og:site_name\" content=\"Guide de la location de vacances\" \/>\n<meta property=\"article:modified_time\" content=\"2022-03-30T07:47:02+00:00\" \/>\n<meta property=\"og:image\" content=\"https:\/\/www.guide-loueur.mediavacances.com\/wp-content\/uploads\/2022\/02\/exemple-re\u0301ponse-locataire.jpg\" \/>\n<meta name=\"twitter:card\" content=\"summary_large_image\" \/>\n<meta name=\"twitter:label1\" content=\"Dur\u00e9e de lecture estim\u00e9e\" \/>\n\t<meta name=\"twitter:data1\" content=\"9 minutes\" \/>\n<script type=\"application\/ld+json\" class=\"yoast-schema-graph\">{\"@context\":\"https:\/\/schema.org\",\"@graph\":[{\"@type\":\"Organization\",\"@id\":\"https:\/\/www.guide-loueur.mediavacances.com\/#organization\",\"name\":\"Guide propri\u00e9taire MediaVacances.com\",\"url\":\"https:\/\/www.guide-loueur.mediavacances.com\/\",\"sameAs\":[],\"logo\":{\"@type\":\"ImageObject\",\"@id\":\"https:\/\/www.guide-loueur.mediavacances.com\/#logo\",\"inLanguage\":\"fr-FR\",\"url\":\"https:\/\/guide-du-loueur-saisonnier.com\/wp-content\/uploads\/2022\/02\/cropped-cropped-Maison-logo_XXL.png\",\"contentUrl\":\"https:\/\/guide-du-loueur-saisonnier.com\/wp-content\/uploads\/2022\/02\/cropped-cropped-Maison-logo_XXL.png\",\"width\":512,\"height\":512,\"caption\":\"Guide propri\u00e9taire MediaVacances.com\"},\"image\":{\"@id\":\"https:\/\/www.guide-loueur.mediavacances.com\/#logo\"}},{\"@type\":\"WebSite\",\"@id\":\"https:\/\/www.guide-loueur.mediavacances.com\/#website\",\"url\":\"https:\/\/www.guide-loueur.mediavacances.com\/\",\"name\":\"Guide de la location de vacances\",\"description\":\"Guide loueur MediaVacances.com\",\"publisher\":{\"@id\":\"https:\/\/www.guide-loueur.mediavacances.com\/#organization\"},\"potentialAction\":[{\"@type\":\"SearchAction\",\"target\":{\"@type\":\"EntryPoint\",\"urlTemplate\":\"https:\/\/www.guide-loueur.mediavacances.com\/?s={search_term_string}\"},\"query-input\":\"required name=search_term_string\"}],\"inLanguage\":\"fr-FR\"},{\"@type\":\"ImageObject\",\"@id\":\"https:\/\/www.guide-loueur.mediavacances.com\/index.php\/les-avis-des-locataires\/#primaryimage\",\"inLanguage\":\"fr-FR\",\"url\":\"https:\/\/www.guide-loueur.mediavacances.com\/wp-content\/uploads\/2022\/02\/exemple-re\u0301ponse-locataire.jpg\",\"contentUrl\":\"https:\/\/www.guide-loueur.mediavacances.com\/wp-content\/uploads\/2022\/02\/exemple-re\u0301ponse-locataire.jpg\",\"width\":1200,\"height\":662,\"caption\":\"Droit de r\u00e9ponse avis locataire\"},{\"@type\":\"WebPage\",\"@id\":\"https:\/\/www.guide-loueur.mediavacances.com\/index.php\/les-avis-des-locataires\/#webpage\",\"url\":\"https:\/\/www.guide-loueur.mediavacances.com\/index.php\/les-avis-des-locataires\/\",\"name\":\"Location de vacances : g\u00e9rer les avis locataires - Guide Loueur MediaVacances.com\",\"isPartOf\":{\"@id\":\"https:\/\/www.guide-loueur.mediavacances.com\/#website\"},\"primaryImageOfPage\":{\"@id\":\"https:\/\/www.guide-loueur.mediavacances.com\/index.php\/les-avis-des-locataires\/#primaryimage\"},\"datePublished\":\"2021-11-25T14:32:37+00:00\",\"dateModified\":\"2022-03-30T07:47:02+00:00\",\"description\":\"GUIDE LOUEUR MEDIAVACANCES : Comment g\u00e9rer les avis locataires - Les avis n\u00e9gatifs peuvent vous aider !\",\"breadcrumb\":{\"@id\":\"https:\/\/www.guide-loueur.mediavacances.com\/index.php\/les-avis-des-locataires\/#breadcrumb\"},\"inLanguage\":\"fr-FR\",\"potentialAction\":[{\"@type\":\"ReadAction\",\"target\":[\"https:\/\/www.guide-loueur.mediavacances.com\/index.php\/les-avis-des-locataires\/\"]}]},{\"@type\":\"BreadcrumbList\",\"@id\":\"https:\/\/www.guide-loueur.mediavacances.com\/index.php\/les-avis-des-locataires\/#breadcrumb\",\"itemListElement\":[{\"@type\":\"ListItem\",\"position\":1,\"name\":\"Accueil\",\"item\":\"https:\/\/www.guide-loueur.mediavacances.com\/\"},{\"@type\":\"ListItem\",\"position\":2,\"name\":\"G\u00e9rer les avis des locataires\"}]}]}<\/script>\n<!-- \/ Yoast SEO plugin. -->","yoast_head_json":{"title":"Location de vacances : g\u00e9rer les avis locataires - Guide Loueur MediaVacances.com","description":"GUIDE LOUEUR MEDIAVACANCES : Comment g\u00e9rer les avis locataires - Les avis n\u00e9gatifs peuvent vous aider !","robots":{"index":"index","follow":"follow","max-snippet":"max-snippet:-1","max-image-preview":"max-image-preview:large","max-video-preview":"max-video-preview:-1"},"canonical":"https:\/\/www.guide-loueur.mediavacances.com\/index.php\/les-avis-des-locataires\/","og_locale":"fr_FR","og_type":"article","og_title":"Location de vacances : g\u00e9rer les avis locataires - Guide Loueur MediaVacances.com","og_description":"GUIDE LOUEUR MEDIAVACANCES : Comment g\u00e9rer les avis locataires - Les avis n\u00e9gatifs peuvent vous aider !","og_url":"https:\/\/www.guide-loueur.mediavacances.com\/index.php\/les-avis-des-locataires\/","og_site_name":"Guide de la location de vacances","article_modified_time":"2022-03-30T07:47:02+00:00","og_image":[{"url":"https:\/\/www.guide-loueur.mediavacances.com\/wp-content\/uploads\/2022\/02\/exemple-re\u0301ponse-locataire.jpg"}],"twitter_card":"summary_large_image","twitter_misc":{"Dur\u00e9e de lecture estim\u00e9e":"9 minutes"},"schema":{"@context":"https:\/\/schema.org","@graph":[{"@type":"Organization","@id":"https:\/\/www.guide-loueur.mediavacances.com\/#organization","name":"Guide propri\u00e9taire MediaVacances.com","url":"https:\/\/www.guide-loueur.mediavacances.com\/","sameAs":[],"logo":{"@type":"ImageObject","@id":"https:\/\/www.guide-loueur.mediavacances.com\/#logo","inLanguage":"fr-FR","url":"https:\/\/guide-du-loueur-saisonnier.com\/wp-content\/uploads\/2022\/02\/cropped-cropped-Maison-logo_XXL.png","contentUrl":"https:\/\/guide-du-loueur-saisonnier.com\/wp-content\/uploads\/2022\/02\/cropped-cropped-Maison-logo_XXL.png","width":512,"height":512,"caption":"Guide propri\u00e9taire MediaVacances.com"},"image":{"@id":"https:\/\/www.guide-loueur.mediavacances.com\/#logo"}},{"@type":"WebSite","@id":"https:\/\/www.guide-loueur.mediavacances.com\/#website","url":"https:\/\/www.guide-loueur.mediavacances.com\/","name":"Guide de la location de vacances","description":"Guide loueur MediaVacances.com","publisher":{"@id":"https:\/\/www.guide-loueur.mediavacances.com\/#organization"},"potentialAction":[{"@type":"SearchAction","target":{"@type":"EntryPoint","urlTemplate":"https:\/\/www.guide-loueur.mediavacances.com\/?s={search_term_string}"},"query-input":"required name=search_term_string"}],"inLanguage":"fr-FR"},{"@type":"ImageObject","@id":"https:\/\/www.guide-loueur.mediavacances.com\/index.php\/les-avis-des-locataires\/#primaryimage","inLanguage":"fr-FR","url":"https:\/\/www.guide-loueur.mediavacances.com\/wp-content\/uploads\/2022\/02\/exemple-re\u0301ponse-locataire.jpg","contentUrl":"https:\/\/www.guide-loueur.mediavacances.com\/wp-content\/uploads\/2022\/02\/exemple-re\u0301ponse-locataire.jpg","width":1200,"height":662,"caption":"Droit de r\u00e9ponse avis locataire"},{"@type":"WebPage","@id":"https:\/\/www.guide-loueur.mediavacances.com\/index.php\/les-avis-des-locataires\/#webpage","url":"https:\/\/www.guide-loueur.mediavacances.com\/index.php\/les-avis-des-locataires\/","name":"Location de vacances : g\u00e9rer les avis locataires - Guide Loueur MediaVacances.com","isPartOf":{"@id":"https:\/\/www.guide-loueur.mediavacances.com\/#website"},"primaryImageOfPage":{"@id":"https:\/\/www.guide-loueur.mediavacances.com\/index.php\/les-avis-des-locataires\/#primaryimage"},"datePublished":"2021-11-25T14:32:37+00:00","dateModified":"2022-03-30T07:47:02+00:00","description":"GUIDE LOUEUR MEDIAVACANCES : Comment g\u00e9rer les avis locataires - Les avis n\u00e9gatifs peuvent vous aider !","breadcrumb":{"@id":"https:\/\/www.guide-loueur.mediavacances.com\/index.php\/les-avis-des-locataires\/#breadcrumb"},"inLanguage":"fr-FR","potentialAction":[{"@type":"ReadAction","target":["https:\/\/www.guide-loueur.mediavacances.com\/index.php\/les-avis-des-locataires\/"]}]},{"@type":"BreadcrumbList","@id":"https:\/\/www.guide-loueur.mediavacances.com\/index.php\/les-avis-des-locataires\/#breadcrumb","itemListElement":[{"@type":"ListItem","position":1,"name":"Accueil","item":"https:\/\/www.guide-loueur.mediavacances.com\/"},{"@type":"ListItem","position":2,"name":"G\u00e9rer les avis des locataires"}]}]}},"featured_image_src":null,"featured_image_src_square":null,"_links":{"self":[{"href":"https:\/\/www.guide-loueur.mediavacances.com\/index.php\/wp-json\/wp\/v2\/pages\/57"}],"collection":[{"href":"https:\/\/www.guide-loueur.mediavacances.com\/index.php\/wp-json\/wp\/v2\/pages"}],"about":[{"href":"https:\/\/www.guide-loueur.mediavacances.com\/index.php\/wp-json\/wp\/v2\/types\/page"}],"author":[{"embeddable":true,"href":"https:\/\/www.guide-loueur.mediavacances.com\/index.php\/wp-json\/wp\/v2\/users\/1"}],"replies":[{"embeddable":true,"href":"https:\/\/www.guide-loueur.mediavacances.com\/index.php\/wp-json\/wp\/v2\/comments?post=57"}],"version-history":[{"count":38,"href":"https:\/\/www.guide-loueur.mediavacances.com\/index.php\/wp-json\/wp\/v2\/pages\/57\/revisions"}],"predecessor-version":[{"id":2197,"href":"https:\/\/www.guide-loueur.mediavacances.com\/index.php\/wp-json\/wp\/v2\/pages\/57\/revisions\/2197"}],"wp:attachment":[{"href":"https:\/\/www.guide-loueur.mediavacances.com\/index.php\/wp-json\/wp\/v2\/media?parent=57"}],"curies":[{"name":"wp","href":"https:\/\/api.w.org\/{rel}","templated":true}]}}