{"id":68,"date":"2021-11-25T15:48:26","date_gmt":"2021-11-25T14:48:26","guid":{"rendered":"https:\/\/guide-du-loueur-saisonnier.com\/?page_id=68"},"modified":"2023-03-24T15:18:06","modified_gmt":"2023-03-24T14:18:06","slug":"les-photos","status":"publish","type":"page","link":"https:\/\/www.guide-loueur.mediavacances.com\/index.php\/les-photos\/","title":{"rendered":"Conseils photos"},"content":{"rendered":"\n<section id=\"gma3e4cca\" class=\"wp-block-gutentor-m3 section-gma3e4cca gutentor-module gutentor-container-cover has-color-bg has-custom-bg\"><div class=\"grid-container\">\n<p><i class=\"fas fa-image\"><\/i><strong> Les photos repr\u00e9sentent 90% du potentiel commercial de votre annonce !<\/strong><\/p>\n\n\n\n<p>Vous le savez sans doute ! La communication visuelle a depuis longtemps suplant\u00e9 la communication textuelle. Les consommateurs se laissent guider par les images et ne lisent plus le descriptifs des produits ou services qu&rsquo;ils ach\u00e8tent.<br><br><strong>En cons\u00e9quence, les photos sont l&rsquo;\u00e9l\u00e9ment le plus important d&rsquo;une annonce de location de vacances. <\/strong><br><br>Une simple optimisation de vos photos(voir ci-dessous)  peut permettre de multiplier le nombre de demandes par un facteur de 2 \u00e0 10. <\/p>\n\n\n\n<p class=\"has-small-font-size\"> <\/p>\n<\/div><\/section>\n\n\n\n<p><\/p>\n\n\n\n<p><\/p>\n\n\n\n<h2>1. Les grandes r\u00e8gles :<\/h2>\n\n\n\n<p>Nous indiquons ci-dessous les r\u00e8gles \u00e0 respecter concernant les photos des annonces sur les sites de location de vacances. <\/p>\n\n\n\n<section id=\"abdb0f\" class=\"section-abdb0f gutentor-module gutentor-module-accordion\"><div class=\"grid-container\">\n<div id=\"e332b9\" class=\"wp-block-gutentor-m6-item section-e332b9 gutentor-module gutentor-module-accordion-item\"><div class=\"gutentor-module-accordion-panel g-a-panel-abdb0f\"><div class=\"gm-ah-abdb0f gutentor-module-accordion-item-heading gutentor-module-icon-position-right\"><span class=\"gutentor-module-accordion-panel-handler\" role=\"button\"><span class=\"gutentor-module-accordion-panel-handler-label\">Priorit\u00e9 aux photos suggestives <\/span><span class=\"gutentor-module-accordion-icon\"><i class=\"gm-aio-abdb0f gutentor-module-accordion-icon-open fas fa-plus\"><\/i><i class=\"gm-aic-abdb0f gutentor-module-accordion-icon-close fas fa-minus\"><\/i><\/span><\/span><\/div><div class=\"gm-ab-abdb0f gutentor-module-accordion-body\">\n<div id=\"section-g2977cb\" class=\"wp-block-gutentor-e0 section-g2977cb gutentor-element gutentor-element-advanced-text\"><div class=\"gutentor-text-wrap\"><p class=\"gutentor-text\">On ne le dira jamais assez. Les futurs locataires recherchent, non pas un bien immobilier, mais <strong>un futur lieu de vacances<\/strong>. Les photos doivent donc les aider \u00e0 se projeter sur leur futur lieu de vill\u00e9giature et <strong>\u00e0 imaginer les bons moments qu&rsquo;ils pourront passer en louant l&rsquo;h\u00e9bergement<\/strong>.  Vous pouvez en particulier illustrer les moments de d\u00e9tente et de d\u00e9contraction, le charme sp\u00e9cifique \u00e0 la r\u00e9gion, etc.<\/p><\/div><\/div>\n\n\n\n<p class=\"has-text-align-center has-small-font-size\"><span class=\"has-inline-color has-central-palette-7-color\"><\/span><\/p>\n\n\n\n<section id=\"gm5f8a8ab\" class=\"wp-block-gutentor-m3 section-gm5f8a8ab gutentor-module gutentor-container-cover has-color-bg has-custom-bg\"><div class=\"grid-container\">\n<p class=\"has-text-align-center has-small-font-size\">Il est important de mettre l&#8217;emphase sur les lieux de d\u00e9tente : salon de jardin, chaises longues \u00e0 proximit\u00e9 de la piscine, ap\u00e9ritif sur le balcon&#8230;<\/p>\n\n\n\n<div id=\"section-g3a9007\" class=\"wp-block-gutentor-e6 section-g3a9007 gutentor-element gutentor-element-image\"><div class=\"gutentor-element-image-box\"><div class=\"gutentor-image-thumb\"><img class=\"normal-image\" src=\"https:\/\/www.guide-loueur.mediavacances.com\/wp-content\/uploads\/2021\/11\/Fotolia_31874937_M1-e1642166536375.jpg\" alt=\"Location de vacances piscine\"\/><\/div><\/div><\/div>\n<\/div><\/section>\n<\/div><\/div><\/div>\n\n\n\n<div id=\"d6b297\" class=\"wp-block-gutentor-m6-item section-d6b297 gutentor-module gutentor-module-accordion-item\"><div class=\"gutentor-module-accordion-panel g-a-panel-abdb0f\"><div class=\"gm-ah-abdb0f gutentor-module-accordion-item-heading gutentor-module-icon-position-right\"><span class=\"gutentor-module-accordion-panel-handler\" role=\"button\"><span class=\"gutentor-module-accordion-panel-handler-label\">Du bleu, du bleu et du bleu !<\/span><span class=\"gutentor-module-accordion-icon\"><i class=\"gm-aio-abdb0f gutentor-module-accordion-icon-open fas fa-plus\"><\/i><i class=\"gm-aic-abdb0f gutentor-module-accordion-icon-close fas fa-minus\"><\/i><\/span><\/span><\/div><div class=\"gm-ab-abdb0f gutentor-module-accordion-body\">\n<div id=\"section-g7cfabf\" class=\"wp-block-gutentor-e0 section-g7cfabf gutentor-element gutentor-element-advanced-text\"><div class=\"gutentor-text-wrap\"><p class=\"gutentor-text\">Dans toutes les agences de voyage, la couleur dominante est le <strong>bleu<\/strong> ! Affiches, prospectus, d\u00e9coration&#8230; les clients ne voient que du bleu ! Ce n&rsquo;est pas un hasard car <strong>cette couleur est celle des vacances<\/strong> : celle de la mer, du ciel, de la piscine, etc.<br><br>Les propri\u00e9taires de location de vacances doivent faire la m\u00eame chose, prioriser des photos \u00e0 dominante bleue.<\/p><\/div><\/div>\n\n\n\n<div id=\"section-g4fb147\" class=\"wp-block-gutentor-e7 section-g4fb147 gutentor-element gutentor-element-list\"><ul class=\"grid-row gutentor-grid-item-wrap list-indicator-icon\"><li class=\"gutentor-list-item grid-lg-12 grid-md-12 grid-12\"><span class=\"gutentor-single-item gutentor-single-item-0\"><span class=\"gutentor-list-item-wrap g-s-list-wrap\"><span class=\"gutentor-single-list-item-icon\"><i class=\"list-item-icon fas fa-arrow-right\"><\/i><\/span><span class=\"gutentor-list-item\"><p class=\"gutentor-single-item-title\">Photos d&rsquo;ext\u00e9rieur laissant de la place au ciel par beau temps <\/p><\/span><\/span><\/span><\/li><li class=\"gutentor-list-item grid-lg-12 grid-md-12 grid-12\"><span class=\"gutentor-single-item gutentor-single-item-1\"><span class=\"gutentor-list-item-wrap g-s-list-wrap\"><span class=\"gutentor-single-list-item-icon\"><i class=\"list-item-icon fas fa-arrow-right\"><\/i><\/span><span class=\"gutentor-list-item\"><p class=\"gutentor-single-item-title\">Photos de mer, lacs, rivi\u00e8res<\/p><\/span><\/span><\/span><\/li><li class=\"gutentor-list-item grid-lg-12 grid-md-12 grid-12\"><span class=\"gutentor-single-item gutentor-single-item-2\"><span class=\"gutentor-list-item-wrap g-s-list-wrap\"><span class=\"gutentor-single-list-item-icon\"><i class=\"list-item-icon fas fa-arrow-right\"><\/i><\/span><span class=\"gutentor-list-item\"><p class=\"gutentor-single-item-title\">Photos d&rsquo;int\u00e9rieur avec vue sur l&rsquo;ext\u00e9rieur <\/p><\/span><\/span><\/span><\/li><\/ul><\/div>\n\n\n\n<p class=\"has-text-align-center has-small-font-size\"><span class=\"has-inline-color has-central-palette-7-color\"><\/span><\/p>\n\n\n\n<p><\/p>\n\n\n\n<section id=\"gm864eb92\" class=\"wp-block-gutentor-m3 section-gm864eb92 gutentor-module gutentor-container-cover has-color-bg has-custom-bg\"><div class=\"grid-container\">\n<section id=\"gme79d98b\" class=\"wp-block-gutentor-m3 section-gme79d98b gutentor-module gutentor-container-cover\"><div class=\"grid-container\">\n<p class=\"has-text-align-center has-small-font-size\"><span class=\"has-inline-color has-central-palette-6-color\">Le bleu est la couleur des vacances ! Ici un trio tr\u00e8s r\u00e9ussi avec le ciel, la mer et la piscine.<\/span><\/p>\n\n\n\n<div id=\"section-ge916da\" class=\"wp-block-gutentor-e6 section-ge916da gutentor-element gutentor-element-image\"><div class=\"gutentor-element-image-box\"><div class=\"gutentor-image-thumb\"><img class=\"normal-image\" src=\"https:\/\/www.guide-loueur.mediavacances.com\/wp-content\/uploads\/2021\/11\/Fotolia_58244569_S-e1638272030766.jpeg\" alt=\"Location de vacances photos \"\/><\/div><\/div><\/div>\n<\/div><\/section>\n<\/div><\/section>\n<\/div><\/div><\/div>\n\n\n\n<div id=\"94ad9e\" class=\"wp-block-gutentor-m6-item section-94ad9e gutentor-module gutentor-module-accordion-item\"><div class=\"gutentor-module-accordion-panel g-a-panel-abdb0f\"><div class=\"gm-ah-abdb0f gutentor-module-accordion-item-heading gutentor-module-icon-position-right\"><span class=\"gutentor-module-accordion-panel-handler\" role=\"button\"><span class=\"gutentor-module-accordion-panel-handler-label\">Le r\u00f4le de la photo principale <\/span><span class=\"gutentor-module-accordion-icon\"><i class=\"gm-aio-abdb0f gutentor-module-accordion-icon-open fas fa-plus\"><\/i><i class=\"gm-aic-abdb0f gutentor-module-accordion-icon-close fas fa-minus\"><\/i><\/span><\/span><\/div><div class=\"gm-ab-abdb0f gutentor-module-accordion-body\">\n<div id=\"section-g08f199\" class=\"wp-block-gutentor-e0 section-g08f199 gutentor-element gutentor-element-advanced-text\"><div class=\"gutentor-text-wrap\"><p class=\"gutentor-text\"><strong>La photo principale a une importance capitale<\/strong>. En effet, il s&rsquo;agit de l&rsquo;\u00e9l\u00e9ment de l&rsquo;annonce que les internautes verront en premier. <strong>Son r\u00f4le est de mettre en avant de fa\u00e7on visuelle les points forts de votre location de vacances<\/strong>. <br><br>Privil\u00e9giez les photos d&rsquo;ext\u00e9rieur de l&rsquo;h\u00e9bergement et la dominante bleue. Cette photo doit donc imp\u00e9rativement \u00eatre prise par tr\u00e8s beau temps. <br><br>La r\u00e8gle g\u00e9n\u00e9rale veut que la photo principale soit une photo ext\u00e9rieure ou ayant une vue ext\u00e9rieure de la location. Cependant, il est possible de mettre une photo d&rsquo;une activit\u00e9 ext\u00e9rieure (sans pr\u00e9senterl&rsquo;h\u00e9bergement) <strong>si elle met en avant le point fort  de la location<\/strong>. Par exemple, si la location est situ\u00e9e \u00e0 proximit\u00e9 imm\u00e9diate de la mer mais sans vue directe permettant de prendre une photo suffisamment suggestive, nous conseillons de choisir une photo de la plage comme photo principale. Le locataire n&rsquo;est pas tromp\u00e9, si la location se trouve effectivement \u00e0 proximit\u00e9 de cette plage et que la promesse de pouvoir en profiter est tenue. <br><br>Dans de rares cas, il est possible de mettre une photo d&rsquo;int\u00e9rieur comme photo principale, particuli\u00e8rement si les vues ext\u00e9rieures pr\u00e9sentent peu d&rsquo;int\u00e9r\u00eat et\/ou s&rsquo;il existe des \u00e9quipements int\u00e9rieurs remarquables (chemin\u00e9e, jacuzzi, piscine, etc.).<br><br>Quelques exemples :     <\/p><\/div><\/div>\n\n\n\n<div id=\"section-g0601ff\" class=\"wp-block-gutentor-e7 section-g0601ff gutentor-element gutentor-element-list\"><ul class=\"grid-row gutentor-grid-item-wrap list-indicator-icon\"><li class=\"gutentor-list-item grid-lg-12 grid-md-12 grid-12\"><span class=\"gutentor-single-item gutentor-single-item-0\"><span class=\"gutentor-list-item-wrap g-s-list-wrap\"><span class=\"gutentor-single-list-item-icon\"><i class=\"list-item-icon fas fa-arrow-right\"><\/i><\/span><span class=\"gutentor-list-item\"><p class=\"gutentor-single-item-title\">Belle b\u00e2tisse : photo de la fa\u00e7ade laissant une belle part au ciel bleu<\/p><\/span><\/span><\/span><\/li><li class=\"gutentor-list-item grid-lg-12 grid-md-12 grid-12\"><span class=\"gutentor-single-item gutentor-single-item-1\"><span class=\"gutentor-list-item-wrap g-s-list-wrap\"><span class=\"gutentor-single-list-item-icon\"><i class=\"list-item-icon fas fa-arrow-right\"><\/i><\/span><span class=\"gutentor-list-item\"><p class=\"gutentor-single-item-title\">Location avec vue sur mer : vue de la terrasse ou du balcon<\/p><\/span><\/span><\/span><\/li><li class=\"gutentor-list-item grid-lg-12 grid-md-12 grid-12\"><span class=\"gutentor-single-item gutentor-single-item-2\"><span class=\"gutentor-list-item-wrap g-s-list-wrap\"><span class=\"gutentor-single-list-item-icon\"><i class=\"list-item-icon fas fa-arrow-right\"><\/i><\/span><span class=\"gutentor-list-item\"><p class=\"gutentor-single-item-title\">Location \u00e0 proximit\u00e9 de la mer, sans vue directe : photo de la plage \u00e0 proximit\u00e9<\/p><\/span><\/span><\/span><\/li><li class=\"gutentor-list-item grid-lg-12 grid-md-12 grid-12\"><span class=\"gutentor-single-item gutentor-single-item-3\"><span class=\"gutentor-list-item-wrap g-s-list-wrap\"><span class=\"gutentor-single-list-item-icon\"><i class=\"list-item-icon fas fa-arrow-right\"><\/i><\/span><span class=\"gutentor-list-item\"><p class=\"gutentor-single-item-title\">Location avec un beau jardin : photo du jardin avec salon et barbecue, etc.<\/p><\/span><\/span><\/span><\/li><\/ul><\/div>\n\n\n\n<p class=\"has-text-align-center has-small-font-size\"><span class=\"has-inline-color has-central-palette-7-color\"><\/span><\/p>\n\n\n\n<p><\/p>\n\n\n\n<section id=\"gm18db34d\" class=\"wp-block-gutentor-m3 section-gm18db34d gutentor-module gutentor-container-cover has-color-bg has-custom-bg\"><div class=\"grid-container\">\n<p class=\"has-text-align-center has-small-font-size\"><span class=\"has-inline-color has-central-palette-7-color\">La photo principale doit mettre en avant les points forts de la location : ici une terrasse bien expos\u00e9e et \u00e9quip\u00e9e , piscine, vue sur le lac.<\/span><\/p>\n\n\n\n<div id=\"section-g45d22f\" class=\"wp-block-gutentor-e6 section-g45d22f gutentor-element gutentor-element-image\"><div class=\"gutentor-element-image-box\"><div class=\"gutentor-image-thumb\"><img class=\"normal-image\" src=\"https:\/\/www.guide-loueur.mediavacances.com\/wp-content\/uploads\/2021\/11\/Fotolia_127726339_M-e1645448767348.jpg\" alt=\"Photo rpincipale location de vacances\"\/><\/div><\/div><\/div>\n<\/div><\/section>\n<\/div><\/div><\/div>\n\n\n\n<div id=\"72e8ad\" class=\"wp-block-gutentor-m6-item section-72e8ad gutentor-module gutentor-module-accordion-item\"><div class=\"gutentor-module-accordion-panel g-a-panel-abdb0f\"><div class=\"gm-ah-abdb0f gutentor-module-accordion-item-heading gutentor-module-icon-position-right\"><span class=\"gutentor-module-accordion-panel-handler\" role=\"button\"><span class=\"gutentor-module-accordion-panel-handler-label\">Privil\u00e9gier les photos d&rsquo;ext\u00e9rieur <\/span><span class=\"gutentor-module-accordion-icon\"><i class=\"gm-aio-abdb0f gutentor-module-accordion-icon-open fas fa-plus\"><\/i><i class=\"gm-aic-abdb0f gutentor-module-accordion-icon-close fas fa-minus\"><\/i><\/span><\/span><\/div><div class=\"gm-ab-abdb0f gutentor-module-accordion-body\">\n<div id=\"section-g3e27b4\" class=\"wp-block-gutentor-e0 section-g3e27b4 gutentor-element gutentor-element-advanced-text\"><div class=\"gutentor-text-wrap\"><p class=\"gutentor-text\">Les vacanciers recherchent dans la majorit\u00e9 des cas un s\u00e9jour leur permettant de profiter de la vie \u00e0 l&rsquo;<strong>ext\u00e9rieur<\/strong> et de la nature : plage, montagne, ap\u00e9ritif sur une terrasse, jardin, etc. C&rsquo;est la raison pour laquelle il est important, dans la plupart des cas, de privil\u00e9gier les photos d&rsquo;ext\u00e9rieur, voire de l&rsquo;int\u00e9rieur vers l&rsquo;ext\u00e9rieur (vue d&rsquo;une baie vitr\u00e9e par exemple). <strong>Les vacanciers doivent pouvoir imaginer les bons moments qu&rsquo;ils pourraient passer dans votre maison ou appartement. <\/strong><br><\/p><\/div><\/div>\n\n\n\n<p><\/p>\n\n\n\n<section id=\"gm7f22368\" class=\"wp-block-gutentor-m3 section-gm7f22368 gutentor-module gutentor-container-cover has-color-bg has-custom-bg\"><div class=\"grid-container\">\n<p class=\"has-text-align-center has-small-font-size\"><span class=\"has-inline-color has-central-palette-6-color\">Sans surprise, les vacanciers veulent profiter du grand air pendant leurs vacances (photo de la terrasse de la villa pilote de MediaVacances.com en Sardaigne).<\/span><\/p>\n\n\n\n<div id=\"section-g5ad281\" class=\"wp-block-gutentor-e6 section-g5ad281 gutentor-element gutentor-element-image\"><div class=\"gutentor-element-image-box\"><div class=\"gutentor-image-thumb\"><img class=\"normal-image\" src=\"https:\/\/www.guide-loueur.mediavacances.com\/wp-content\/uploads\/2021\/11\/20161017_093933-e1638273784680.jpg\" alt=\"Photo exterieur location vacances\"\/><\/div><\/div><\/div>\n<\/div><\/section>\n<\/div><\/div><\/div>\n\n\n\n<div id=\"227116\" class=\"wp-block-gutentor-m6-item section-227116 gutentor-module gutentor-module-accordion-item\"><div class=\"gutentor-module-accordion-panel g-a-panel-abdb0f\"><div class=\"gm-ah-abdb0f gutentor-module-accordion-item-heading gutentor-module-icon-position-right\"><span class=\"gutentor-module-accordion-panel-handler\" role=\"button\"><span class=\"gutentor-module-accordion-panel-handler-label\">Pr\u00e9senter les photos dans le bon ordre <\/span><span class=\"gutentor-module-accordion-icon\"><i class=\"gm-aio-abdb0f gutentor-module-accordion-icon-open fas fa-plus\"><\/i><i class=\"gm-aic-abdb0f gutentor-module-accordion-icon-close fas fa-minus\"><\/i><\/span><\/span><\/div><div class=\"gm-ab-abdb0f gutentor-module-accordion-body\">\n<div id=\"section-g13d37d\" class=\"wp-block-gutentor-e0 section-g13d37d gutentor-element gutentor-element-advanced-text\"><div class=\"gutentor-text-wrap\"><p class=\"gutentor-text\">Il faut <strong>\u00ab\u00a0s\u00e9duire\u00a0\u00bb avant de \u00ab\u00a0d\u00e9crire\u00a0\u00bb<\/strong>. La photo de votre jardin avec piscine par beau temps s\u00e9duira plus que la photo de votre salle de bain (aussi belle soit-elle !). Dans cet objectif nous vous conseillons l&rsquo;ordre suivant : <br> <br><\/p><\/div><\/div>\n\n\n\n<div id=\"section-g95d13e\" class=\"wp-block-gutentor-e7 section-g95d13e gutentor-element gutentor-element-list\"><ul class=\"grid-row gutentor-grid-item-wrap list-indicator-icon\"><li class=\"gutentor-list-item grid-lg-12 grid-md-12 grid-12\"><span class=\"gutentor-single-item gutentor-single-item-0\"><span class=\"gutentor-list-item-wrap g-s-list-wrap\"><span class=\"gutentor-single-list-item-icon\"><i class=\"list-item-icon fas fa-arrow-right\"><\/i><\/span><span class=\"gutentor-list-item\"><p class=\"gutentor-single-item-title\"><strong>1.<\/strong> <strong>Photos suggestives de l&rsquo;ext\u00e9rieur<\/strong> de la location<br><br>Le but est de permettre au futur vacancier de se projeter sur son futur lieu de vacances : vue sur la mer ou la montagne \u00e0 partir du balcon\/de la baie vitr\u00e9e, jardin avec barbecue, chaises longues sur la terrasse, pistes ou plage \u00e0 proximit\u00e9, etc.<\/p><\/span><\/span><\/span><\/li><li class=\"gutentor-list-item grid-lg-12 grid-md-12 grid-12\"><span class=\"gutentor-single-item gutentor-single-item-1\"><span class=\"gutentor-list-item-wrap g-s-list-wrap\"><span class=\"gutentor-single-list-item-icon\"><i class=\"list-item-icon fas fa-arrow-right\"><\/i><\/span><span class=\"gutentor-list-item\"><p class=\"gutentor-single-item-title\"><strong>2. Photos descriptives de l&rsquo;int\u00e9rieur<\/strong><br><br>Ces photos doivent montrer l&rsquo;agencement, la d\u00e9coration et l&rsquo;\u00e9quipement de la location de vacances<\/p><\/span><\/span><\/span><\/li><li class=\"gutentor-list-item grid-lg-12 grid-md-12 grid-12\"><span class=\"gutentor-single-item gutentor-single-item-2\"><span class=\"gutentor-list-item-wrap g-s-list-wrap\"><span class=\"gutentor-single-list-item-icon\"><i class=\"list-item-icon fas fa-arrow-right\"><\/i><\/span><span class=\"gutentor-list-item\"><p class=\"gutentor-single-item-title\"><strong>3. Photos des centres d&rsquo;int\u00e9r\u00eat touristique plus \u00e9loign\u00e9s : <\/strong><br><br>On peut ensuite mettre en avant les activit\u00e9s touristiques plus \u00e9loign\u00e9es : lacs, plages, march\u00e9s, mus\u00e9es, ports, centres sportifs, etc.<\/p><\/span><\/span><\/span><\/li><\/ul><\/div>\n<\/div><\/div><\/div>\n\n\n\n<div id=\"979392\" class=\"wp-block-gutentor-m6-item section-979392 gutentor-module gutentor-module-accordion-item\"><div class=\"gutentor-module-accordion-panel g-a-panel-abdb0f\"><div class=\"gm-ah-abdb0f gutentor-module-accordion-item-heading gutentor-module-icon-position-right\"><span class=\"gutentor-module-accordion-panel-handler\" role=\"button\"><span class=\"gutentor-module-accordion-panel-handler-label\">La mise en sc\u00e8ne !<\/span><span class=\"gutentor-module-accordion-icon\"><i class=\"gm-aio-abdb0f gutentor-module-accordion-icon-open fas fa-plus\"><\/i><i class=\"gm-aic-abdb0f gutentor-module-accordion-icon-close fas fa-minus\"><\/i><\/span><\/span><\/div><div class=\"gm-ab-abdb0f gutentor-module-accordion-body\">\n<div id=\"section-g5252d5\" class=\"wp-block-gutentor-e0 section-g5252d5 gutentor-element gutentor-element-advanced-text\"><div class=\"gutentor-text-wrap\"><p class=\"gutentor-text\">Encore une fois, il faut aider le futur locataire \u00e0 se <strong>projeter sur son lieu de vacances<\/strong>. Une petite mise en sc\u00e8ne \u00e0 la prise de vue se montre tr\u00e8s efficace. Voici quelques id\u00e9es : <\/p><\/div><\/div>\n\n\n\n<div id=\"section-gafadd1\" class=\"wp-block-gutentor-e7 section-gafadd1 gutentor-element gutentor-element-list\"><ul class=\"grid-row gutentor-grid-item-wrap list-indicator-icon\"><li class=\"gutentor-list-item grid-lg-12 grid-md-12 grid-12\"><span class=\"gutentor-single-item gutentor-single-item-0\"><span class=\"gutentor-list-item-wrap g-s-list-wrap\"><span class=\"gutentor-single-list-item-icon\"><i class=\"list-item-icon fas fa-arrow-right\"><\/i><\/span><span class=\"gutentor-list-item\"><p class=\"gutentor-single-item-title\">Des serviettes sur les chaises longues <\/p><\/span><\/span><\/span><\/li><li class=\"gutentor-list-item grid-lg-12 grid-md-12 grid-12\"><span class=\"gutentor-single-item gutentor-single-item-1\"><span class=\"gutentor-list-item-wrap g-s-list-wrap\"><span class=\"gutentor-single-list-item-icon\"><i class=\"list-item-icon fas fa-arrow-right\"><\/i><\/span><span class=\"gutentor-list-item\"><p class=\"gutentor-single-item-title\">Un table dress\u00e9e pr\u00e8s d&rsquo;un feu de chemin\u00e9e<\/p><\/span><\/span><\/span><\/li><li class=\"gutentor-list-item grid-lg-12 grid-md-12 grid-12\"><span class=\"gutentor-single-item gutentor-single-item-2\"><span class=\"gutentor-list-item-wrap g-s-list-wrap\"><span class=\"gutentor-single-list-item-icon\"><i class=\"list-item-icon fas fa-arrow-right\"><\/i><\/span><span class=\"gutentor-list-item\"><p class=\"gutentor-single-item-title\">Une table dans le jardin avec un petit d\u00e9jeuner<\/p><\/span><\/span><\/span><\/li><li class=\"gutentor-list-item grid-lg-12 grid-md-12 grid-12\"><span class=\"gutentor-single-item gutentor-single-item-3\"><span class=\"gutentor-list-item-wrap g-s-list-wrap\"><span class=\"gutentor-single-list-item-icon\"><i class=\"list-item-icon fas fa-arrow-right\"><\/i><\/span><span class=\"gutentor-list-item\"><p class=\"gutentor-single-item-title\">Une table basse sur la terrasse avec une bouteille de vin, des verres et quelques amuses-gueule<\/p><\/span><\/span><\/span><\/li><\/ul><\/div>\n\n\n\n<section id=\"gm1ffad7b\" class=\"wp-block-gutentor-m3 section-gm1ffad7b gutentor-module gutentor-container-cover has-color-bg has-custom-bg\"><div class=\"grid-container\">\n<p class=\"has-text-align-center has-small-font-size\"><span class=\"has-inline-color has-central-palette-7-color\">Le coin ap\u00e9ritif est toujours plus attractif s&rsquo;il est mis en situation.<\/span><\/p>\n\n\n\n<div id=\"section-g31d3ac\" class=\"wp-block-gutentor-e6 section-g31d3ac gutentor-element gutentor-element-image\"><div class=\"gutentor-element-image-box\"><div class=\"gutentor-image-thumb\"><img class=\"normal-image\" src=\"https:\/\/www.guide-loueur.mediavacances.com\/wp-content\/uploads\/2021\/11\/1249724_l-e1638272071194.jpg\" alt=\"Mise en sc\u00e8ne des photos de location de vacances\"\/><\/div><\/div><\/div>\n\n\n\n<p class=\"has-text-align-center has-small-font-size\"><br><span class=\"has-inline-color has-central-palette-7-color\">Une serviette roul\u00e9e sur un transat rappellera la piscine ou la plage \u00e0 proximit\u00e9 <\/span><\/p>\n\n\n\n<div id=\"section-g0255a4\" class=\"wp-block-gutentor-e6 section-g0255a4 gutentor-element gutentor-element-image\"><div class=\"gutentor-element-image-box\"><div class=\"gutentor-image-thumb\"><img class=\"normal-image\" src=\"https:\/\/www.guide-loueur.mediavacances.com\/wp-content\/uploads\/2022\/01\/pexels-engin-akyurt-2771923-2-e1642163598286.jpg\" alt=\"Mise en sc\u00e8ne des photos : serviette sur chaise longue\"\/><\/div><\/div><\/div>\n\n\n\n<p class=\"has-text-align-center has-small-font-size\"><br><span class=\"has-inline-color has-central-palette-7-color\">Une chemin\u00e9e, un barbecue ou un po\u00eale \u00e0 bois seront toujours plus convaincants en activit\u00e9.<\/span><\/p>\n\n\n\n<div id=\"section-g61c153\" class=\"wp-block-gutentor-e6 section-g61c153 gutentor-element gutentor-element-image\"><div class=\"gutentor-element-image-box\"><div class=\"gutentor-image-thumb\"><img class=\"normal-image\" src=\"https:\/\/www.guide-loueur.mediavacances.com\/wp-content\/uploads\/2022\/01\/pexels-rachel-claire-4825713-scaled-e1642165893614.jpg\" alt=\"Feu de bois location vacances\"\/><\/div><\/div><\/div>\n<\/div><\/section>\n\n\n\n<p class=\"has-text-align-center has-small-font-size\"><span class=\"has-inline-color has-central-palette-7-color\"><\/span><\/p>\n<\/div><\/div><\/div>\n\n\n\n<div id=\"d7855a\" class=\"wp-block-gutentor-m6-item section-d7855a gutentor-module gutentor-module-accordion-item\"><div class=\"gutentor-module-accordion-panel g-a-panel-abdb0f\"><div class=\"gm-ah-abdb0f gutentor-module-accordion-item-heading gutentor-module-icon-position-right\"><span class=\"gutentor-module-accordion-panel-handler\" role=\"button\"><span class=\"gutentor-module-accordion-panel-handler-label\">Le cas particulier de la montagne <\/span><span class=\"gutentor-module-accordion-icon\"><i class=\"gm-aio-abdb0f gutentor-module-accordion-icon-open fas fa-plus\"><\/i><i class=\"gm-aic-abdb0f gutentor-module-accordion-icon-close fas fa-minus\"><\/i><\/span><\/span><\/div><div class=\"gm-ab-abdb0f gutentor-module-accordion-body\">\n<div id=\"section-g49e63d\" class=\"wp-block-gutentor-e0 section-g49e63d gutentor-element gutentor-element-advanced-text\"><div class=\"gutentor-text-wrap\"><p class=\"gutentor-text\">Les <strong>locations de vacances \u00e0 la montagne<\/strong> sont occup\u00e9es l&rsquo;\u00e9t\u00e9 et l&rsquo;hiver. Les photos d&rsquo;hiver doivent imp\u00e9rativement mettre en avant la neige et le ski, et par cons\u00e9quent le <strong>blanc et le bleu<\/strong>. Les photos d&rsquo;\u00e9t\u00e9 doivent illustrer la for\u00eat, les randonn\u00e9es et laisser la place au <strong>vert et au bleu<\/strong>. S&rsquo;il est compliqu\u00e9 d&rsquo;utiliser deux jeux complets de photos, l&rsquo;un pour l&rsquo;\u00e9t\u00e9 l&rsquo;autre pour l&rsquo;hiver, il faut au minimum changer la photo principale et modifier l&rsquo;ordre des photos. <br><br><\/p><\/div><\/div>\n\n\n\n<p class=\"has-text-align-center has-small-font-size\"><span class=\"has-inline-color has-central-palette-7-color\"><\/span><\/p>\n\n\n\n<section id=\"gm02f4af8\" class=\"wp-block-gutentor-m3 section-gm02f4af8 gutentor-module gutentor-container-cover has-color-bg has-custom-bg\"><div class=\"grid-container\">\n<p class=\"has-small-font-size\"><i class=\"fas fa-lightbulb\"><\/i> <strong>Photo de r\u00e9serve sur MV<\/strong><br><br>Sur MediaVacances.com, les loueurs \u00e0 la montagne b\u00e9n\u00e9ficient d&rsquo;une photo principale et d&rsquo;une \u00ab\u00a0photo de r\u00e9serve\u00a0\u00bb permettant d&rsquo;alterner facilement la photo hiver et \u00e9t\u00e9.<\/p>\n<\/div><\/section>\n\n\n\n<p><br><\/p>\n\n\n\n<section id=\"gmfe5b048\" class=\"wp-block-gutentor-m3 section-gmfe5b048 gutentor-module gutentor-container-cover has-color-bg has-custom-bg\"><div class=\"grid-container\">\n<p class=\"has-text-align-center has-small-font-size\"><span class=\"has-inline-color has-central-palette-6-color\">Les photos pour la saison hiver doivent avoir une dominante de bleu et de blanc<\/span>.<\/p>\n\n\n\n<div id=\"section-g9693c5\" class=\"wp-block-gutentor-e6 section-g9693c5 gutentor-element gutentor-element-image\"><div class=\"gutentor-element-image-box\"><div class=\"gutentor-image-thumb\"><img class=\"normal-image\" src=\"https:\/\/www.guide-loueur.mediavacances.com\/wp-content\/uploads\/2022\/01\/Fotolia_45460466_L-e1642082982994.jpeg\" alt=\"Photo location de vacances montagne\"\/><\/div><\/div><\/div>\n<\/div><\/section>\n<\/div><\/div><\/div>\n<\/div><\/section>\n\n\n\n<h2>2. Les erreurs courantes <\/h2>\n\n\n\n<section id=\"a812b4\" class=\"section-a812b4 gutentor-module gutentor-module-accordion\"><div class=\"grid-container\">\n<div id=\"185c0d\" class=\"wp-block-gutentor-m6-item section-185c0d gutentor-module gutentor-module-accordion-item\"><div class=\"gutentor-module-accordion-panel g-a-panel-a812b4\"><div class=\"gm-ah-a812b4 gutentor-module-accordion-item-heading gutentor-module-icon-position-right\"><span class=\"gutentor-module-accordion-panel-handler\" role=\"button\"><span class=\"gutentor-module-accordion-panel-handler-label\">Prendre vos photos par temps maussade<\/span><span class=\"gutentor-module-accordion-icon\"><i class=\"gm-aio-a812b4 gutentor-module-accordion-icon-open fas fa-plus\"><\/i><i class=\"gm-aic-a812b4 gutentor-module-accordion-icon-close fas fa-minus\"><\/i><\/span><\/span><\/div><div class=\"gm-ab-a812b4 gutentor-module-accordion-body\">\n<div id=\"section-g0b5a7d\" class=\"wp-block-gutentor-e0 section-g0b5a7d gutentor-element gutentor-element-advanced-text\"><div class=\"gutentor-text-wrap\"><p class=\"gutentor-text\">Toutes les photos y compris les photos d&rsquo;int\u00e9rieur doivent imp\u00e9rativement \u00eatre prises <strong>par tr\u00e8s beau temps<\/strong>. Un simple ciel voil\u00e9 nuira consid\u00e9rablement au potentiel de s\u00e9duction de la photo. <\/p><\/div><\/div>\n\n\n\n<p class=\"has-text-align-center has-small-font-size\"><\/p>\n\n\n\n<section id=\"gmdbba7ad\" class=\"wp-block-gutentor-m3 section-gmdbba7ad gutentor-module gutentor-container-cover has-color-bg has-custom-bg\"><div class=\"grid-container\">\n<p class=\"has-text-align-center has-small-font-size\"><span class=\"has-inline-color has-central-palette-6-color\"><span class=\"has-inline-color has-central-palette-7-color\">Exemple de photo compromise par un simple  ciel voil\u00e9. <\/span><\/span><\/p>\n\n\n\n<div id=\"section-g0fab5f\" class=\"wp-block-gutentor-e6 section-g0fab5f gutentor-element gutentor-element-image\"><div class=\"gutentor-element-image-box\"><div class=\"gutentor-image-thumb\"><img class=\"normal-image\" src=\"https:\/\/www.guide-loueur.mediavacances.com\/wp-content\/uploads\/2022\/01\/FireShot-Capture-095-2-bed-flat-for-sale-in-Hayle-Mill-Road-Maidstone-ME15-Zoopla_-www.zoopla.co_.uk_-e1642083640511.png\" alt=\"Photo temps maussade location saisonni\u00e8re\"\/><\/div><\/div><\/div>\n<\/div><\/section>\n<\/div><\/div><\/div>\n\n\n\n<div id=\"d4b351\" class=\"wp-block-gutentor-m6-item section-d4b351 gutentor-module gutentor-module-accordion-item\"><div class=\"gutentor-module-accordion-panel g-a-panel-a812b4\"><div class=\"gm-ah-a812b4 gutentor-module-accordion-item-heading gutentor-module-icon-position-right\"><span class=\"gutentor-module-accordion-panel-handler\" role=\"button\"><span class=\"gutentor-module-accordion-panel-handler-label\">Photo principale inadapt\u00e9e <\/span><span class=\"gutentor-module-accordion-icon\"><i class=\"gm-aio-a812b4 gutentor-module-accordion-icon-open fas fa-plus\"><\/i><i class=\"gm-aic-a812b4 gutentor-module-accordion-icon-close fas fa-minus\"><\/i><\/span><\/span><\/div><div class=\"gm-ab-a812b4 gutentor-module-accordion-body\">\n<div id=\"section-g623b73\" class=\"wp-block-gutentor-e0 section-g623b73 gutentor-element gutentor-element-advanced-text\"><div class=\"gutentor-text-wrap\"><p class=\"gutentor-text\">Comme vu pr\u00e9c\u00e9demment, la photo principale doit imp\u00e9rativement mettre <strong>en avant les points forts de votre location<\/strong>. Si le point fort de la location est une activit\u00e9 \u00e0 proximit\u00e9 imm\u00e9diate (plage, golf, etc.), sans vue directe de l&rsquo;h\u00e9bergement, il est conseill\u00e9 de mettre une photo de cette activit\u00e9. <\/p><\/div><\/div>\n\n\n\n<p class=\"has-text-align-center has-small-font-size\"><span class=\"has-inline-color has-central-palette-7-color\"><\/span><\/p>\n\n\n\n<section id=\"gmc5a4c4b\" class=\"wp-block-gutentor-m3 section-gmc5a4c4b gutentor-module gutentor-container-cover has-color-bg has-custom-bg\"><div class=\"grid-container\">\n<p class=\"has-text-align-center has-small-font-size\"><span class=\"has-inline-color has-central-palette-6-color\"><span class=\"has-inline-color has-central-palette-7-color\">Cette photo n&rsquo;a pas de d\u00e9faut particulier mais elle ne met pas en avant le point fort de la location qui est sa proximit\u00e9 imm\u00e9diate de la mer. Il aurait \u00e9t\u00e9 pr\u00e9f\u00e9rable d&rsquo;utiliser une photo de la plage.<\/span><\/span><\/p>\n\n\n\n<div id=\"section-ga702dc\" class=\"wp-block-gutentor-e6 section-ga702dc gutentor-element gutentor-element-image\"><div class=\"gutentor-element-image-box\"><div class=\"gutentor-image-thumb\"><img class=\"normal-image\" src=\"https:\/\/www.guide-loueur.mediavacances.com\/wp-content\/uploads\/2021\/12\/holiday-complex-g9c3e12f06_1280-e1638892960611.jpg\" alt=\"Photo location de vacances proximit\u00e9 plage\"\/><\/div><\/div><\/div>\n<\/div><\/section>\n<\/div><\/div><\/div>\n\n\n\n<div id=\"821aac\" class=\"wp-block-gutentor-m6-item section-821aac gutentor-module gutentor-module-accordion-item\"><div class=\"gutentor-module-accordion-panel g-a-panel-a812b4\"><div class=\"gm-ah-a812b4 gutentor-module-accordion-item-heading gutentor-module-icon-position-right\"><span class=\"gutentor-module-accordion-panel-handler\" role=\"button\"><span class=\"gutentor-module-accordion-panel-handler-label\">Nombre r\u00e9duit de photos <\/span><span class=\"gutentor-module-accordion-icon\"><i class=\"gm-aio-a812b4 gutentor-module-accordion-icon-open fas fa-plus\"><\/i><i class=\"gm-aic-a812b4 gutentor-module-accordion-icon-close fas fa-minus\"><\/i><\/span><\/span><\/div><div class=\"gm-ab-a812b4 gutentor-module-accordion-body\">\n<div id=\"section-g10abe0\" class=\"wp-block-gutentor-e0 section-g10abe0 gutentor-element gutentor-element-advanced-text\"><div class=\"gutentor-text-wrap\"><p class=\"gutentor-text\">La plupart des plates-formes autorisent un nombre cons\u00e9quent de photos sans surco\u00fbt. Cependant certains propri\u00e9taires et annonceurs se contentent de ne mettre que quelques photos de l&rsquo;h\u00e9bergement. N&rsquo;h\u00e9sitez pas \u00e0 augmenter les chances de s\u00e9duction de votre annonce <strong>en ajoutant des photos<\/strong>, en particulier des points d&rsquo;int\u00e9r\u00eat touristique de la r\u00e9gion. <\/p><\/div><\/div>\n\n\n\n<p class=\"has-text-align-center has-small-font-size\"><span class=\"has-inline-color has-central-palette-7-color\"><\/span><\/p>\n\n\n\n<section id=\"gm5729551\" class=\"wp-block-gutentor-m3 section-gm5729551 gutentor-module gutentor-container-cover has-color-bg has-custom-bg\"><div class=\"grid-container\">\n<p class=\"has-text-align-center has-small-font-size\"><span class=\"has-inline-color has-central-palette-6-color\"><span class=\"has-inline-color has-central-palette-7-color\">Exemple de photos compl\u00e9mentaires pr\u00e9sentant une activit\u00e9 ext\u00e9rieure.<\/span><\/span><\/p>\n\n\n\n<div id=\"section-ge67a0e\" class=\"wp-block-gutentor-e6 section-ge67a0e gutentor-element gutentor-element-image\"><div class=\"gutentor-element-image-box\"><div class=\"gutentor-image-thumb\"><img class=\"normal-image\" src=\"https:\/\/www.guide-loueur.mediavacances.com\/wp-content\/uploads\/2021\/11\/madddalena-bateau-e1638272227652.jpg\" alt=\"Photo location de vacances activit\u00e9s\"\/><\/div><\/div><\/div>\n<\/div><\/section>\n<\/div><\/div><\/div>\n\n\n\n<div id=\"1714e9\" class=\"wp-block-gutentor-m6-item section-1714e9 gutentor-module gutentor-module-accordion-item\"><div class=\"gutentor-module-accordion-panel g-a-panel-a812b4\"><div class=\"gm-ah-a812b4 gutentor-module-accordion-item-heading gutentor-module-icon-position-right\"><span class=\"gutentor-module-accordion-panel-handler\" role=\"button\"><span class=\"gutentor-module-accordion-panel-handler-label\">Trop de photos d&rsquo;int\u00e9rieur <\/span><span class=\"gutentor-module-accordion-icon\"><i class=\"gm-aio-a812b4 gutentor-module-accordion-icon-open fas fa-plus\"><\/i><i class=\"gm-aic-a812b4 gutentor-module-accordion-icon-close fas fa-minus\"><\/i><\/span><\/span><\/div><div class=\"gm-ab-a812b4 gutentor-module-accordion-body\">\n<div id=\"section-gd80504\" class=\"wp-block-gutentor-e0 section-gd80504 gutentor-element gutentor-element-advanced-text\"><div class=\"gutentor-text-wrap\"><p class=\"gutentor-text\">Beaucoup d&rsquo;annonceurs mettent l&rsquo;accent sur les photos d&rsquo;int\u00e9rieur en pensant que les futurs vacanciers louent avant tout un \u00ab\u00a0bien immobilier\u00a0\u00bb. <br><br> Ce qui int\u00e9resse avant tout les internautes, ce sont les bons moments qu&rsquo;ils vont pouvoir passer sur la terrasse, sur la plage, sur les pistes. Si la d\u00e9coration, l&rsquo;agencement, l&rsquo;\u00e9quipement de la location ont une importance, il faut avant tout <strong>mettre en valeur les atouts touristiques de la location<\/strong>. Par ailleurs, certains styles d\u00e9coratifs trop typ\u00e9s ou \u00ab\u00a0personnels\u00a0\u00bb peuvent parfois limiter les demandes de location. <\/p><\/div><\/div>\n<\/div><\/div><\/div>\n\n\n\n<div id=\"1ab739\" class=\"wp-block-gutentor-m6-item section-1ab739 gutentor-module gutentor-module-accordion-item\"><div class=\"gutentor-module-accordion-panel g-a-panel-a812b4\"><div class=\"gm-ah-a812b4 gutentor-module-accordion-item-heading gutentor-module-icon-position-right\"><span class=\"gutentor-module-accordion-panel-handler\" role=\"button\"><span class=\"gutentor-module-accordion-panel-handler-label\">Des photos sans vie <\/span><span class=\"gutentor-module-accordion-icon\"><i class=\"gm-aio-a812b4 gutentor-module-accordion-icon-open fas fa-plus\"><\/i><i class=\"gm-aic-a812b4 gutentor-module-accordion-icon-close fas fa-minus\"><\/i><\/span><\/span><\/div><div class=\"gm-ab-a812b4 gutentor-module-accordion-body\">\n<div id=\"section-gc99842\" class=\"wp-block-gutentor-e0 section-gc99842 gutentor-element gutentor-element-advanced-text\"><div class=\"gutentor-text-wrap\"><p class=\"gutentor-text\">Il faut bannir les photos de la location <strong>volets ferm\u00e9s<\/strong>, avec une <strong>literie sans linge de lit<\/strong> ou encore une <strong>terrasse sans mobilier<\/strong>. Il faut montrer qu&rsquo;il s&rsquo;agit d&rsquo;une location saisonni\u00e8re r\u00e9guli\u00e8rement occup\u00e9e et agr\u00e9able \u00e0 vivre !<\/p><\/div><\/div>\n\n\n\n<p class=\"has-text-align-center has-small-font-size\"><\/p>\n\n\n\n<section id=\"gme0cb775\" class=\"wp-block-gutentor-m3 section-gme0cb775 gutentor-module gutentor-container-cover has-color-bg has-custom-bg\"><div class=\"grid-container\">\n<p class=\"has-text-align-center has-small-font-size\">J<span class=\"has-inline-color has-central-palette-6-color\"><span class=\"has-inline-color has-central-palette-7-color\">ardin sans ameublement, volets ferm\u00e9s. Cette photo donne moins envie de louer l&rsquo;h\u00e9bergement pour des vacances. <\/span><\/span><\/p>\n\n\n\n<div id=\"section-g10fa24\" class=\"wp-block-gutentor-e6 section-g10fa24 gutentor-element gutentor-element-image\"><div class=\"gutentor-element-image-box\"><div class=\"gutentor-image-thumb\"><img class=\"normal-image\" src=\"https:\/\/www.guide-loueur.mediavacances.com\/wp-content\/uploads\/2022\/01\/pexels-devon-rockola-816198-scaled-e1642153373442.jpg\" alt=\"photo location de vacances volets ferm\u00e9s Photo de Devon Rockola - Pexels.\"\/><\/div><\/div><\/div>\n\n\n\n<p><\/p>\n<\/div><\/section>\n<\/div><\/div><\/div>\n<\/div><\/section>\n\n\n\n<h2>3. Un peu de technique !<\/h2>\n\n\n\n<p>La r\u00e9alisation de <strong>photos adapt\u00e9es \u00e0 la location saisonni\u00e8re<\/strong> est \u00e0 la port\u00e9e de tous, m\u00eame sans mat\u00e9riel ou comp\u00e9tence particuli\u00e8re. Cependant un peu de technique peut vous aider \u00e0 prendre des photos plus performantes. <\/p>\n\n\n\n<section id=\"a78c5e\" class=\"section-a78c5e gutentor-module gutentor-module-accordion\"><div class=\"grid-container\">\n<div id=\"7b7fb7\" class=\"wp-block-gutentor-m6-item section-7b7fb7 gutentor-module gutentor-module-accordion-item\"><div class=\"gutentor-module-accordion-panel g-a-panel-a78c5e\"><div class=\"gm-ah-a78c5e gutentor-module-accordion-item-heading gutentor-module-icon-position-right\"><span class=\"gutentor-module-accordion-panel-handler\" role=\"button\"><span class=\"gutentor-module-accordion-panel-handler-label\">Le mat\u00e9riel : un smartphone suffit<\/span><span class=\"gutentor-module-accordion-icon\"><i class=\"gm-aio-a78c5e gutentor-module-accordion-icon-open fas fa-plus\"><\/i><i class=\"gm-aic-a78c5e gutentor-module-accordion-icon-close fas fa-minus\"><\/i><\/span><\/span><\/div><div class=\"gm-ab-a78c5e gutentor-module-accordion-body\">\n<div id=\"section-g57c868\" class=\"wp-block-gutentor-e0 section-g57c868 gutentor-element gutentor-element-advanced-text\"><div class=\"gutentor-text-wrap\"><p class=\"gutentor-text\">Les propri\u00e9taires plus exigeants pourront utiliser un v\u00e9ritable appareil photo et r\u00e9gler finement la focale, la profondeur de champ etc. Mais dans la pratique, les photos de smartphone conviennent tr\u00e8s bien. Les focales sont bien adapt\u00e9es et ce type appareil poss\u00e8de, en g\u00e9n\u00e9ral, une sensibilit\u00e9 qui permet de faire des photos correctes de cr\u00e9puscule ou d&rsquo;int\u00e9rieur. <\/p><\/div><\/div>\n\n\n\n<p class=\"has-text-align-center has-small-font-size\"><span class=\"has-inline-color has-central-palette-7-color\"><\/span><\/p>\n\n\n\n<section id=\"gmc864766\" class=\"wp-block-gutentor-m3 section-gmc864766 gutentor-module gutentor-container-cover has-color-bg has-custom-bg\"><div class=\"grid-container\">\n<p class=\"has-text-align-center has-small-font-size\"><span class=\"has-inline-color has-central-palette-6-color\">Les smartphones avec leur objectif \u00ab\u00a0grand angle\u00a0\u00bb et leur sensibilit\u00e9 sont souvent parfaitement adapt\u00e9s \u00e0 la photo immobili\u00e8re<\/span><\/p>\n\n\n\n<div id=\"section-ge5f8f9\" class=\"wp-block-gutentor-e6 section-ge5f8f9 gutentor-element gutentor-element-image\"><div class=\"gutentor-element-image-box\"><div class=\"gutentor-image-thumb\"><img class=\"normal-image\" src=\"https:\/\/www.guide-loueur.mediavacances.com\/wp-content\/uploads\/2022\/01\/1428059_l-1.jpg\" alt=\"Photo terrasse location de vacances smartphone\"\/><\/div><\/div><\/div>\n<\/div><\/section>\n<\/div><\/div><\/div>\n\n\n\n<div id=\"aefbf8\" class=\"wp-block-gutentor-m6-item section-aefbf8 gutentor-module gutentor-module-accordion-item\"><div class=\"gutentor-module-accordion-panel g-a-panel-a78c5e\"><div class=\"gm-ah-a78c5e gutentor-module-accordion-item-heading gutentor-module-icon-position-right\"><span class=\"gutentor-module-accordion-panel-handler\" role=\"button\"><span class=\"gutentor-module-accordion-panel-handler-label\">\u00c9clairage : \u00e9viter les contre-jours<\/span><span class=\"gutentor-module-accordion-icon\"><i class=\"gm-aio-a78c5e gutentor-module-accordion-icon-open fas fa-plus\"><\/i><i class=\"gm-aic-a78c5e gutentor-module-accordion-icon-close fas fa-minus\"><\/i><\/span><\/span><\/div><div class=\"gm-ab-a78c5e gutentor-module-accordion-body\">\n<div id=\"section-g9d7af5\" class=\"wp-block-gutentor-e0 section-g9d7af5 gutentor-element gutentor-element-advanced-text\"><div class=\"gutentor-text-wrap\"><p class=\"gutentor-text\">Un <strong>contre-jour<\/strong> est une situation dans laquelle la lumi\u00e8re est derri\u00e8re le sujet de la photo. Le sujet de la photo devient alors trop sombre, le contexte trop clair. Les couleurs ont perdu leur vivacit\u00e9, le ciel est blanc ou voil\u00e9, les d\u00e9tails sont peu visibles. En photo immobili\u00e8re, il est imp\u00e9ratif que la lumi\u00e8re vienne de derri\u00e8re le photographe ou sur les c\u00f4t\u00e9s. <\/p><\/div><\/div>\n\n\n\n<p class=\"has-text-align-center has-small-font-size\"><span class=\"has-inline-color has-central-palette-7-color\"><\/span><\/p>\n\n\n\n<section id=\"gm2e8fcc5\" class=\"wp-block-gutentor-m3 section-gm2e8fcc5 gutentor-module gutentor-container-cover has-color-bg has-custom-bg\"><div class=\"grid-container\">\n<p class=\"has-text-align-center has-small-font-size\"><span class=\"has-inline-color has-central-palette-6-color\">Exemple de contre-jour : le ciel est devenu blanc, les couleurs de la brique et des tuiles se sont estomp\u00e9es et les d\u00e9tails sont moins visibles. Seule la partie visible du jardin, qui n&rsquo;est plus en contre-jour (lumi\u00e8re venant du c\u00f4t\u00e9) a gard\u00e9 ses couleurs.<\/span><\/p>\n\n\n\n<div id=\"section-g27b01d\" class=\"wp-block-gutentor-e6 section-g27b01d gutentor-element gutentor-element-image\"><div class=\"gutentor-element-image-box\"><div class=\"gutentor-image-thumb\"><img class=\"normal-image\" src=\"https:\/\/www.guide-loueur.mediavacances.com\/wp-content\/uploads\/2022\/01\/Photo-381.jpg\" alt=\"Exemple de contre-jour photo location\"\/><\/div><\/div><\/div>\n<\/div><\/section>\n<\/div><\/div><\/div>\n\n\n\n<div id=\"aa2eac\" class=\"wp-block-gutentor-m6-item section-aa2eac gutentor-module gutentor-module-accordion-item\"><div class=\"gutentor-module-accordion-panel g-a-panel-a78c5e\"><div class=\"gm-ah-a78c5e gutentor-module-accordion-item-heading gutentor-module-icon-position-right\"><span class=\"gutentor-module-accordion-panel-handler\" role=\"button\"><span class=\"gutentor-module-accordion-panel-handler-label\">Astuce des pros #1 : le grand angle<\/span><span class=\"gutentor-module-accordion-icon\"><i class=\"gm-aio-a78c5e gutentor-module-accordion-icon-open fas fa-plus\"><\/i><i class=\"gm-aic-a78c5e gutentor-module-accordion-icon-close fas fa-minus\"><\/i><\/span><\/span><\/div><div class=\"gm-ab-a78c5e gutentor-module-accordion-body\">\n<div id=\"section-g011d00\" class=\"wp-block-gutentor-e0 section-g011d00 gutentor-element gutentor-element-advanced-text\"><div class=\"gutentor-text-wrap\"><p class=\"gutentor-text\">La <strong>focale<\/strong> est la distance entre la lentille et le capteur qui permet de grossir ou d&rsquo;\u00e9largir le champ. <br><br>Les grandes focales (\u00ab\u00a0zooms\u00a0\u00bb) grossissent le sujet, mais \u00e9crasent les perspectives et r\u00e9duisent l&rsquo;impression d&rsquo;espace. Les petites focales (\u00ab\u00a0grands angles\u00a0\u00bb) \u00e9loignent le sujet mais optimisent l&rsquo;impression d&rsquo;espace. <br><br>Les professionnels de la photo de tourisme ou immobili\u00e8re, utilisent des <strong>grands angles<\/strong> permettant de valoriser l&rsquo;impression de volume et d&rsquo;espace, parfois au del\u00e0 du raisonnable. <strong>Attention \u00e0 ne pas en abuser de cette technique au risque de donner une fausse image de votre location de vacances. <\/strong><br><br>Les smartphones utilisent en g\u00e9n\u00e9ral par d\u00e9faut des grand angles. Les nouvelles g\u00e9n\u00e9rations dot\u00e9es de plusieurs objectifs proposent un choix de focales et permettent d&rsquo;utiliser soit un grand angle classique, soit un super grand angle. <\/p><\/div><\/div>\n\n\n\n<p class=\"has-text-align-center has-small-font-size\"><span class=\"has-inline-color has-central-palette-7-color\"> <\/span><\/p>\n\n\n\n<section id=\"gm31f08eb\" class=\"wp-block-gutentor-m3 section-gm31f08eb gutentor-module gutentor-container-cover has-color-bg has-custom-bg\"><div class=\"grid-container\">\n<p class=\"has-text-align-center has-small-font-size\"><span class=\"has-inline-color has-central-palette-7-color\">L&rsquo;utilisation de grands angles optimise l&rsquo;impression d&rsquo;espace<\/span><\/p>\n\n\n\n<div id=\"section-g740e43\" class=\"wp-block-gutentor-e6 section-g740e43 gutentor-element gutentor-element-image\"><div class=\"gutentor-element-image-box\"><div class=\"gutentor-image-thumb\"><img class=\"normal-image\" src=\"https:\/\/www.guide-loueur.mediavacances.com\/wp-content\/uploads\/2022\/01\/pexels-pixabay-221457-scaled-e1644574382313.jpg\" alt=\"Utilisation grand angle photo immobili\u00e8re\"\/><\/div><\/div><\/div>\n<\/div><\/section>\n<\/div><\/div><\/div>\n\n\n\n<div id=\"3176f9\" class=\"wp-block-gutentor-m6-item section-3176f9 gutentor-module gutentor-module-accordion-item\"><div class=\"gutentor-module-accordion-panel g-a-panel-a78c5e\"><div class=\"gm-ah-a78c5e gutentor-module-accordion-item-heading gutentor-module-icon-position-right\"><span class=\"gutentor-module-accordion-panel-handler\" role=\"button\"><span class=\"gutentor-module-accordion-panel-handler-label\">Astuce des pro #2 : la contre-plong\u00e9e <\/span><span class=\"gutentor-module-accordion-icon\"><i class=\"gm-aio-a78c5e gutentor-module-accordion-icon-open fas fa-plus\"><\/i><i class=\"gm-aic-a78c5e gutentor-module-accordion-icon-close fas fa-minus\"><\/i><\/span><\/span><\/div><div class=\"gm-ab-a78c5e gutentor-module-accordion-body\">\n<div id=\"section-gaf1dd0\" class=\"wp-block-gutentor-e0 section-gaf1dd0 gutentor-element gutentor-element-advanced-text\"><div class=\"gutentor-text-wrap\"><p class=\"gutentor-text\">La <strong>contre-plong\u00e9e<\/strong> est une autre technique utilis\u00e9e par les photographes professionnels dans le domaine de l&rsquo;immobilier pour donner une impression de hauteur et de volume suppl\u00e9mentaire. Elle consiste \u00e0 baisser l&rsquo;appareil par rapport au sujet de la prise de vue, qui apparait alors plus grand et plus \u00e9lanc\u00e9.<br><br> La contre-plong\u00e9e est naturelle lorsque l&rsquo;on photographie un immeuble ou un monument de pr\u00e8s. Sur un sujet moins haut, elle consiste \u00e0 diminuer la hauteur de prise de vue. La contre-plong\u00e9e a un effet assez similaire \u00e0 celui donn\u00e9 par des grands angles et il faudra faire attention \u00e0 ne pas abuser des deux, sous peine d&rsquo;obtenir des perspectives compl\u00e8tement d\u00e9form\u00e9es. <\/p><\/div><\/div>\n\n\n\n<p class=\"has-text-align-center has-small-font-size\"><span class=\"has-inline-color has-central-palette-7-color\"><\/span><\/p>\n\n\n\n<section id=\"gmf42e746\" class=\"wp-block-gutentor-m3 section-gmf42e746 gutentor-module gutentor-container-cover has-color-bg has-custom-bg\"><div class=\"grid-container\">\n<p class=\"has-text-align-center has-small-font-size\"><span class=\"has-inline-color has-central-palette-7-color\">Exemple de prise de vue associant contre-plong\u00e9e et grand angle. On constate que la prise de vue donne une impression de hauteur et de volume. On voit aussi que les perspectives sont d\u00e9form\u00e9es : on est ici \u00e0 l&rsquo;extr\u00eame limite de ce que l&rsquo;on peut faire en utilisant ces deux effets.<\/span><\/p>\n\n\n\n<div id=\"section-g97f385\" class=\"wp-block-gutentor-e6 section-g97f385 gutentor-element gutentor-element-image\"><div class=\"gutentor-element-image-box\"><div class=\"gutentor-image-thumb\"><img class=\"normal-image\" src=\"https:\/\/www.guide-loueur.mediavacances.com\/wp-content\/uploads\/2022\/01\/Chalet-printemps.jpg\" alt=\"Contre plong\u00e9e photo chalet\"\/><\/div><\/div><\/div>\n<\/div><\/section>\n<\/div><\/div><\/div>\n\n\n\n<div id=\"24c1f6\" class=\"wp-block-gutentor-m6-item section-24c1f6 gutentor-module gutentor-module-accordion-item\"><div class=\"gutentor-module-accordion-panel g-a-panel-a78c5e\"><div class=\"gm-ah-a78c5e gutentor-module-accordion-item-heading gutentor-module-icon-position-right\"><span class=\"gutentor-module-accordion-panel-handler\" role=\"button\"><span class=\"gutentor-module-accordion-panel-handler-label\">Les photos d&rsquo;int\u00e9rieur<\/span><span class=\"gutentor-module-accordion-icon\"><i class=\"gm-aio-a78c5e gutentor-module-accordion-icon-open fas fa-plus\"><\/i><i class=\"gm-aic-a78c5e gutentor-module-accordion-icon-close fas fa-minus\"><\/i><\/span><\/span><\/div><div class=\"gm-ab-a78c5e gutentor-module-accordion-body\">\n<div id=\"section-g10a10c\" class=\"wp-block-gutentor-e0 section-g10a10c gutentor-element gutentor-element-advanced-text\"><div class=\"gutentor-text-wrap\"><p class=\"gutentor-text\">Conseil : les photos d&rsquo;int\u00e9rieur doivent privil\u00e9gier la <strong>lumi\u00e8re naturelle<\/strong> et la<strong> vue sur l&rsquo;ext\u00e9rieur. <\/strong><\/p><\/div><\/div>\n\n\n\n<p class=\"has-text-align-center has-small-font-size\"><span class=\"has-inline-color has-central-palette-7-color\"><\/span><\/p>\n\n\n\n<section id=\"gm9de5f67\" class=\"wp-block-gutentor-m3 section-gm9de5f67 gutentor-module gutentor-container-cover has-color-bg has-custom-bg\"><div class=\"grid-container\">\n<p class=\"has-text-align-center has-small-font-size\"><span class=\"has-inline-color has-central-palette-7-color\">Les photos d&rsquo;int\u00e9rieur doivent id\u00e9alement mettre en avant une vue sur l&rsquo;ext\u00e9rieur et b\u00e9n\u00e9ficier d&rsquo;une lumi\u00e8re naturelle.<\/span><\/p>\n\n\n\n<div id=\"section-gfa2373\" class=\"wp-block-gutentor-e6 section-gfa2373 gutentor-element gutentor-element-image\"><div class=\"gutentor-element-image-box\"><div class=\"gutentor-image-thumb\"><img class=\"normal-image\" src=\"https:\/\/www.guide-loueur.mediavacances.com\/wp-content\/uploads\/2021\/11\/1388913_l-e1638273865548.jpg\" alt=\"photo location vacances d'int\u00e9rieur vue ext\u00e9rieur\"\/><\/div><\/div><\/div>\n<\/div><\/section>\n<\/div><\/div><\/div>\n<\/div><\/section>\n\n\n\n<h2>4. Le recadrage, les retouches et l&rsquo;optimisation <\/h2>\n\n\n\n<p>Il est parfois n\u00e9cessaire de faire des modifications mineures aux photos et de les compresser afin de permettre le t\u00e9l\u00e9chargement. Attention \u00e0 l&rsquo;abus d&rsquo;optimisation : les photos doivent d\u00e9crire fiablement votre location.  <\/p>\n\n\n\n<section id=\"70b203\" class=\"section-70b203 gutentor-module gutentor-module-accordion\"><div class=\"grid-container\">\n<div id=\"1a644c\" class=\"wp-block-gutentor-m6-item section-1a644c gutentor-module gutentor-module-accordion-item\"><div class=\"gutentor-module-accordion-panel g-a-panel-70b203\"><div class=\"gm-ah-70b203 gutentor-module-accordion-item-heading gutentor-module-icon-position-right\"><span class=\"gutentor-module-accordion-panel-handler\" role=\"button\"><span class=\"gutentor-module-accordion-panel-handler-label\">Le recadrage et les retouches <\/span><span class=\"gutentor-module-accordion-icon\"><i class=\"gm-aio-70b203 gutentor-module-accordion-icon-open fas fa-plus\"><\/i><i class=\"gm-aic-70b203 gutentor-module-accordion-icon-close fas fa-minus\"><\/i><\/span><\/span><\/div><div class=\"gm-ab-70b203 gutentor-module-accordion-body\">\n<div id=\"section-g77babf\" class=\"wp-block-gutentor-e0 section-g77babf gutentor-element gutentor-element-advanced-text\"><div class=\"gutentor-text-wrap\"><p class=\"gutentor-text\">On peut recadrer les photos en utilisant un logiciel. Il faudra cependant veiller \u00e0 recadrer les photos en gardant un format adapt\u00e9 \u00e0 la plate-forme (en g\u00e9n\u00e9ral un format \u00ab\u00a0carte postale\u00a0\u00bb). On pourra aussi effectuer de l\u00e9g\u00e8res retouches, en densifiant les couleurs par exemple.<\/p><\/div><\/div>\n<\/div><\/div><\/div>\n\n\n\n<div id=\"8123d4\" class=\"wp-block-gutentor-m6-item section-8123d4 gutentor-module gutentor-module-accordion-item\"><div class=\"gutentor-module-accordion-panel g-a-panel-70b203\"><div class=\"gm-ah-70b203 gutentor-module-accordion-item-heading gutentor-module-icon-position-right\"><span class=\"gutentor-module-accordion-panel-handler\" role=\"button\"><span class=\"gutentor-module-accordion-panel-handler-label\">Nombre de pixels <\/span><span class=\"gutentor-module-accordion-icon\"><i class=\"gm-aio-70b203 gutentor-module-accordion-icon-open fas fa-plus\"><\/i><i class=\"gm-aic-70b203 gutentor-module-accordion-icon-close fas fa-minus\"><\/i><\/span><\/span><\/div><div class=\"gm-ab-70b203 gutentor-module-accordion-body\">\n<div id=\"section-g3e70a6\" class=\"wp-block-gutentor-e0 section-g3e70a6 gutentor-element gutentor-element-advanced-text\"><div class=\"gutentor-text-wrap\"><p class=\"gutentor-text\">Une photo est constitu\u00e9e de <strong>pixels \u00e9l\u00e9mentaires.<\/strong> Un pixel est un tout petit carr\u00e9 pouvant prendre une couleur d\u00e9termin\u00e9e. Sans surprise, le nombre de pixels d&rsquo;une photo se calcule en multipliant le nombre de pixels en hauteur et en largeur .<br><\/p><\/div><\/div>\n\n\n\n<section id=\"gme2c9c7b\" class=\"wp-block-gutentor-m3 section-gme2c9c7b gutentor-module gutentor-container-cover has-color-bg has-custom-bg\"><div class=\"grid-container\">\n<p class=\"has-text-align-center has-small-font-size\"><span class=\"has-inline-color has-central-palette-7-color\">Le nombre de pixels se calcule en multipliant le nombre de pixels en hauteur et en largeur, soit 50 x 30 = 1500 pixels dans le cas ci-dessous (photo de plage fortement zoom\u00e9e). <\/span><\/p>\n\n\n\n<div id=\"section-g0711cd\" class=\"wp-block-gutentor-e6 section-g0711cd gutentor-element gutentor-element-image\"><div class=\"gutentor-element-image-box\"><div class=\"gutentor-image-thumb\"><img class=\"normal-image\" src=\"https:\/\/www.guide-loueur.mediavacances.com\/wp-content\/uploads\/2022\/02\/Capture-de\u0301cran-2022-02-11-a\u0300-11.26.36-1.jpg\" alt=\"Photo location de vacances nombre de pixels\"\/><\/div><\/div><\/div>\n<\/div><\/section>\n\n\n\n<p><\/p>\n\n\n\n<p><\/p>\n\n\n\n<p>Vous pouvez <strong>configurer votre appareil photo ou smartphone<\/strong> pour produire des images plus r\u00e9duites d\u00e9j\u00e0 compress\u00e9es en .JPEG ou <strong>utiliser un logiciel <\/strong>pour le faire (voire plus bas).<\/p>\n<\/div><\/div><\/div>\n\n\n\n<div id=\"496210\" class=\"wp-block-gutentor-m6-item section-496210 gutentor-module gutentor-module-accordion-item\"><div class=\"gutentor-module-accordion-panel g-a-panel-70b203\"><div class=\"gm-ah-70b203 gutentor-module-accordion-item-heading gutentor-module-icon-position-right\"><span class=\"gutentor-module-accordion-panel-handler\" role=\"button\"><span class=\"gutentor-module-accordion-panel-handler-label\">Le poids des photos, format et nombre de pixels<\/span><span class=\"gutentor-module-accordion-icon\"><i class=\"gm-aio-70b203 gutentor-module-accordion-icon-open fas fa-plus\"><\/i><i class=\"gm-aic-70b203 gutentor-module-accordion-icon-close fas fa-minus\"><\/i><\/span><\/span><\/div><div class=\"gm-ab-70b203 gutentor-module-accordion-body\">\n<div id=\"section-g8b0a0a\" class=\"wp-block-gutentor-e0 section-g8b0a0a gutentor-element gutentor-element-advanced-text\"><div class=\"gutentor-text-wrap\"><p class=\"gutentor-text\">Le poids des photos, comme tout fichier informatique, <strong>s&rsquo;exprime en \u00ab\u00a0octets\u00a0\u00bb<\/strong>, habituellement des <strong>Ko<\/strong> (KiloOctets), <strong>Mo<\/strong> (M\u00e9gaOctets), parfois <strong>Go<\/strong> (GigaOctets). <br><br>Le poids d&rsquo;une photo d\u00e9pend du <strong>nombre de pixels<\/strong> et du <strong>format du fichier<\/strong>. Ce format de fichier peut \u00eatre <strong>brut<\/strong> (qui respecte pr\u00e9cis\u00e9ment le nombre de pixels et les couleurs de la prise de vue) comme le format .TIFF ou<strong> compress\u00e9 <\/strong>(dont certains pixels ont \u00e9t\u00e9 modifi\u00e9s pour diminuer drastiquement le poids du fichier) comme le format .PNG ou .JPEG\/.JPG. <br><br>Toutes les <strong>photos sur internet utilisent un format compress\u00e9 <\/strong>(habituellement .JPEG\/JPG ou .PNG) <strong>pour des raisons li\u00e9e au temps transfert sur le r\u00e9seau. <\/strong><br><br>Dans le domaine de la location de vacances, on utilise le format .JPG\/.JPEG pour les photos, accessoirement .PNG pour les photos avec un nombre de couleurs limit\u00e9 (plan d&rsquo;une villa ou d&rsquo;un appartement par exemple). <br><\/p><\/div><\/div>\n<\/div><\/div><\/div>\n\n\n\n<div id=\"884eae\" class=\"wp-block-gutentor-m6-item section-884eae gutentor-module gutentor-module-accordion-item\"><div class=\"gutentor-module-accordion-panel g-a-panel-70b203\"><div class=\"gm-ah-70b203 gutentor-module-accordion-item-heading gutentor-module-icon-position-right\"><span class=\"gutentor-module-accordion-panel-handler\" role=\"button\"><span class=\"gutentor-module-accordion-panel-handler-label\">R\u00e9duire le poids de la photo <\/span><span class=\"gutentor-module-accordion-icon\"><i class=\"gm-aio-70b203 gutentor-module-accordion-icon-open fas fa-plus\"><\/i><i class=\"gm-aic-70b203 gutentor-module-accordion-icon-close fas fa-minus\"><\/i><\/span><\/span><\/div><div class=\"gm-ab-70b203 gutentor-module-accordion-body\">\n<div id=\"section-g64d51f\" class=\"wp-block-gutentor-e0 section-g64d51f gutentor-element gutentor-element-advanced-text\"><div class=\"gutentor-text-wrap\"><p class=\"gutentor-text\">La plupart des appareils photos et des smartphones produisent des photos avec <strong>un grand nombre de pixels<\/strong>, soit dans un format brut (.TIFF, .RAW, etc.) ou dans un format d\u00e9j\u00e0 compress\u00e9 (configur\u00e9 par l&rsquo;utilisateur). <strong>Il en r\u00e9sulte en g\u00e9n\u00e9ral des fichiers tr\u00e8s lourds et donc tr\u00e8s lents \u00e0 transmettre sur internet. <\/strong><br><br>Il faut donc les r\u00e9duire en les <strong>redimensionnant<\/strong> (r\u00e9duisant le nombre de pixels en largeur et hauteur) et en <strong>les sauvegardant dans  un format compress\u00e9<\/strong>. En .JPG\/JPEG le niveau de compression est r\u00e9glable. <br><\/p><\/div><\/div>\n<\/div><\/div><\/div>\n<\/div><\/section>\n\n\n\n<p><\/p>\n","protected":false},"excerpt":{"rendered":"<p>1. Les grandes r\u00e8gles : Nous indiquons ci-dessous les r\u00e8gles \u00e0 respecter concernant les photos des annonces sur les sites de location de vacances. 2. Les erreurs courantes 3. Un peu de technique ! La r\u00e9alisation de photos adapt\u00e9es \u00e0 la location saisonni\u00e8re est \u00e0 la port\u00e9e de tous, m\u00eame sans mat\u00e9riel ou comp\u00e9tence particuli\u00e8re.&hellip;&nbsp;<a href=\"https:\/\/www.guide-loueur.mediavacances.com\/index.php\/les-photos\/\" class=\"\" rel=\"bookmark\">Lire la suite &raquo;<span class=\"screen-reader-text\">Conseils photos<\/span><\/a><\/p>\n","protected":false},"author":1,"featured_media":0,"parent":0,"menu_order":0,"comment_status":"closed","ping_status":"closed","template":"","meta":{"neve_meta_sidebar":"","neve_meta_container":"","neve_meta_enable_content_width":"","neve_meta_content_width":0,"neve_meta_title_alignment":"","neve_meta_author_avatar":"","neve_post_elements_order":"","neve_meta_disable_header":"","neve_meta_disable_footer":"","neve_meta_disable_title":""},"yoast_head":"<!-- This site is optimized with the Yoast SEO plugin v18.3 - https:\/\/yoast.com\/wordpress\/plugins\/seo\/ -->\n<title>Location de vacances : conseils photos - Guide Loueur MediaVacances<\/title>\n<meta name=\"description\" content=\"GUIDE LOUEUR MEDIAVACANCES : Les photos repr\u00e9sentent 90% du potentiel locatif d&#039;une annonce ! Nos conseils - Les astuces des pros - Les photos d&#039;ext\u00e9rieur - Les erreurs courantes - comment classer ses photos - etc.\" \/>\n<meta name=\"robots\" content=\"index, follow, max-snippet:-1, max-image-preview:large, max-video-preview:-1\" \/>\n<link rel=\"canonical\" href=\"https:\/\/www.guide-loueur.mediavacances.com\/index.php\/les-photos\/\" \/>\n<meta property=\"og:locale\" content=\"fr_FR\" \/>\n<meta property=\"og:type\" content=\"article\" \/>\n<meta property=\"og:title\" content=\"Location de vacances : conseils photos - Guide Loueur MediaVacances\" \/>\n<meta property=\"og:description\" content=\"GUIDE LOUEUR MEDIAVACANCES : Les photos repr\u00e9sentent 90% du potentiel locatif d&#039;une annonce ! Nos conseils - Les astuces des pros - Les photos d&#039;ext\u00e9rieur - Les erreurs courantes - comment classer ses photos - etc.\" \/>\n<meta property=\"og:url\" content=\"https:\/\/www.guide-loueur.mediavacances.com\/index.php\/les-photos\/\" \/>\n<meta property=\"og:site_name\" content=\"Guide de la location de vacances\" \/>\n<meta property=\"article:modified_time\" content=\"2023-03-24T14:18:06+00:00\" \/>\n<meta property=\"og:image\" content=\"http:\/\/www.guide-loueur.mediavacances.com\/wp-content\/uploads\/2021\/11\/Fotolia_31874937_M1-e1642166536375.jpg\" \/>\n<meta name=\"twitter:card\" content=\"summary_large_image\" \/>\n<meta name=\"twitter:label1\" content=\"Dur\u00e9e de lecture estim\u00e9e\" \/>\n\t<meta name=\"twitter:data1\" content=\"17 minutes\" \/>\n<script type=\"application\/ld+json\" class=\"yoast-schema-graph\">{\"@context\":\"https:\/\/schema.org\",\"@graph\":[{\"@type\":\"Organization\",\"@id\":\"https:\/\/www.guide-loueur.mediavacances.com\/#organization\",\"name\":\"Guide propri\u00e9taire MediaVacances.com\",\"url\":\"https:\/\/www.guide-loueur.mediavacances.com\/\",\"sameAs\":[],\"logo\":{\"@type\":\"ImageObject\",\"@id\":\"https:\/\/www.guide-loueur.mediavacances.com\/#logo\",\"inLanguage\":\"fr-FR\",\"url\":\"https:\/\/guide-du-loueur-saisonnier.com\/wp-content\/uploads\/2022\/02\/cropped-cropped-Maison-logo_XXL.png\",\"contentUrl\":\"https:\/\/guide-du-loueur-saisonnier.com\/wp-content\/uploads\/2022\/02\/cropped-cropped-Maison-logo_XXL.png\",\"width\":512,\"height\":512,\"caption\":\"Guide propri\u00e9taire MediaVacances.com\"},\"image\":{\"@id\":\"https:\/\/www.guide-loueur.mediavacances.com\/#logo\"}},{\"@type\":\"WebSite\",\"@id\":\"https:\/\/www.guide-loueur.mediavacances.com\/#website\",\"url\":\"https:\/\/www.guide-loueur.mediavacances.com\/\",\"name\":\"Guide de la location de vacances\",\"description\":\"Guide loueur MediaVacances.com\",\"publisher\":{\"@id\":\"https:\/\/www.guide-loueur.mediavacances.com\/#organization\"},\"potentialAction\":[{\"@type\":\"SearchAction\",\"target\":{\"@type\":\"EntryPoint\",\"urlTemplate\":\"https:\/\/www.guide-loueur.mediavacances.com\/?s={search_term_string}\"},\"query-input\":\"required name=search_term_string\"}],\"inLanguage\":\"fr-FR\"},{\"@type\":\"ImageObject\",\"@id\":\"https:\/\/www.guide-loueur.mediavacances.com\/index.php\/les-photos\/#primaryimage\",\"inLanguage\":\"fr-FR\",\"url\":\"http:\/\/www.guide-loueur.mediavacances.com\/wp-content\/uploads\/2021\/11\/Fotolia_31874937_M1-e1642166536375.jpg\",\"contentUrl\":\"http:\/\/www.guide-loueur.mediavacances.com\/wp-content\/uploads\/2021\/11\/Fotolia_31874937_M1-e1642166536375.jpg\"},{\"@type\":\"WebPage\",\"@id\":\"https:\/\/www.guide-loueur.mediavacances.com\/index.php\/les-photos\/#webpage\",\"url\":\"https:\/\/www.guide-loueur.mediavacances.com\/index.php\/les-photos\/\",\"name\":\"Location de vacances : conseils photos - Guide Loueur MediaVacances\",\"isPartOf\":{\"@id\":\"https:\/\/www.guide-loueur.mediavacances.com\/#website\"},\"primaryImageOfPage\":{\"@id\":\"https:\/\/www.guide-loueur.mediavacances.com\/index.php\/les-photos\/#primaryimage\"},\"datePublished\":\"2021-11-25T14:48:26+00:00\",\"dateModified\":\"2023-03-24T14:18:06+00:00\",\"description\":\"GUIDE LOUEUR MEDIAVACANCES : Les photos repr\u00e9sentent 90% du potentiel locatif d'une annonce ! Nos conseils - Les astuces des pros - Les photos d'ext\u00e9rieur - Les erreurs courantes - comment classer ses photos - etc.\",\"breadcrumb\":{\"@id\":\"https:\/\/www.guide-loueur.mediavacances.com\/index.php\/les-photos\/#breadcrumb\"},\"inLanguage\":\"fr-FR\",\"potentialAction\":[{\"@type\":\"ReadAction\",\"target\":[\"https:\/\/www.guide-loueur.mediavacances.com\/index.php\/les-photos\/\"]}]},{\"@type\":\"BreadcrumbList\",\"@id\":\"https:\/\/www.guide-loueur.mediavacances.com\/index.php\/les-photos\/#breadcrumb\",\"itemListElement\":[{\"@type\":\"ListItem\",\"position\":1,\"name\":\"Accueil\",\"item\":\"https:\/\/www.guide-loueur.mediavacances.com\/\"},{\"@type\":\"ListItem\",\"position\":2,\"name\":\"Conseils photos\"}]}]}<\/script>\n<!-- \/ Yoast SEO plugin. -->","yoast_head_json":{"title":"Location de vacances : conseils photos - Guide Loueur MediaVacances","description":"GUIDE LOUEUR MEDIAVACANCES : Les photos repr\u00e9sentent 90% du potentiel locatif d'une annonce ! Nos conseils - Les astuces des pros - Les photos d'ext\u00e9rieur - Les erreurs courantes - comment classer ses photos - etc.","robots":{"index":"index","follow":"follow","max-snippet":"max-snippet:-1","max-image-preview":"max-image-preview:large","max-video-preview":"max-video-preview:-1"},"canonical":"https:\/\/www.guide-loueur.mediavacances.com\/index.php\/les-photos\/","og_locale":"fr_FR","og_type":"article","og_title":"Location de vacances : conseils photos - Guide Loueur MediaVacances","og_description":"GUIDE LOUEUR MEDIAVACANCES : Les photos repr\u00e9sentent 90% du potentiel locatif d'une annonce ! Nos conseils - Les astuces des pros - Les photos d'ext\u00e9rieur - Les erreurs courantes - comment classer ses photos - etc.","og_url":"https:\/\/www.guide-loueur.mediavacances.com\/index.php\/les-photos\/","og_site_name":"Guide de la location de vacances","article_modified_time":"2023-03-24T14:18:06+00:00","og_image":[{"url":"http:\/\/www.guide-loueur.mediavacances.com\/wp-content\/uploads\/2021\/11\/Fotolia_31874937_M1-e1642166536375.jpg"}],"twitter_card":"summary_large_image","twitter_misc":{"Dur\u00e9e de lecture estim\u00e9e":"17 minutes"},"schema":{"@context":"https:\/\/schema.org","@graph":[{"@type":"Organization","@id":"https:\/\/www.guide-loueur.mediavacances.com\/#organization","name":"Guide propri\u00e9taire MediaVacances.com","url":"https:\/\/www.guide-loueur.mediavacances.com\/","sameAs":[],"logo":{"@type":"ImageObject","@id":"https:\/\/www.guide-loueur.mediavacances.com\/#logo","inLanguage":"fr-FR","url":"https:\/\/guide-du-loueur-saisonnier.com\/wp-content\/uploads\/2022\/02\/cropped-cropped-Maison-logo_XXL.png","contentUrl":"https:\/\/guide-du-loueur-saisonnier.com\/wp-content\/uploads\/2022\/02\/cropped-cropped-Maison-logo_XXL.png","width":512,"height":512,"caption":"Guide propri\u00e9taire MediaVacances.com"},"image":{"@id":"https:\/\/www.guide-loueur.mediavacances.com\/#logo"}},{"@type":"WebSite","@id":"https:\/\/www.guide-loueur.mediavacances.com\/#website","url":"https:\/\/www.guide-loueur.mediavacances.com\/","name":"Guide de la location de vacances","description":"Guide loueur MediaVacances.com","publisher":{"@id":"https:\/\/www.guide-loueur.mediavacances.com\/#organization"},"potentialAction":[{"@type":"SearchAction","target":{"@type":"EntryPoint","urlTemplate":"https:\/\/www.guide-loueur.mediavacances.com\/?s={search_term_string}"},"query-input":"required name=search_term_string"}],"inLanguage":"fr-FR"},{"@type":"ImageObject","@id":"https:\/\/www.guide-loueur.mediavacances.com\/index.php\/les-photos\/#primaryimage","inLanguage":"fr-FR","url":"http:\/\/www.guide-loueur.mediavacances.com\/wp-content\/uploads\/2021\/11\/Fotolia_31874937_M1-e1642166536375.jpg","contentUrl":"http:\/\/www.guide-loueur.mediavacances.com\/wp-content\/uploads\/2021\/11\/Fotolia_31874937_M1-e1642166536375.jpg"},{"@type":"WebPage","@id":"https:\/\/www.guide-loueur.mediavacances.com\/index.php\/les-photos\/#webpage","url":"https:\/\/www.guide-loueur.mediavacances.com\/index.php\/les-photos\/","name":"Location de vacances : conseils photos - Guide Loueur MediaVacances","isPartOf":{"@id":"https:\/\/www.guide-loueur.mediavacances.com\/#website"},"primaryImageOfPage":{"@id":"https:\/\/www.guide-loueur.mediavacances.com\/index.php\/les-photos\/#primaryimage"},"datePublished":"2021-11-25T14:48:26+00:00","dateModified":"2023-03-24T14:18:06+00:00","description":"GUIDE LOUEUR MEDIAVACANCES : Les photos repr\u00e9sentent 90% du potentiel locatif d'une annonce ! Nos conseils - Les astuces des pros - Les photos d'ext\u00e9rieur - Les erreurs courantes - comment classer ses photos - etc.","breadcrumb":{"@id":"https:\/\/www.guide-loueur.mediavacances.com\/index.php\/les-photos\/#breadcrumb"},"inLanguage":"fr-FR","potentialAction":[{"@type":"ReadAction","target":["https:\/\/www.guide-loueur.mediavacances.com\/index.php\/les-photos\/"]}]},{"@type":"BreadcrumbList","@id":"https:\/\/www.guide-loueur.mediavacances.com\/index.php\/les-photos\/#breadcrumb","itemListElement":[{"@type":"ListItem","position":1,"name":"Accueil","item":"https:\/\/www.guide-loueur.mediavacances.com\/"},{"@type":"ListItem","position":2,"name":"Conseils photos"}]}]}},"featured_image_src":null,"featured_image_src_square":null,"_links":{"self":[{"href":"https:\/\/www.guide-loueur.mediavacances.com\/index.php\/wp-json\/wp\/v2\/pages\/68"}],"collection":[{"href":"https:\/\/www.guide-loueur.mediavacances.com\/index.php\/wp-json\/wp\/v2\/pages"}],"about":[{"href":"https:\/\/www.guide-loueur.mediavacances.com\/index.php\/wp-json\/wp\/v2\/types\/page"}],"author":[{"embeddable":true,"href":"https:\/\/www.guide-loueur.mediavacances.com\/index.php\/wp-json\/wp\/v2\/users\/1"}],"replies":[{"embeddable":true,"href":"https:\/\/www.guide-loueur.mediavacances.com\/index.php\/wp-json\/wp\/v2\/comments?post=68"}],"version-history":[{"count":140,"href":"https:\/\/www.guide-loueur.mediavacances.com\/index.php\/wp-json\/wp\/v2\/pages\/68\/revisions"}],"predecessor-version":[{"id":2235,"href":"https:\/\/www.guide-loueur.mediavacances.com\/index.php\/wp-json\/wp\/v2\/pages\/68\/revisions\/2235"}],"wp:attachment":[{"href":"https:\/\/www.guide-loueur.mediavacances.com\/index.php\/wp-json\/wp\/v2\/media?parent=68"}],"curies":[{"name":"wp","href":"https:\/\/api.w.org\/{rel}","templated":true}]}}