{"id":75,"date":"2021-11-25T16:50:10","date_gmt":"2021-11-25T15:50:10","guid":{"rendered":"https:\/\/guide-du-loueur-saisonnier.com\/?page_id=75"},"modified":"2022-03-01T12:46:18","modified_gmt":"2022-03-01T11:46:18","slug":"statut-fiscal-du-loueur","status":"publish","type":"page","link":"https:\/\/www.guide-loueur.mediavacances.com\/index.php\/statut-fiscal-du-loueur\/","title":{"rendered":"Statut fiscal du loueur : LMNP et LMP"},"content":{"rendered":"\n<h2>Les statuts de loueurs de meubl\u00e9s : <\/h2>\n\n\n\n<p>Les loueurs en meubl\u00e9s particuliers, qu&rsquo;il s&rsquo;agisse de location meubl\u00e9e classique ou de location de vacances se voient affect\u00e9s <strong>de deux statuts juridiques et fiscal<\/strong> possibles en fonction du montant des recettes locatives et de l&rsquo;importance de ce montant au regard du reste des revenus du foyer fiscal. <\/p>\n\n\n\n<p>Ces deux statuts imposent une d\u00e9claration des <strong>revenus locatifs au titre des BIC<\/strong> (ou micro-BIC), <strong>au contraire de la location non meubl\u00e9e (nue) qui implique une d\u00e9claration au chapitre des revenus fonciers. <\/strong><br><\/p>\n\n\n\n<section id=\"83dccd\" class=\"section-83dccd gutentor-module gutentor-module-accordion\"><div class=\"grid-container\">\n<div id=\"7abec7\" class=\"wp-block-gutentor-m6-item section-7abec7 gutentor-module gutentor-module-accordion-item\"><div class=\"gutentor-module-accordion-panel g-a-panel-83dccd\"><div class=\"gm-ah-83dccd gutentor-module-accordion-item-heading gutentor-module-icon-position-right\"><span class=\"gutentor-module-accordion-panel-handler\" role=\"button\"><span class=\"gutentor-module-accordion-panel-handler-label\">Loueur en Meubl\u00e9 Non Professionnel (LMNP) <\/span><span class=\"gutentor-module-accordion-icon\"><i class=\"gm-aio-83dccd gutentor-module-accordion-icon-open fas fa-plus\"><\/i><i class=\"gm-aic-83dccd gutentor-module-accordion-icon-close fas fa-minus\"><\/i><\/span><\/span><\/div><div class=\"gm-ab-83dccd gutentor-module-accordion-body\">\n<p>Un propri\u00e9taire est consid\u00e9r\u00e9 comme <strong>loueur non professionne<\/strong>l si au moins l&rsquo;une des conditions suivantes est remplie&nbsp;:<\/p>\n\n\n\n<div id=\"section-ga7efc6\" class=\"wp-block-gutentor-e7 section-ga7efc6 gutentor-element gutentor-element-list\"><ul class=\"grid-row gutentor-grid-item-wrap list-indicator-icon\"><li class=\"gutentor-list-item grid-lg-12 grid-md-12 grid-12\"><span class=\"gutentor-single-item gutentor-single-item-0\"><span class=\"gutentor-list-item-wrap g-s-list-wrap\"><span class=\"gutentor-single-list-item-icon\"><i class=\"list-item-icon fas fa-arrow-right\"><\/i><\/span><span class=\"gutentor-list-item\"><p class=\"gutentor-single-item-title\"><strong>Revenu locatif inf\u00e9rieur ou \u00e9gal \u00e0 23.000 euros<\/strong><br> Les recettes annuelles tir\u00e9es de (pour l&rsquo;ensemble du foyer fiscal) sont inf\u00e9rieures \u00e0 <strong>23\u00a0000\u00a0\u20ac<\/strong> <\/p><\/span><\/span><\/span><\/li><li class=\"gutentor-list-item grid-lg-12 grid-md-12 grid-12\"><span class=\"gutentor-single-item gutentor-single-item-1\"><span class=\"gutentor-list-item-wrap g-s-list-wrap\"><span class=\"gutentor-single-list-item-icon\"><i class=\"list-item-icon fas fa-arrow-right\"><\/i><\/span><span class=\"gutentor-list-item\"><p class=\"gutentor-single-item-title\">&#8230;<strong>OU<\/strong> <strong>Revenu locatif minoritaire dans les revenus du foyer fiscal<\/strong><br>Les recettes sont inf\u00e9rieures au montant total des autres revenus d&rsquo;activit\u00e9 du foyer fiscal (salaires, autres BIC \u2026).<\/p><\/span><\/span><\/span><\/li><\/ul><\/div>\n\n\n\n<div id=\"section-g2e2a6b\" class=\"wp-block-gutentor-e0 section-g2e2a6b gutentor-element gutentor-element-advanced-text\"><div class=\"gutentor-text-wrap\"><p class=\"gutentor-text\">Ce statut est automatiquement d\u00e9fini par ces \u00e9l\u00e9ments de revenu. Il n&rsquo;est pas possible d&rsquo;opter pour un statut de LMP. <\/p><\/div><\/div>\n<\/div><\/div><\/div>\n\n\n\n<div id=\"3f0d08\" class=\"wp-block-gutentor-m6-item section-3f0d08 gutentor-module gutentor-module-accordion-item\"><div class=\"gutentor-module-accordion-panel g-a-panel-83dccd\"><div class=\"gm-ah-83dccd gutentor-module-accordion-item-heading gutentor-module-icon-position-right\"><span class=\"gutentor-module-accordion-panel-handler\" role=\"button\"><span class=\"gutentor-module-accordion-panel-handler-label\">Loueur en Meubl\u00e9 Professionnel (LMP) <\/span><span class=\"gutentor-module-accordion-icon\"><i class=\"gm-aio-83dccd gutentor-module-accordion-icon-open fas fa-plus\"><\/i><i class=\"gm-aic-83dccd gutentor-module-accordion-icon-close fas fa-minus\"><\/i><\/span><\/span><\/div><div class=\"gm-ab-83dccd gutentor-module-accordion-body\">\n<div id=\"section-g152034\" class=\"wp-block-gutentor-e0 section-g152034 gutentor-element gutentor-element-advanced-text\"><div class=\"gutentor-text-wrap\"><p class=\"gutentor-text\">Le loueur de meubl\u00e9 est<strong> professionnel<\/strong> lorsqu&rsquo;il ne remplit pas les conditions pour \u00eatre loueur en meubl\u00e9 non professionnel. <br><br><i class=\"fas fa-balance-scale\"><\/i><a href=\" https:\/\/www.service-public.fr\/professionnels-entreprises\/vosdroits\/F32805\"> https:\/\/www.service-public.fr\/professionnels-entreprises\/vosdroits\/F32805<\/a><br><br>En cons\u00e9quence, il a le statut de loueur en meubl\u00e9 professionnel<strong> lorsqu&rsquo;il remplit les deux conditions suivantes<\/strong> :<\/p><\/div><\/div>\n\n\n\n<div id=\"section-gc7a951\" class=\"wp-block-gutentor-e7 section-gc7a951 gutentor-element gutentor-element-list\"><ul class=\"grid-row gutentor-grid-item-wrap list-indicator-icon\"><li class=\"gutentor-list-item grid-lg-12 grid-md-12 grid-12\"><span class=\"gutentor-single-item gutentor-single-item-0\"><span class=\"gutentor-list-item-wrap g-s-list-wrap\"><span class=\"gutentor-single-list-item-icon\"><i class=\"list-item-icon fas fa-arrow-right\"><\/i><\/span><span class=\"gutentor-list-item\"><p class=\"gutentor-single-item-title\"><strong>Revenu locatif sup\u00e9rieur \u00e0 23.000 euros<\/strong><br> Les recettes annuelles tir\u00e9es de l&rsquo;activit\u00e9 locative (pour l&rsquo;ensemble du foyer fiscal) sont sup\u00e9rieures \u00e0 <strong>23\u00a0000\u00a0\u20ac<\/strong> <\/p><\/span><\/span><\/span><\/li><li class=\"gutentor-list-item grid-lg-12 grid-md-12 grid-12\"><span class=\"gutentor-single-item gutentor-single-item-1\"><span class=\"gutentor-list-item-wrap g-s-list-wrap\"><span class=\"gutentor-single-list-item-icon\"><i class=\"list-item-icon fas fa-arrow-right\"><\/i><\/span><span class=\"gutentor-list-item\"><p class=\"gutentor-single-item-title\">&#8230;<strong>ET<\/strong> <strong>revenu locatif majoritaire dans les revenus du foyer fiscal<\/strong><br>Les recettes sont sup\u00e9rieures au montant total des autres revenus d&rsquo;activit\u00e9 du foyer fiscal (salaires, autres BIC \u2026).<\/p><\/span><\/span><\/span><\/li><\/ul><\/div>\n<\/div><\/div><\/div>\n<\/div><\/section>\n\n\n\n<h2>Obligations administratives <\/h2>\n\n\n\n<p>Les statuts de LMNP et de LMP doivent faire l&rsquo;objet d&rsquo;une d\u00e9claration d&rsquo;activit\u00e9 avec une proc\u00e9dure diff\u00e9rente.<br><\/p>\n\n\n\n<section id=\"909635\" class=\"section-909635 gutentor-module gutentor-module-accordion\"><div class=\"grid-container\">\n<div id=\"28f663\" class=\"wp-block-gutentor-m6-item section-28f663 gutentor-module gutentor-module-accordion-item\"><div class=\"gutentor-module-accordion-panel g-a-panel-909635\"><div class=\"gm-ah-909635 gutentor-module-accordion-item-heading gutentor-module-icon-position-right\"><span class=\"gutentor-module-accordion-panel-handler\" role=\"button\"><span class=\"gutentor-module-accordion-panel-handler-label\">LMNP : inscription au greffe du TC <\/span><span class=\"gutentor-module-accordion-icon\"><i class=\"gm-aio-909635 gutentor-module-accordion-icon-open fas fa-plus\"><\/i><i class=\"gm-aic-909635 gutentor-module-accordion-icon-close fas fa-minus\"><\/i><\/span><\/span><\/div><div class=\"gm-ab-909635 gutentor-module-accordion-body\">\n<div id=\"section-g93cd39\" class=\"wp-block-gutentor-e0 section-g93cd39 gutentor-element gutentor-element-advanced-text\"><div class=\"gutentor-text-wrap\"><p class=\"gutentor-text\">L&rsquo;activit\u00e9 de location meubl\u00e9e non professionnelle n\u00e9cessite une inscription aupr\u00e8s du greffe du Tribunal de commerce dont d\u00e9pend la location de vacances.Elle peut aussi \u00eatre faite sur le site de <a href=\"http:\/\/inforgreffe.fr\"><strong>Infogreffe.fr<\/strong><\/a>.<br><br>L&rsquo;inscription doit \u00eatre faite les premiers 15 jours du d\u00e9but de la location de l&rsquo;h\u00e9bergement au moyen du <strong><a href=\"https:\/\/www.service-public.fr\/particuliers\/vosdroits\/R13748\" rel=\"noreferrer noopener\" target=\"_blank\">formulaire P0i <\/a><\/strong>(num\u00e9ro Cerfa 11921). <br><br>Cette d\u00e9marche permet&nbsp;d&rsquo;<strong>obtenir un num\u00e9ro SIRET<\/strong>&nbsp;et d&rsquo;<strong>indiquer le r\u00e9gime d&rsquo;imposition choisi<\/strong> (Micro-BIC ou r\u00e9el).<\/p><\/div><\/div>\n<\/div><\/div><\/div>\n\n\n\n<div id=\"40e3f6\" class=\"wp-block-gutentor-m6-item section-40e3f6 gutentor-module gutentor-module-accordion-item\"><div class=\"gutentor-module-accordion-panel g-a-panel-909635\"><div class=\"gm-ah-909635 gutentor-module-accordion-item-heading gutentor-module-icon-position-right\"><span class=\"gutentor-module-accordion-panel-handler\" role=\"button\"><span class=\"gutentor-module-accordion-panel-handler-label\"> LMP :  d\u00e9claration aupr\u00e8s de l&rsquo;URSAFF<\/span><span class=\"gutentor-module-accordion-icon\"><i class=\"gm-aio-909635 gutentor-module-accordion-icon-open fas fa-plus\"><\/i><i class=\"gm-aic-909635 gutentor-module-accordion-icon-close fas fa-minus\"><\/i><\/span><\/span><\/div><div class=\"gm-ab-909635 gutentor-module-accordion-body\">\n<p>La d\u00e9claration d&rsquo;activit\u00e9 se fait aupr\u00e8s du CFE (centre de formalit\u00e9s des entreprises) de l&rsquo;URSAFF dans la plupart des cas. Si l&rsquo;activit\u00e9 est commerciale (parahoteli\u00e8re, avec des services de petit d\u00e9jeuner, m\u00e9nage journalier, etc. ) c&rsquo;est le CFE de la Chambre de Commerce et de l&rsquo;Industrie qui doit prendre en charge l&rsquo;inscription. <\/p>\n\n\n\n<section id=\"gm6fb9848\" class=\"wp-block-gutentor-m3 section-gm6fb9848 gutentor-module gutentor-container-cover has-color-bg has-custom-bg\"><div class=\"grid-container\">\n<p class=\"has-small-font-size\"><i class=\"fas fa-balance-scale\"><\/i> <strong>Inscription au registre du Commerce et des Soci\u00e9t\u00e9s n&rsquo;est plus obligatoire <\/strong><br><br>Le Conseil Constitutionnel a rendu une d\u00e9cision importante le 8 f\u00e9vrier 2018 impliquant qu&rsquo;il n&rsquo;est plus n\u00e9cessaire d&rsquo;\u00eatre inscrit au RCS pour b\u00e9n\u00e9ficier du statut de loueur en meubl\u00e9 professionnel (LMP). Le Projet de loi de finances pour 2020 supprime cette condition de l\u2019article 155 du Code g\u00e9n\u00e9ral des imp\u00f4ts.<\/p>\n<\/div><\/section>\n\n\n\n<section id=\"gm97f9c81\" class=\"wp-block-gutentor-m3 section-gm97f9c81 gutentor-module gutentor-container-cover has-color-bg has-custom-bg\"><div class=\"grid-container\">\n<p class=\"has-small-font-size\"><i class=\"fas fa-balance-scale\"><\/i> <strong>En cas de locations multiples qui d\u00e9pendent de CFE diff\u00e9rents<\/strong><br><br>Dans ce cas, l&rsquo;inscription doit \u00eatre faire dans le CFE dont d\u00e9pend la location de vacances qui g\u00e9n\u00e8re le plus de revenus. <\/p>\n<\/div><\/section>\n\n\n\n<section id=\"gm5c59749\" class=\"wp-block-gutentor-m3 section-gm5c59749 gutentor-module gutentor-container-cover has-color-bg has-custom-bg\"><div class=\"grid-container\">\n<p class=\"has-small-font-size\"> <i class=\"fas fa-info-circle\"><\/i> <strong>Les CFE<\/strong><br><br>Les CFE sont les organismes charg\u00e9s de g\u00e9rer l&rsquo;enregistrement, la modification ou la cessation des activit\u00e9s \u00e9conomiques. Ils d\u00e9pendent (h\u00e9las) d&rsquo;entit\u00e9s diff\u00e9rentes en fonction de la nature de l&rsquo;activit\u00e9, rendant la situation complexe pour le cr\u00e9ateur d&rsquo;entreprise : Chambre de commerce pour les activit\u00e9s commerciales, Ursaff, Caisse g\u00e9n\u00e9rale de s\u00e9curit\u00e9 Socile, Chambre des m\u00e9tiers pour les artisans,  Chambre d&rsquo;agriculture, etc. <br><br>Il ne faut pas confondre cet acronyme avec celui de la <strong><a href=\"https:\/\/guide-du-loueur-saisonnier.com\/index.php\/la-cfe\/\">Cotisation Fonci\u00e8re des Entreprises<\/a><\/strong>, imp\u00f4t foncier. <\/p>\n<\/div><\/section>\n<\/div><\/div><\/div>\n<\/div><\/section>\n\n\n\n<h2>Les implications fiscales <\/h2>\n\n\n\n<p>Le traitement fiscal des revenus et des plus-values d\u00e9gag\u00e9es par l&rsquo;activit\u00e9 de location de vacances est tr\u00e8s diff\u00e9rent selon que le loueur particulier a un statut LMP ou LMNP. <\/p>\n\n\n\n<section id=\"117a86\" class=\"section-117a86 gutentor-module gutentor-module-accordion\"><div class=\"grid-container\">\n<div id=\"e45e37\" class=\"wp-block-gutentor-m6-item section-e45e37 gutentor-module gutentor-module-accordion-item\"><div class=\"gutentor-module-accordion-panel g-a-panel-117a86\"><div class=\"gm-ah-117a86 gutentor-module-accordion-item-heading gutentor-module-icon-position-right\"><span class=\"gutentor-module-accordion-panel-handler\" role=\"button\"><span class=\"gutentor-module-accordion-panel-handler-label\"> LMP : imputation possible des d\u00e9ficits<\/span><span class=\"gutentor-module-accordion-icon\"><i class=\"gm-aio-117a86 gutentor-module-accordion-icon-open fas fa-plus\"><\/i><i class=\"gm-aic-117a86 gutentor-module-accordion-icon-close fas fa-minus\"><\/i><\/span><\/span><\/div><div class=\"gm-ab-117a86 gutentor-module-accordion-body\">\n<div id=\"section-g3c459e\" class=\"wp-block-gutentor-e0 section-g3c459e gutentor-element gutentor-element-advanced-text\"><div class=\"gutentor-text-wrap\"><p class=\"gutentor-text\">Le statut de loueur en meubl\u00e9 professionnel (LMP) permet d&rsquo;imputer les d\u00e9ficits de l&rsquo;activit\u00e9 locative <strong>sur les revenus globaux<\/strong> soumis \u00e0 l&rsquo;imp\u00f4t sur le revenu pendant 6 ans. Attention, cela ne concerne pas les amortissements, qui restent seulement d\u00e9ductibles des revenus de la m\u00eame cat\u00e9gorie (BIC). <br><br>Le statut non professionnel (LMNP) ne permet d&rsquo;imputer les d\u00e9ficits de l&rsquo;activit\u00e9 locative que sur les revenus de m\u00eame nature (BIC). <\/p><\/div><\/div>\n\n\n\n<div id=\"section-g9a4f78\" class=\"wp-block-gutentor-e7 section-g9a4f78 gutentor-element gutentor-element-list\"><ul class=\"grid-row gutentor-grid-item-wrap list-indicator-icon\"><li class=\"gutentor-list-item grid-lg-12 grid-md-12 grid-12\"><span class=\"gutentor-single-item gutentor-single-item-0\"><span class=\"gutentor-list-item-wrap g-s-list-wrap\"><span class=\"gutentor-single-list-item-icon\"><i class=\"list-item-icon fas fa-arrow-right\"><\/i><\/span><span class=\"gutentor-list-item\"><p class=\"gutentor-single-item-title\"><\/p><\/span><\/span><\/span><\/li><\/ul><\/div>\n<\/div><\/div><\/div>\n\n\n\n<div id=\"cdbddb\" class=\"wp-block-gutentor-m6-item section-cdbddb gutentor-module gutentor-module-accordion-item\"><div class=\"gutentor-module-accordion-panel g-a-panel-117a86\"><div class=\"gm-ah-117a86 gutentor-module-accordion-item-heading gutentor-module-icon-position-right\"><span class=\"gutentor-module-accordion-panel-handler\" role=\"button\"><span class=\"gutentor-module-accordion-panel-handler-label\">LMP : application des cotisations sociales sur le revenu locatif<\/span><span class=\"gutentor-module-accordion-icon\"><i class=\"gm-aio-117a86 gutentor-module-accordion-icon-open fas fa-plus\"><\/i><i class=\"gm-aic-117a86 gutentor-module-accordion-icon-close fas fa-minus\"><\/i><\/span><\/span><\/div><div class=\"gm-ab-117a86 gutentor-module-accordion-body\">\n<div id=\"section-gdc69f5\" class=\"wp-block-gutentor-e0 section-gdc69f5 gutentor-element gutentor-element-advanced-text\"><div class=\"gutentor-text-wrap\"><p class=\"gutentor-text\">La soumission du b\u00e9n\u00e9fice locatif aux charges sociale est une mesure r\u00e9cente qui a consid\u00e9rablement r\u00e9duit l&rsquo;int\u00e9r\u00eat du statut de <strong>loueur en meubl\u00e9 professionnel<\/strong>. Les <strong>cotisations sociales<\/strong> peuvent osciller entre 35 % et 40 % des b\u00e9n\u00e9fices r\u00e9alis\u00e9s. Un forfait minimal de 1145 euros (2021) est d\u00fb en cas en cas de d\u00e9ficit.<\/p><\/div><\/div>\n\n\n\n<section id=\"gm9238147\" class=\"wp-block-gutentor-m3 section-gm9238147 gutentor-module gutentor-container-cover has-color-bg has-custom-bg has-gutentor-overlay\"><div class=\"grid-container\">\n<p class=\"has-small-font-size\"><i class=\"fas fa-info-circle\"><\/i> <strong>Note<\/strong><br><br>Les charges sociales sont d\u00e9ductibles de l&rsquo;imp\u00f4t sur le revenu des personnes physiques (IRPP) si le loueur d\u00e9pend pour le r\u00e9gime r\u00e9el (voir BIC et micro-BIC).<\/p>\n<\/div><\/section>\n<\/div><\/div><\/div>\n\n\n\n<div id=\"4f87dd\" class=\"wp-block-gutentor-m6-item section-4f87dd gutentor-module gutentor-module-accordion-item\"><div class=\"gutentor-module-accordion-panel g-a-panel-117a86\"><div class=\"gm-ah-117a86 gutentor-module-accordion-item-heading gutentor-module-icon-position-right\"><span class=\"gutentor-module-accordion-panel-handler\" role=\"button\"><span class=\"gutentor-module-accordion-panel-handler-label\">LMP : exon\u00e9ration possible de l&rsquo;IFI<\/span><span class=\"gutentor-module-accordion-icon\"><i class=\"gm-aio-117a86 gutentor-module-accordion-icon-open fas fa-plus\"><\/i><i class=\"gm-aic-117a86 gutentor-module-accordion-icon-close fas fa-minus\"><\/i><\/span><\/span><\/div><div class=\"gm-ab-117a86 gutentor-module-accordion-body\">\n<div id=\"section-gfc5fe3\" class=\"wp-block-gutentor-e0 section-gfc5fe3 gutentor-element gutentor-element-advanced-text\"><div class=\"gutentor-text-wrap\"><p class=\"gutentor-text\">Les LMP sont exon\u00e9r\u00e9s de l&rsquo;IFI (Imp\u00f4t sur la Fortune immobili\u00e8re) sous certaines conditions. <\/p><\/div><\/div>\n<\/div><\/div><\/div>\n\n\n\n<div id=\"b3d05d\" class=\"wp-block-gutentor-m6-item section-b3d05d gutentor-module gutentor-module-accordion-item\"><div class=\"gutentor-module-accordion-panel g-a-panel-117a86\"><div class=\"gm-ah-117a86 gutentor-module-accordion-item-heading gutentor-module-icon-position-right\"><span class=\"gutentor-module-accordion-panel-handler\" role=\"button\"><span class=\"gutentor-module-accordion-panel-handler-label\">CSG\/CRDS <\/span><span class=\"gutentor-module-accordion-icon\"><i class=\"gm-aio-117a86 gutentor-module-accordion-icon-open fas fa-plus\"><\/i><i class=\"gm-aic-117a86 gutentor-module-accordion-icon-close fas fa-minus\"><\/i><\/span><\/span><\/div><div class=\"gm-ab-117a86 gutentor-module-accordion-body\">\n<div id=\"section-gbe9806\" class=\"wp-block-gutentor-e0 section-gbe9806 gutentor-element gutentor-element-advanced-text\"><div class=\"gutentor-text-wrap\"><p class=\"gutentor-text\">Les <strong>LMP<\/strong> (professionnels) sont soumis \u00e0 des pr\u00e9l\u00e8vements sociaux sur<strong> les revenus d&rsquo;activit\u00e9<\/strong> (9,7%), tandis que les <strong>LMNP<\/strong> (non professionnels) sont soumis aux pr\u00e9l\u00e8vements sociaux <strong>sur les revenus du capital<\/strong> (17,2%).<\/p><\/div><\/div>\n<\/div><\/div><\/div>\n\n\n\n<div id=\"22cbd7\" class=\"wp-block-gutentor-m6-item section-22cbd7 gutentor-module gutentor-module-accordion-item\"><div class=\"gutentor-module-accordion-panel g-a-panel-117a86\"><div class=\"gm-ah-117a86 gutentor-module-accordion-item-heading gutentor-module-icon-position-right\"><span class=\"gutentor-module-accordion-panel-handler\" role=\"button\"><span class=\"gutentor-module-accordion-panel-handler-label\">Plus-values de cession<\/span><span class=\"gutentor-module-accordion-icon\"><i class=\"gm-aio-117a86 gutentor-module-accordion-icon-open fas fa-plus\"><\/i><i class=\"gm-aic-117a86 gutentor-module-accordion-icon-close fas fa-minus\"><\/i><\/span><\/span><\/div><div class=\"gm-ab-117a86 gutentor-module-accordion-body\">\n<div id=\"section-g53fe00\" class=\"wp-block-gutentor-e0 section-g53fe00 gutentor-element gutentor-element-advanced-text\"><div class=\"gutentor-text-wrap\"><p class=\"gutentor-text\">La diff\u00e9rence entre LMP et LMNP concerne aussi le <strong>traitement fiscal des plus-values de cession<\/strong> du bien. <br><\/p><\/div><\/div>\n\n\n\n<section id=\"236d9b\" class=\"section-236d9b gutentor-module gutentor-module-accordion\"><div class=\"grid-container\">\n<div id=\"d830ef\" class=\"wp-block-gutentor-m6-item section-d830ef gutentor-module gutentor-module-accordion-item\"><div class=\"gutentor-module-accordion-panel g-a-panel-236d9b\"><div class=\"gm-ah-236d9b gutentor-module-accordion-item-heading gutentor-module-icon-position-right\"><span class=\"gutentor-module-accordion-panel-handler\" role=\"button\"><span class=\"gutentor-module-accordion-panel-handler-label\">LMNP (non professionnels)<\/span><span class=\"gutentor-module-accordion-icon\"><i class=\"gm-aio-236d9b gutentor-module-accordion-icon-open fas fa-plus\"><\/i><i class=\"gm-aic-236d9b gutentor-module-accordion-icon-close fas fa-minus\"><\/i><\/span><\/span><\/div><div class=\"gm-ab-236d9b gutentor-module-accordion-body\">\n<div id=\"section-g537977\" class=\"wp-block-gutentor-e0 section-g537977 gutentor-element gutentor-element-advanced-text\"><div class=\"gutentor-text-wrap\"><p class=\"gutentor-text\">La plus-value des biens locatifs appartenant \u00e0 des LMNP est soumise \u00e0 la <strong>fiscalit\u00e9 des particuliers<\/strong>. Le bien n&rsquo;\u00e9tant pas amorti comme en LMP :<br><br>Calcul de la plus-value immobili\u00e8re = prix de cession &#8211; prix d&rsquo;acquisition &#8211; abattements divers<br><br>Pr\u00e9l\u00e8vements sociaux : 17,2%<\/p><\/div><\/div>\n\n\n\n<div id=\"section-g9564d5\" class=\"wp-block-gutentor-e7 section-g9564d5 gutentor-element gutentor-element-list\"><ul class=\"grid-row gutentor-grid-item-wrap list-indicator-icon\"><li class=\"gutentor-list-item grid-lg-12 grid-md-12 grid-12\"><span class=\"gutentor-single-item gutentor-single-item-0\"><span class=\"gutentor-list-item-wrap g-s-list-wrap\"><span class=\"gutentor-single-list-item-icon\"><i class=\"list-item-icon fas fa-arrow-right\"><\/i><\/span><span class=\"gutentor-list-item\"><p class=\"gutentor-single-item-title\"><strong>Calcul de la plus-value immobili\u00e8re<\/strong> : Prix de cession &#8211; prix d&rsquo;acquisition &#8211; abattements pour dur\u00e9e de conservation<\/p><\/span><\/span><\/span><\/li><li class=\"gutentor-list-item grid-lg-12 grid-md-12 grid-12\"><span class=\"gutentor-single-item gutentor-single-item-1\"><span class=\"gutentor-list-item-wrap g-s-list-wrap\"><span class=\"gutentor-single-list-item-icon\"><i class=\"list-item-icon fas fa-arrow-right\"><\/i><\/span><span class=\"gutentor-list-item\"><p class=\"gutentor-single-item-title\"><strong>Taux d&rsquo;imposition : <\/strong>19%<\/p><\/span><\/span><\/span><\/li><li class=\"gutentor-list-item grid-lg-12 grid-md-12 grid-12\"><span class=\"gutentor-single-item gutentor-single-item-2\"><span class=\"gutentor-list-item-wrap g-s-list-wrap\"><span class=\"gutentor-single-list-item-icon\"><i class=\"list-item-icon fas fa-arrow-right\"><\/i><\/span><span class=\"gutentor-list-item\"><p class=\"gutentor-single-item-title\"><strong>Pr\u00e9l\u00e8vements sociaux :<\/strong> 17,2%<\/p><\/span><\/span><\/span><\/li><\/ul><\/div>\n<\/div><\/div><\/div>\n\n\n\n<div id=\"4fe0eb\" class=\"wp-block-gutentor-m6-item section-4fe0eb gutentor-module gutentor-module-accordion-item\"><div class=\"gutentor-module-accordion-panel g-a-panel-236d9b\"><div class=\"gm-ah-236d9b gutentor-module-accordion-item-heading gutentor-module-icon-position-right\"><span class=\"gutentor-module-accordion-panel-handler\" role=\"button\"><span class=\"gutentor-module-accordion-panel-handler-label\">LMP (Loueur professionnel) <\/span><span class=\"gutentor-module-accordion-icon\"><i class=\"gm-aio-236d9b gutentor-module-accordion-icon-open fas fa-plus\"><\/i><i class=\"gm-aic-236d9b gutentor-module-accordion-icon-close fas fa-minus\"><\/i><\/span><\/span><\/div><div class=\"gm-ab-236d9b gutentor-module-accordion-body\">\n<div id=\"section-gb0798b\" class=\"wp-block-gutentor-e0 section-gb0798b gutentor-element gutentor-element-advanced-text\"><div class=\"gutentor-text-wrap\"><p class=\"gutentor-text\">Contrairement au LMNP soumis \u00e0 une fidcalit\u00e9 personnelle sur les plus-value, le Loueur en Meubl\u00e9 Professionnel (LMP) r\u00e9gime des<strong> plus values professionnelles<\/strong>. <br><br>1. <strong>R\u00e9int\u00e8gration des amortissements<\/strong><br><br>Le Loueur en meubl\u00e9 professionnel peut d\u00e9duire les amortissements de son revenu fiscal. En revanche, ces derniers doivent \u00eatre r\u00e9int\u00e9gr\u00e9s dans le calcul de la plus-value. <\/p><\/div><\/div>\n\n\n\n<section id=\"gmb43cb50\" class=\"wp-block-gutentor-m3 section-gmb43cb50 gutentor-module gutentor-container-cover has-color-bg has-custom-bg\"><div class=\"grid-container\">\n<p class=\"has-text-align-center has-small-font-size\"><strong>Plus-value = Prix de cession &#8211; prix d&rsquo;achat + Amortissements <\/strong><\/p>\n\n\n\n<p class=\"has-small-font-size\">Par exemple, si un bien est achet\u00e9 500.000 \u20ac, revendu 600.000 \u20ac et ayant fait l&rsquo;objet d&rsquo;un amortissement de 80.000 \u20ac, la plus value sera de 600.000 \u20ac -500.000 \u20ac +80.00 \u20ac = <strong>180.000 \u20ac<\/strong><\/p>\n<\/div><\/section>\n\n\n\n<p><br><strong>2. Scission de la plus value de long terme et de court terme <\/strong><br><br>En vertu de de ce qui pr\u00e9c\u00e8de, la plus-value peut \u00eatre divis\u00e9e en deux composantes :  la <strong>plus-value de long terme<\/strong> et les<strong> amortissements<\/strong> (ou plus-value de court terme), qui ont des r\u00e8gles d&rsquo;imposition diff\u00e9rentes   : <\/p>\n\n\n\n<div id=\"section-g1b8f2a\" class=\"wp-block-gutentor-e7 section-g1b8f2a gutentor-element gutentor-element-list\"><ul class=\"grid-row gutentor-grid-item-wrap list-indicator-icon\"><li class=\"gutentor-list-item grid-lg-12 grid-md-12 grid-12\"><span class=\"gutentor-single-item gutentor-single-item-0\"><span class=\"gutentor-list-item-wrap g-s-list-wrap\"><span class=\"gutentor-single-list-item-icon\"><i class=\"list-item-icon fas fa-arrow-right\"><\/i><\/span><span class=\"gutentor-list-item\"><p class=\"gutentor-single-item-title\"><strong>La plus-value de long-terme <\/strong><br><br>C&rsquo;est la diff\u00e9rence entre le prix de cession et le prix d&rsquo;acquisition. <br><br>La plus value \u00e0 long terme est impos\u00e9e au taux de 30 % (12,8 % d\u2019IR et 17,2 % de Pr\u00e9l\u00e8vements Sociaux) dans le cadre du Pr\u00e9l\u00e8vement Forfaitaire Unique (PFU ou \u00ab\u00a0Flat tax\u00a0\u00bb). Les cotisations sociales ne sont pas applicables. <br><br><\/p><\/span><\/span><\/span><\/li><li class=\"gutentor-list-item grid-lg-12 grid-md-12 grid-12\"><span class=\"gutentor-single-item gutentor-single-item-1\"><span class=\"gutentor-list-item-wrap g-s-list-wrap\"><span class=\"gutentor-single-list-item-icon\"><i class=\"list-item-icon fas fa-arrow-right\"><\/i><\/span><span class=\"gutentor-list-item\"><p class=\"gutentor-single-item-title\"><strong>La plus-value de court-terme <\/strong><br><br>Ce sont les amortissements. <br><br>La plus-value de court terme est impos\u00e9e \u00e0 l\u2019Imp\u00f4t sur le Revenu (IRPP), dans la tranche marginale d\u2019imposition et soumise aux cotisations sociales des ind\u00e9pendants.<\/p><\/span><\/span><\/span><\/li><\/ul><\/div>\n\n\n\n<section id=\"gmfe0a582\" class=\"wp-block-gutentor-m3 section-gmfe0a582 gutentor-module gutentor-container-cover has-color-bg has-custom-bg\"><div class=\"grid-container\">\n<p class=\"has-text-align-center\"><\/p>\n\n\n\n<p class=\"has-small-font-size\">Dans l&rsquo;exemple ci-dessus, la plus-value de long terme est de : 600.000 \u20ac -500.000 \u20ac = <strong>100.000 \u20ac<\/strong>,<br><br>la plus-value de court terme (amortissements) est de : <strong>80.000 \u20ac<\/strong><\/p>\n<\/div><\/section>\n<\/div><\/div><\/div>\n<\/div><\/section>\n<\/div><\/div><\/div>\n<\/div><\/section>\n","protected":false},"excerpt":{"rendered":"<p>Les statuts de loueurs de meubl\u00e9s : Les loueurs en meubl\u00e9s particuliers, qu&rsquo;il s&rsquo;agisse de location meubl\u00e9e classique ou de location de vacances se voient affect\u00e9s de deux statuts juridiques et fiscal possibles en fonction du montant des recettes locatives et de l&rsquo;importance de ce montant au regard du reste des revenus du foyer fiscal.&hellip;&nbsp;<a href=\"https:\/\/www.guide-loueur.mediavacances.com\/index.php\/statut-fiscal-du-loueur\/\" class=\"\" rel=\"bookmark\">Lire la suite &raquo;<span class=\"screen-reader-text\">Statut fiscal du loueur : LMNP et LMP<\/span><\/a><\/p>\n","protected":false},"author":1,"featured_media":0,"parent":0,"menu_order":0,"comment_status":"closed","ping_status":"closed","template":"","meta":{"neve_meta_sidebar":"","neve_meta_container":"","neve_meta_enable_content_width":"","neve_meta_content_width":0,"neve_meta_title_alignment":"","neve_meta_author_avatar":"","neve_post_elements_order":"","neve_meta_disable_header":"","neve_meta_disable_footer":"","neve_meta_disable_title":""},"yoast_head":"<!-- This site is optimized with the Yoast SEO plugin v18.3 - https:\/\/yoast.com\/wordpress\/plugins\/seo\/ -->\n<title>Location de vacances : les statuts LMNP et LMP - Guide Loueur MediaVacances.com<\/title>\n<meta name=\"description\" content=\"GUIDE LOUEUR MEDIAVACANCES : Loueur en meubl\u00e9 professionnel (LMP) - Loueur en meubl\u00e9 non-professionnel (LMNP) - fiscalit\u00e9 des revenus et des plus-values\" \/>\n<meta name=\"robots\" content=\"index, follow, max-snippet:-1, max-image-preview:large, max-video-preview:-1\" \/>\n<link rel=\"canonical\" href=\"https:\/\/www.guide-loueur.mediavacances.com\/index.php\/statut-fiscal-du-loueur\/\" \/>\n<meta property=\"og:locale\" content=\"fr_FR\" \/>\n<meta property=\"og:type\" content=\"article\" \/>\n<meta property=\"og:title\" content=\"Location de vacances : les statuts LMNP et LMP - Guide Loueur MediaVacances.com\" \/>\n<meta property=\"og:description\" content=\"GUIDE LOUEUR MEDIAVACANCES : Loueur en meubl\u00e9 professionnel (LMP) - Loueur en meubl\u00e9 non-professionnel (LMNP) - fiscalit\u00e9 des revenus et des plus-values\" \/>\n<meta property=\"og:url\" content=\"https:\/\/www.guide-loueur.mediavacances.com\/index.php\/statut-fiscal-du-loueur\/\" \/>\n<meta property=\"og:site_name\" content=\"Guide de la location de vacances\" \/>\n<meta property=\"article:modified_time\" content=\"2022-03-01T11:46:18+00:00\" \/>\n<meta name=\"twitter:card\" content=\"summary_large_image\" \/>\n<meta name=\"twitter:label1\" content=\"Dur\u00e9e de lecture estim\u00e9e\" \/>\n\t<meta name=\"twitter:data1\" content=\"7 minutes\" \/>\n<script type=\"application\/ld+json\" class=\"yoast-schema-graph\">{\"@context\":\"https:\/\/schema.org\",\"@graph\":[{\"@type\":\"Organization\",\"@id\":\"https:\/\/www.guide-loueur.mediavacances.com\/#organization\",\"name\":\"Guide propri\u00e9taire MediaVacances.com\",\"url\":\"https:\/\/www.guide-loueur.mediavacances.com\/\",\"sameAs\":[],\"logo\":{\"@type\":\"ImageObject\",\"@id\":\"https:\/\/www.guide-loueur.mediavacances.com\/#logo\",\"inLanguage\":\"fr-FR\",\"url\":\"https:\/\/guide-du-loueur-saisonnier.com\/wp-content\/uploads\/2022\/02\/cropped-cropped-Maison-logo_XXL.png\",\"contentUrl\":\"https:\/\/guide-du-loueur-saisonnier.com\/wp-content\/uploads\/2022\/02\/cropped-cropped-Maison-logo_XXL.png\",\"width\":512,\"height\":512,\"caption\":\"Guide propri\u00e9taire MediaVacances.com\"},\"image\":{\"@id\":\"https:\/\/www.guide-loueur.mediavacances.com\/#logo\"}},{\"@type\":\"WebSite\",\"@id\":\"https:\/\/www.guide-loueur.mediavacances.com\/#website\",\"url\":\"https:\/\/www.guide-loueur.mediavacances.com\/\",\"name\":\"Guide de la location de vacances\",\"description\":\"Guide loueur MediaVacances.com\",\"publisher\":{\"@id\":\"https:\/\/www.guide-loueur.mediavacances.com\/#organization\"},\"potentialAction\":[{\"@type\":\"SearchAction\",\"target\":{\"@type\":\"EntryPoint\",\"urlTemplate\":\"https:\/\/www.guide-loueur.mediavacances.com\/?s={search_term_string}\"},\"query-input\":\"required name=search_term_string\"}],\"inLanguage\":\"fr-FR\"},{\"@type\":\"WebPage\",\"@id\":\"https:\/\/www.guide-loueur.mediavacances.com\/index.php\/statut-fiscal-du-loueur\/#webpage\",\"url\":\"https:\/\/www.guide-loueur.mediavacances.com\/index.php\/statut-fiscal-du-loueur\/\",\"name\":\"Location de vacances : les statuts LMNP et LMP - Guide Loueur MediaVacances.com\",\"isPartOf\":{\"@id\":\"https:\/\/www.guide-loueur.mediavacances.com\/#website\"},\"datePublished\":\"2021-11-25T15:50:10+00:00\",\"dateModified\":\"2022-03-01T11:46:18+00:00\",\"description\":\"GUIDE LOUEUR MEDIAVACANCES : Loueur en meubl\u00e9 professionnel (LMP) - Loueur en meubl\u00e9 non-professionnel (LMNP) - fiscalit\u00e9 des revenus et des plus-values\",\"breadcrumb\":{\"@id\":\"https:\/\/www.guide-loueur.mediavacances.com\/index.php\/statut-fiscal-du-loueur\/#breadcrumb\"},\"inLanguage\":\"fr-FR\",\"potentialAction\":[{\"@type\":\"ReadAction\",\"target\":[\"https:\/\/www.guide-loueur.mediavacances.com\/index.php\/statut-fiscal-du-loueur\/\"]}]},{\"@type\":\"BreadcrumbList\",\"@id\":\"https:\/\/www.guide-loueur.mediavacances.com\/index.php\/statut-fiscal-du-loueur\/#breadcrumb\",\"itemListElement\":[{\"@type\":\"ListItem\",\"position\":1,\"name\":\"Accueil\",\"item\":\"https:\/\/www.guide-loueur.mediavacances.com\/\"},{\"@type\":\"ListItem\",\"position\":2,\"name\":\"Statut fiscal du loueur : LMNP et LMP\"}]}]}<\/script>\n<!-- \/ Yoast SEO plugin. -->","yoast_head_json":{"title":"Location de vacances : les statuts LMNP et LMP - Guide Loueur MediaVacances.com","description":"GUIDE LOUEUR MEDIAVACANCES : Loueur en meubl\u00e9 professionnel (LMP) - Loueur en meubl\u00e9 non-professionnel (LMNP) - fiscalit\u00e9 des revenus et des plus-values","robots":{"index":"index","follow":"follow","max-snippet":"max-snippet:-1","max-image-preview":"max-image-preview:large","max-video-preview":"max-video-preview:-1"},"canonical":"https:\/\/www.guide-loueur.mediavacances.com\/index.php\/statut-fiscal-du-loueur\/","og_locale":"fr_FR","og_type":"article","og_title":"Location de vacances : les statuts LMNP et LMP - Guide Loueur MediaVacances.com","og_description":"GUIDE LOUEUR MEDIAVACANCES : Loueur en meubl\u00e9 professionnel (LMP) - Loueur en meubl\u00e9 non-professionnel (LMNP) - fiscalit\u00e9 des revenus et des plus-values","og_url":"https:\/\/www.guide-loueur.mediavacances.com\/index.php\/statut-fiscal-du-loueur\/","og_site_name":"Guide de la location de vacances","article_modified_time":"2022-03-01T11:46:18+00:00","twitter_card":"summary_large_image","twitter_misc":{"Dur\u00e9e de lecture estim\u00e9e":"7 minutes"},"schema":{"@context":"https:\/\/schema.org","@graph":[{"@type":"Organization","@id":"https:\/\/www.guide-loueur.mediavacances.com\/#organization","name":"Guide propri\u00e9taire MediaVacances.com","url":"https:\/\/www.guide-loueur.mediavacances.com\/","sameAs":[],"logo":{"@type":"ImageObject","@id":"https:\/\/www.guide-loueur.mediavacances.com\/#logo","inLanguage":"fr-FR","url":"https:\/\/guide-du-loueur-saisonnier.com\/wp-content\/uploads\/2022\/02\/cropped-cropped-Maison-logo_XXL.png","contentUrl":"https:\/\/guide-du-loueur-saisonnier.com\/wp-content\/uploads\/2022\/02\/cropped-cropped-Maison-logo_XXL.png","width":512,"height":512,"caption":"Guide propri\u00e9taire MediaVacances.com"},"image":{"@id":"https:\/\/www.guide-loueur.mediavacances.com\/#logo"}},{"@type":"WebSite","@id":"https:\/\/www.guide-loueur.mediavacances.com\/#website","url":"https:\/\/www.guide-loueur.mediavacances.com\/","name":"Guide de la location de vacances","description":"Guide loueur MediaVacances.com","publisher":{"@id":"https:\/\/www.guide-loueur.mediavacances.com\/#organization"},"potentialAction":[{"@type":"SearchAction","target":{"@type":"EntryPoint","urlTemplate":"https:\/\/www.guide-loueur.mediavacances.com\/?s={search_term_string}"},"query-input":"required name=search_term_string"}],"inLanguage":"fr-FR"},{"@type":"WebPage","@id":"https:\/\/www.guide-loueur.mediavacances.com\/index.php\/statut-fiscal-du-loueur\/#webpage","url":"https:\/\/www.guide-loueur.mediavacances.com\/index.php\/statut-fiscal-du-loueur\/","name":"Location de vacances : les statuts LMNP et LMP - Guide Loueur MediaVacances.com","isPartOf":{"@id":"https:\/\/www.guide-loueur.mediavacances.com\/#website"},"datePublished":"2021-11-25T15:50:10+00:00","dateModified":"2022-03-01T11:46:18+00:00","description":"GUIDE LOUEUR MEDIAVACANCES : Loueur en meubl\u00e9 professionnel (LMP) - Loueur en meubl\u00e9 non-professionnel (LMNP) - fiscalit\u00e9 des revenus et des plus-values","breadcrumb":{"@id":"https:\/\/www.guide-loueur.mediavacances.com\/index.php\/statut-fiscal-du-loueur\/#breadcrumb"},"inLanguage":"fr-FR","potentialAction":[{"@type":"ReadAction","target":["https:\/\/www.guide-loueur.mediavacances.com\/index.php\/statut-fiscal-du-loueur\/"]}]},{"@type":"BreadcrumbList","@id":"https:\/\/www.guide-loueur.mediavacances.com\/index.php\/statut-fiscal-du-loueur\/#breadcrumb","itemListElement":[{"@type":"ListItem","position":1,"name":"Accueil","item":"https:\/\/www.guide-loueur.mediavacances.com\/"},{"@type":"ListItem","position":2,"name":"Statut fiscal du loueur : LMNP et LMP"}]}]}},"featured_image_src":null,"featured_image_src_square":null,"_links":{"self":[{"href":"https:\/\/www.guide-loueur.mediavacances.com\/index.php\/wp-json\/wp\/v2\/pages\/75"}],"collection":[{"href":"https:\/\/www.guide-loueur.mediavacances.com\/index.php\/wp-json\/wp\/v2\/pages"}],"about":[{"href":"https:\/\/www.guide-loueur.mediavacances.com\/index.php\/wp-json\/wp\/v2\/types\/page"}],"author":[{"embeddable":true,"href":"https:\/\/www.guide-loueur.mediavacances.com\/index.php\/wp-json\/wp\/v2\/users\/1"}],"replies":[{"embeddable":true,"href":"https:\/\/www.guide-loueur.mediavacances.com\/index.php\/wp-json\/wp\/v2\/comments?post=75"}],"version-history":[{"count":42,"href":"https:\/\/www.guide-loueur.mediavacances.com\/index.php\/wp-json\/wp\/v2\/pages\/75\/revisions"}],"predecessor-version":[{"id":1720,"href":"https:\/\/www.guide-loueur.mediavacances.com\/index.php\/wp-json\/wp\/v2\/pages\/75\/revisions\/1720"}],"wp:attachment":[{"href":"https:\/\/www.guide-loueur.mediavacances.com\/index.php\/wp-json\/wp\/v2\/media?parent=75"}],"curies":[{"name":"wp","href":"https:\/\/api.w.org\/{rel}","templated":true}]}}