{"id":80,"date":"2021-11-25T17:02:46","date_gmt":"2021-11-25T16:02:46","guid":{"rendered":"https:\/\/guide-du-loueur-saisonnier.com\/?page_id=80"},"modified":"2022-03-23T15:40:59","modified_gmt":"2022-03-23T14:40:59","slug":"la-cfe","status":"publish","type":"page","link":"https:\/\/www.guide-loueur.mediavacances.com\/index.php\/la-cfe\/","title":{"rendered":"LA CFE (Cotisation Fonci\u00e8re des Entreprises)"},"content":{"rendered":"\n<p>La <strong>Cotisation Fonci\u00e8re des Entreprises<\/strong> est un imp\u00f4t local auquel sont soumis la quasi-totalit\u00e9 des loueurs de meubl\u00e9s de tourisme. <\/p>\n\n\n\n<section id=\"5d3421\" class=\"section-5d3421 gutentor-module gutentor-module-accordion gutentor-module-accordion-enable-toggle\"><div class=\"grid-container\">\n<div id=\"e85f71\" class=\"wp-block-gutentor-m6-item section-e85f71 gutentor-module gutentor-module-accordion-item\"><div class=\"gutentor-module-accordion-panel g-a-panel-5d3421\"><div class=\"gm-ah-5d3421 gutentor-module-accordion-item-heading gutentor-module-icon-position-right\"><span class=\"gutentor-module-accordion-panel-handler\" role=\"button\"><span class=\"gutentor-module-accordion-panel-handler-label\">Qu&rsquo;est ce que la CFE ? <\/span><span class=\"gutentor-module-accordion-icon\"><i class=\"gm-aio-5d3421 gutentor-module-accordion-icon-open fas fa-plus\"><\/i><i class=\"gm-aic-5d3421 gutentor-module-accordion-icon-close fas fa-minus\"><\/i><\/span><\/span><\/div><div class=\"gm-ab-5d3421 gutentor-module-accordion-body\">\n<div id=\"section-g70392a\" class=\"wp-block-gutentor-e0 section-g70392a gutentor-element gutentor-element-advanced-text\"><div class=\"gutentor-text-wrap\"><p class=\"gutentor-text\"><strong>Il faut noter que la Cotisation Fonci\u00e8re des Entreprises (CFE)<\/strong> est un imp\u00f4t foncier qui a remplac\u00e9 la Valeur Ajout\u00e9e des Entreprises (CVAE),<strong> l&rsquo;ancienne taxe professionnelle<\/strong>. Seule la CFE concerne la location de meubl\u00e9s de tourisme.<\/p><\/div><\/div>\n<\/div><\/div><\/div>\n\n\n\n<div id=\"e8dfb7\" class=\"wp-block-gutentor-m6-item section-e8dfb7 gutentor-module gutentor-module-accordion-item\"><div class=\"gutentor-module-accordion-panel g-a-panel-5d3421\"><div class=\"gm-ah-5d3421 gutentor-module-accordion-item-heading gutentor-module-icon-position-right\"><span class=\"gutentor-module-accordion-panel-handler\" role=\"button\"><span class=\"gutentor-module-accordion-panel-handler-label\">Qui doit payer la CFE ?<\/span><span class=\"gutentor-module-accordion-icon\"><i class=\"gm-aio-5d3421 gutentor-module-accordion-icon-open fas fa-plus\"><\/i><i class=\"gm-aic-5d3421 gutentor-module-accordion-icon-close fas fa-minus\"><\/i><\/span><\/span><\/div><div class=\"gm-ab-5d3421 gutentor-module-accordion-body\">\n<div id=\"section-g31d45a\" class=\"wp-block-gutentor-e0 section-g31d45a gutentor-element gutentor-element-advanced-text\"><div class=\"gutentor-text-wrap\"><p class=\"gutentor-text\">La CFE est pay\u00e9e par les soci\u00e9t\u00e9s et les particuliers qui exercent <strong>de mani\u00e8re habituelle<\/strong> une <strong>activit\u00e9 professionnelle non salari\u00e9e<\/strong> (ind\u00e9pendamment de leur statut juridique, de la nature de leur activit\u00e9, de leur r\u00e9gime d&rsquo;imposition et de leur nationalit\u00e9). <strong>Toute location d&rsquo;un h\u00e9bergement de vacances par un particulier est soumise \u00e0 cette cotisation.<\/strong> <br><\/p><\/div><\/div>\n\n\n\n<section id=\"gm62db90d\" class=\"wp-block-gutentor-m3 section-gm62db90d gutentor-module gutentor-container-cover has-color-bg has-custom-bg\"><div class=\"grid-container\">\n<p class=\"has-small-font-size\"><i class=\"fas fa-balance-scale\"><\/i> <strong>Exon\u00e9ration <\/strong><br><br>Il existe cependant certains cas pr\u00e9cis permettant une exon\u00e9ration :<br><br><strong> 1. Exon\u00e9ration de la cotisation minimale<\/strong> <strong>si les revenus locatifs sont inf\u00e9rieurs ou \u00e9gaux \u00e0 5.000 euros<\/strong><br><br>Si le loueur est soumis \u00e0 la cotisation minimale et si son revenu locatif est inf\u00e9rieur ou \u00e9gal \u00e0 5.000 euros, il est exon\u00e9r\u00e9 de cette cotisation minimale (art. 1647D du CGI)<br> <br><i class=\"fas fa-link\"><\/i> <a href=\"https:\/\/www.legifrance.gouv.fr\/codes\/article_lc\/LEGIARTI000043662856\/\" rel=\"sponsored nofollow\">https:\/\/www.legifrance.gouv.fr\/codes\/article_lc\/LEGIARTI000043662856\/<\/a><br><br><br><strong>2. Location d&rsquo;une partie de l&rsquo;habitation personnelle <\/strong><br><br>C&rsquo;est le cas des exploitants de meubl\u00e9s de tourisme class\u00e9s ou de chambres d&rsquo;h\u00f4tes (sauf d\u00e9lib\u00e9ration contraire de la commune), \u00e0 condition que ces locaux fassent partie de leur habitation personnelle (r\u00e9sidence principale ou secondaire en dehors des p\u00e9riodes de location) et ne constituent pas l&rsquo;habitation principale ou secondaire du locataire. <br><br><i class=\"fas fa-link\"><\/i> <a href=\"https:\/\/www.service-public.fr\/professionnels-entreprises\/vosdroits\/F23547\">https:\/\/www.service-public.fr\/professionnels-entreprises\/vosdroits\/F23547<\/a><\/p>\n<\/div><\/section>\n<\/div><\/div><\/div>\n\n\n\n<div id=\"4d9560\" class=\"wp-block-gutentor-m6-item section-4d9560 gutentor-module gutentor-module-accordion-item\"><div class=\"gutentor-module-accordion-panel g-a-panel-5d3421\"><div class=\"gm-ah-5d3421 gutentor-module-accordion-item-heading gutentor-module-icon-position-right\"><span class=\"gutentor-module-accordion-panel-handler\" role=\"button\"><span class=\"gutentor-module-accordion-panel-handler-label\">Quand faut-il payer la CFE ? <\/span><span class=\"gutentor-module-accordion-icon\"><i class=\"gm-aio-5d3421 gutentor-module-accordion-icon-open fas fa-plus\"><\/i><i class=\"gm-aic-5d3421 gutentor-module-accordion-icon-close fas fa-minus\"><\/i><\/span><\/span><\/div><div class=\"gm-ab-5d3421 gutentor-module-accordion-body\">\n<div id=\"section-gf03b99\" class=\"wp-block-gutentor-e0 section-gf03b99 gutentor-element gutentor-element-advanced-text\"><div class=\"gutentor-text-wrap\"><p class=\"gutentor-text\">La consultation du montant \u00e0 payer et son paiement se fait sur le <a href=\"https:\/\/www.service-public.fr\/professionnels-entreprises\/vosdroits\/R14668\">compte fiscal en ligne<\/a>. Il faut donc penser \u00e0 le consulter. <br><br>Un <strong>acompte<\/strong> \u00e9gal \u00e0 50 % du montant de la CFE mise en recouvrement au titre de l&rsquo;ann\u00e9e pr\u00e9c\u00e9dente doit \u00eatre r\u00e9gl\u00e9 avant le 15 juin de l&rsquo;ann\u00e9e en cours, si ce montant \u00e9tait inf\u00e9rieur \u00e0 3 000&nbsp;\u20ac .<br><br>Le <strong>solde<\/strong> de la CFE doit \u00eatre pay\u00e9 le 15&nbsp;d\u00e9cembre de chaque ann\u00e9e, l&rsquo;\u00e9ventuel acompte vers\u00e9 d\u00e9duit. Le loueur doit verser la totalit\u00e9 de la CFE si aucun acompte a \u00e9t\u00e9 vers\u00e9.<\/p><\/div><\/div>\n<\/div><\/div><\/div>\n\n\n\n<div id=\"919b4f\" class=\"wp-block-gutentor-m6-item section-919b4f gutentor-module gutentor-module-accordion-item\"><div class=\"gutentor-module-accordion-panel g-a-panel-5d3421\"><div class=\"gm-ah-5d3421 gutentor-module-accordion-item-heading gutentor-module-icon-position-right\"><span class=\"gutentor-module-accordion-panel-handler\" role=\"button\"><span class=\"gutentor-module-accordion-panel-handler-label\">Calcul de la CFE<\/span><span class=\"gutentor-module-accordion-icon\"><i class=\"gm-aio-5d3421 gutentor-module-accordion-icon-open fas fa-plus\"><\/i><i class=\"gm-aic-5d3421 gutentor-module-accordion-icon-close fas fa-minus\"><\/i><\/span><\/span><\/div><div class=\"gm-ab-5d3421 gutentor-module-accordion-body\">\n<div id=\"section-g92c4fa\" class=\"wp-block-gutentor-e0 section-g92c4fa gutentor-element gutentor-element-advanced-text\"><div class=\"gutentor-text-wrap\"><p class=\"gutentor-text\">La <strong>Cotisation Fonci\u00e8re des Entreprises<\/strong> est un imp\u00f4t local assis sur la <strong>valeur locative cadastrale<\/strong> du bien mis en location, auquel est appliqu\u00e9 <strong>un taux d&rsquo;imposition.<br><\/strong><br>La CFE se calcule donc relativement simplement :<\/p><\/div><\/div>\n\n\n\n<section id=\"gm40ca2fb\" class=\"wp-block-gutentor-m3 section-gm40ca2fb gutentor-module gutentor-container-cover has-color-bg has-custom-bg\"><div class=\"grid-container\">\n<p class=\"has-text-align-center\"><strong>CFE = taux  x  valeur locative cadastrale<\/strong><\/p>\n<\/div><\/section>\n\n\n\n<p class=\"has-normal-font-size\">A noter que la valeur locative cadastrale est celle de l&rsquo;ann\u00e9e n-2, \u00ab\u00a0n\u00a0\u00bb \u00e9tant l&rsquo;ann\u00e9e d&rsquo;imposition. Les taux d&rsquo;imposition sont vot\u00e9s par les communes ou communaut\u00e9s de communes selon certaines r\u00e8gles. <br><br>Par ailleurs, il existe une cotisation minimale calcul\u00e9e en appliquant le taux local \u00e0 une base minimum, calcul\u00e9e en fonction du chiffre d&rsquo;affaires g\u00e9n\u00e9r\u00e9 par l&rsquo;activit\u00e9 locative. <strong>Les loueurs saisonniers dont l&rsquo;activit\u00e9 locative d\u00e9gage moins de 5.000 euros de chiffre d&rsquo;affaires sont exon\u00e9r\u00e9s de la cotisation minimale si elle s&rsquo;applique \u00e0 leur cas. <\/strong><\/p>\n\n\n\n<section id=\"gma2fbb71\" class=\"wp-block-gutentor-m3 section-gma2fbb71 gutentor-module gutentor-container-cover has-color-bg has-custom-bg\"><div class=\"grid-container\">\n<p class=\"has-small-font-size\"><\/p>\n\n\n\n<figure class=\"wp-block-table is-style-stripes\"><table><thead><tr><th scope=\"col\">Chiffres d&rsquo;affaires ou de recettes r\u00e9alis\u00e9 en N-2<\/th><th scope=\"col\">Montant de la base minimum (CFE due au titre de 2020)<\/th><\/tr><\/thead><tbody><tr><td>Jusqu&rsquo;\u00e0 10 000 \u20ac<\/td><td>Entre 223 et 531 \u20ac<\/td><\/tr><tr><td>Entre 10 001 et 32 600 \u20ac<\/td><td>Entre 223 et 1061 \u20ac<\/td><\/tr><tr><td>Entre 32 601 et 100 000 \u20ac<\/td><td>Entre 223 et 2 229 \u20ac<\/td><\/tr><tr><td>Entre 100 001 et 250 000 \u20ac<\/td><td>Entre 223 et 3 716 \u20ac<\/td><\/tr><tr><td>Entre 250 001 et 500 000 \u20ac<\/td><td>Entre 223 et 5 307 \u20ac<\/td><\/tr><tr><td>\u00c0&nbsp;partir de 500 001 \u20ac<\/td><td>Entre 221 et 6 901 \u20ac<\/td><\/tr><\/tbody><\/table><\/figure>\n<\/div><\/section>\n\n\n\n<p><\/p>\n\n\n\n<p><\/p>\n\n\n\n<section id=\"gm9217f7c\" class=\"wp-block-gutentor-m3 section-gm9217f7c gutentor-module gutentor-container-cover has-color-bg has-custom-bg\"><div class=\"grid-container\">\n<p class=\"has-small-font-size\"><i class=\"fas fa-info-circle\"><\/i> <strong>R\u00e9\u00e9valuation des valeurs locatives cadastrales pr\u00e9vues en 2026<\/strong><\/p>\n\n\n\n<p class=\"has-small-font-size\"> <strong>Une r\u00e9forme des valeurs locatives cadastrales<\/strong> va s&rsquo;appliquer en 2026. Les imp\u00f4ts bas\u00e9s sur cette valeur (Taxe fonci\u00e8re, CFE, Taxe d&rsquo;habitation) risquent donc d&rsquo;augmenter ou de baisser en fonction du type de bien mis en location saisonni\u00e8re et de sa localisation.<\/p>\n<\/div><\/section>\n<\/div><\/div><\/div>\n<\/div><\/section>\n\n\n\n<p><\/p>\n","protected":false},"excerpt":{"rendered":"<p>La Cotisation Fonci\u00e8re des Entreprises est un imp\u00f4t local auquel sont soumis la quasi-totalit\u00e9 des loueurs de meubl\u00e9s de tourisme.<\/p>\n","protected":false},"author":1,"featured_media":0,"parent":0,"menu_order":0,"comment_status":"closed","ping_status":"closed","template":"","meta":{"neve_meta_sidebar":"","neve_meta_container":"","neve_meta_enable_content_width":"","neve_meta_content_width":0,"neve_meta_title_alignment":"","neve_meta_author_avatar":"","neve_post_elements_order":"","neve_meta_disable_header":"","neve_meta_disable_footer":"","neve_meta_disable_title":""},"yoast_head":"<!-- This site is optimized with the Yoast SEO plugin v18.3 - https:\/\/yoast.com\/wordpress\/plugins\/seo\/ -->\n<title>Fiscalit\u00e9 location de vacances entre particulier : la CFE - Guide Loueur MediaVacances<\/title>\n<meta name=\"description\" content=\"GUIDE LOUEUR MEDIAVACANCES : la CFE - Qui doit payer la CFE ? - Calcul de la CFE - Exon\u00e9rations de la CFE - CFE et taxe fonci\u00e8re\" \/>\n<meta name=\"robots\" content=\"index, follow, max-snippet:-1, max-image-preview:large, max-video-preview:-1\" \/>\n<link rel=\"canonical\" href=\"https:\/\/www.guide-loueur.mediavacances.com\/index.php\/la-cfe\/\" \/>\n<meta property=\"og:locale\" content=\"fr_FR\" \/>\n<meta property=\"og:type\" content=\"article\" \/>\n<meta property=\"og:title\" content=\"Fiscalit\u00e9 location de vacances entre particulier : la CFE - Guide Loueur MediaVacances\" \/>\n<meta property=\"og:description\" content=\"GUIDE LOUEUR MEDIAVACANCES : la CFE - Qui doit payer la CFE ? - Calcul de la CFE - Exon\u00e9rations de la CFE - CFE et taxe fonci\u00e8re\" \/>\n<meta property=\"og:url\" content=\"https:\/\/www.guide-loueur.mediavacances.com\/index.php\/la-cfe\/\" \/>\n<meta property=\"og:site_name\" content=\"Guide de la location de vacances\" \/>\n<meta property=\"article:modified_time\" content=\"2022-03-23T14:40:59+00:00\" \/>\n<meta name=\"twitter:card\" content=\"summary_large_image\" \/>\n<meta name=\"twitter:label1\" content=\"Dur\u00e9e de lecture estim\u00e9e\" \/>\n\t<meta name=\"twitter:data1\" content=\"4 minutes\" \/>\n<script type=\"application\/ld+json\" class=\"yoast-schema-graph\">{\"@context\":\"https:\/\/schema.org\",\"@graph\":[{\"@type\":\"Organization\",\"@id\":\"https:\/\/www.guide-loueur.mediavacances.com\/#organization\",\"name\":\"Guide propri\u00e9taire MediaVacances.com\",\"url\":\"https:\/\/www.guide-loueur.mediavacances.com\/\",\"sameAs\":[],\"logo\":{\"@type\":\"ImageObject\",\"@id\":\"https:\/\/www.guide-loueur.mediavacances.com\/#logo\",\"inLanguage\":\"fr-FR\",\"url\":\"https:\/\/guide-du-loueur-saisonnier.com\/wp-content\/uploads\/2022\/02\/cropped-cropped-Maison-logo_XXL.png\",\"contentUrl\":\"https:\/\/guide-du-loueur-saisonnier.com\/wp-content\/uploads\/2022\/02\/cropped-cropped-Maison-logo_XXL.png\",\"width\":512,\"height\":512,\"caption\":\"Guide propri\u00e9taire MediaVacances.com\"},\"image\":{\"@id\":\"https:\/\/www.guide-loueur.mediavacances.com\/#logo\"}},{\"@type\":\"WebSite\",\"@id\":\"https:\/\/www.guide-loueur.mediavacances.com\/#website\",\"url\":\"https:\/\/www.guide-loueur.mediavacances.com\/\",\"name\":\"Guide de la location de vacances\",\"description\":\"Guide loueur MediaVacances.com\",\"publisher\":{\"@id\":\"https:\/\/www.guide-loueur.mediavacances.com\/#organization\"},\"potentialAction\":[{\"@type\":\"SearchAction\",\"target\":{\"@type\":\"EntryPoint\",\"urlTemplate\":\"https:\/\/www.guide-loueur.mediavacances.com\/?s={search_term_string}\"},\"query-input\":\"required name=search_term_string\"}],\"inLanguage\":\"fr-FR\"},{\"@type\":\"WebPage\",\"@id\":\"https:\/\/www.guide-loueur.mediavacances.com\/index.php\/la-cfe\/#webpage\",\"url\":\"https:\/\/www.guide-loueur.mediavacances.com\/index.php\/la-cfe\/\",\"name\":\"Fiscalit\u00e9 location de vacances entre particulier : la CFE - Guide Loueur MediaVacances\",\"isPartOf\":{\"@id\":\"https:\/\/www.guide-loueur.mediavacances.com\/#website\"},\"datePublished\":\"2021-11-25T16:02:46+00:00\",\"dateModified\":\"2022-03-23T14:40:59+00:00\",\"description\":\"GUIDE LOUEUR MEDIAVACANCES : la CFE - Qui doit payer la CFE ? - Calcul de la CFE - Exon\u00e9rations de la CFE - CFE et taxe fonci\u00e8re\",\"breadcrumb\":{\"@id\":\"https:\/\/www.guide-loueur.mediavacances.com\/index.php\/la-cfe\/#breadcrumb\"},\"inLanguage\":\"fr-FR\",\"potentialAction\":[{\"@type\":\"ReadAction\",\"target\":[\"https:\/\/www.guide-loueur.mediavacances.com\/index.php\/la-cfe\/\"]}]},{\"@type\":\"BreadcrumbList\",\"@id\":\"https:\/\/www.guide-loueur.mediavacances.com\/index.php\/la-cfe\/#breadcrumb\",\"itemListElement\":[{\"@type\":\"ListItem\",\"position\":1,\"name\":\"Accueil\",\"item\":\"https:\/\/www.guide-loueur.mediavacances.com\/\"},{\"@type\":\"ListItem\",\"position\":2,\"name\":\"LA CFE (Cotisation Fonci\u00e8re des Entreprises)\"}]}]}<\/script>\n<!-- \/ Yoast SEO plugin. -->","yoast_head_json":{"title":"Fiscalit\u00e9 location de vacances entre particulier : la CFE - Guide Loueur MediaVacances","description":"GUIDE LOUEUR MEDIAVACANCES : la CFE - Qui doit payer la CFE ? - Calcul de la CFE - Exon\u00e9rations de la CFE - CFE et taxe fonci\u00e8re","robots":{"index":"index","follow":"follow","max-snippet":"max-snippet:-1","max-image-preview":"max-image-preview:large","max-video-preview":"max-video-preview:-1"},"canonical":"https:\/\/www.guide-loueur.mediavacances.com\/index.php\/la-cfe\/","og_locale":"fr_FR","og_type":"article","og_title":"Fiscalit\u00e9 location de vacances entre particulier : la CFE - Guide Loueur MediaVacances","og_description":"GUIDE LOUEUR MEDIAVACANCES : la CFE - Qui doit payer la CFE ? - Calcul de la CFE - Exon\u00e9rations de la CFE - CFE et taxe fonci\u00e8re","og_url":"https:\/\/www.guide-loueur.mediavacances.com\/index.php\/la-cfe\/","og_site_name":"Guide de la location de vacances","article_modified_time":"2022-03-23T14:40:59+00:00","twitter_card":"summary_large_image","twitter_misc":{"Dur\u00e9e de lecture estim\u00e9e":"4 minutes"},"schema":{"@context":"https:\/\/schema.org","@graph":[{"@type":"Organization","@id":"https:\/\/www.guide-loueur.mediavacances.com\/#organization","name":"Guide propri\u00e9taire MediaVacances.com","url":"https:\/\/www.guide-loueur.mediavacances.com\/","sameAs":[],"logo":{"@type":"ImageObject","@id":"https:\/\/www.guide-loueur.mediavacances.com\/#logo","inLanguage":"fr-FR","url":"https:\/\/guide-du-loueur-saisonnier.com\/wp-content\/uploads\/2022\/02\/cropped-cropped-Maison-logo_XXL.png","contentUrl":"https:\/\/guide-du-loueur-saisonnier.com\/wp-content\/uploads\/2022\/02\/cropped-cropped-Maison-logo_XXL.png","width":512,"height":512,"caption":"Guide propri\u00e9taire MediaVacances.com"},"image":{"@id":"https:\/\/www.guide-loueur.mediavacances.com\/#logo"}},{"@type":"WebSite","@id":"https:\/\/www.guide-loueur.mediavacances.com\/#website","url":"https:\/\/www.guide-loueur.mediavacances.com\/","name":"Guide de la location de vacances","description":"Guide loueur MediaVacances.com","publisher":{"@id":"https:\/\/www.guide-loueur.mediavacances.com\/#organization"},"potentialAction":[{"@type":"SearchAction","target":{"@type":"EntryPoint","urlTemplate":"https:\/\/www.guide-loueur.mediavacances.com\/?s={search_term_string}"},"query-input":"required name=search_term_string"}],"inLanguage":"fr-FR"},{"@type":"WebPage","@id":"https:\/\/www.guide-loueur.mediavacances.com\/index.php\/la-cfe\/#webpage","url":"https:\/\/www.guide-loueur.mediavacances.com\/index.php\/la-cfe\/","name":"Fiscalit\u00e9 location de vacances entre particulier : la CFE - Guide Loueur MediaVacances","isPartOf":{"@id":"https:\/\/www.guide-loueur.mediavacances.com\/#website"},"datePublished":"2021-11-25T16:02:46+00:00","dateModified":"2022-03-23T14:40:59+00:00","description":"GUIDE LOUEUR MEDIAVACANCES : la CFE - Qui doit payer la CFE ? - Calcul de la CFE - Exon\u00e9rations de la CFE - CFE et taxe fonci\u00e8re","breadcrumb":{"@id":"https:\/\/www.guide-loueur.mediavacances.com\/index.php\/la-cfe\/#breadcrumb"},"inLanguage":"fr-FR","potentialAction":[{"@type":"ReadAction","target":["https:\/\/www.guide-loueur.mediavacances.com\/index.php\/la-cfe\/"]}]},{"@type":"BreadcrumbList","@id":"https:\/\/www.guide-loueur.mediavacances.com\/index.php\/la-cfe\/#breadcrumb","itemListElement":[{"@type":"ListItem","position":1,"name":"Accueil","item":"https:\/\/www.guide-loueur.mediavacances.com\/"},{"@type":"ListItem","position":2,"name":"LA CFE (Cotisation Fonci\u00e8re des Entreprises)"}]}]}},"featured_image_src":null,"featured_image_src_square":null,"_links":{"self":[{"href":"https:\/\/www.guide-loueur.mediavacances.com\/index.php\/wp-json\/wp\/v2\/pages\/80"}],"collection":[{"href":"https:\/\/www.guide-loueur.mediavacances.com\/index.php\/wp-json\/wp\/v2\/pages"}],"about":[{"href":"https:\/\/www.guide-loueur.mediavacances.com\/index.php\/wp-json\/wp\/v2\/types\/page"}],"author":[{"embeddable":true,"href":"https:\/\/www.guide-loueur.mediavacances.com\/index.php\/wp-json\/wp\/v2\/users\/1"}],"replies":[{"embeddable":true,"href":"https:\/\/www.guide-loueur.mediavacances.com\/index.php\/wp-json\/wp\/v2\/comments?post=80"}],"version-history":[{"count":26,"href":"https:\/\/www.guide-loueur.mediavacances.com\/index.php\/wp-json\/wp\/v2\/pages\/80\/revisions"}],"predecessor-version":[{"id":2160,"href":"https:\/\/www.guide-loueur.mediavacances.com\/index.php\/wp-json\/wp\/v2\/pages\/80\/revisions\/2160"}],"wp:attachment":[{"href":"https:\/\/www.guide-loueur.mediavacances.com\/index.php\/wp-json\/wp\/v2\/media?parent=80"}],"curies":[{"name":"wp","href":"https:\/\/api.w.org\/{rel}","templated":true}]}}